{"id":1539,"date":"2023-11-20T14:46:02","date_gmt":"2023-11-20T13:46:02","guid":{"rendered":"https:\/\/demietservice.de\/?page_id=1539"},"modified":"2026-04-27T21:40:57","modified_gmt":"2026-04-27T19:40:57","slug":"anhaengervermietung-2","status":"publish","type":"page","link":"https:\/\/demietservice.de\/index.php\/anhaengervermietung-2\/","title":{"rendered":"Anh\u00e4ngervermietung"},"content":{"rendered":"\t\t<div data-elementor-type=\"wp-page\" data-elementor-id=\"1539\" class=\"elementor elementor-1539\">\n\t\t\t\t<div class=\"elementor-element elementor-element-98c1c7c e-flex e-con-boxed e-con e-parent\" data-id=\"98c1c7c\" data-element_type=\"container\" data-settings=\"{&quot;background_background&quot;:&quot;classic&quot;}\">\n\t\t\t\t\t<div class=\"e-con-inner\">\n\t\t<div class=\"elementor-element elementor-element-c245a61 e-con-full e-flex e-con e-child\" data-id=\"c245a61\" data-element_type=\"container\">\n\t\t\t\t<div class=\"elementor-element elementor-element-1b76748 elementor-widget elementor-widget-spacer\" data-id=\"1b76748\" data-element_type=\"widget\" data-widget_type=\"spacer.default\">\n\t\t\t\t<div class=\"elementor-widget-container\">\n\t\t\t\t\t\t\t<div class=\"elementor-spacer\">\n\t\t\t<div class=\"elementor-spacer-inner\"><\/div>\n\t\t<\/div>\n\t\t\t\t\t\t<\/div>\n\t\t\t\t<\/div>\n\t\t\t\t<div class=\"elementor-element elementor-element-0594bbb elementor-widget__width-initial elementor-widget elementor-widget-image\" data-id=\"0594bbb\" data-element_type=\"widget\" data-widget_type=\"image.default\">\n\t\t\t\t<div class=\"elementor-widget-container\">\n\t\t\t\t\t\t\t\t\t\t\t\t\t\t\t<img fetchpriority=\"high\" decoding=\"async\" width=\"1024\" height=\"583\" src=\"https:\/\/demietservice.de\/wp-content\/uploads\/2023\/11\/Zeichenflaeche-1-15-e1700509822883-1024x583.png\" class=\"attachment-large size-large wp-image-1707\" alt=\"\" srcset=\"https:\/\/demietservice.de\/wp-content\/uploads\/2023\/11\/Zeichenflaeche-1-15-e1700509822883-1024x583.png 1024w, https:\/\/demietservice.de\/wp-content\/uploads\/2023\/11\/Zeichenflaeche-1-15-e1700509822883-300x171.png 300w, https:\/\/demietservice.de\/wp-content\/uploads\/2023\/11\/Zeichenflaeche-1-15-e1700509822883-768x437.png 768w, https:\/\/demietservice.de\/wp-content\/uploads\/2023\/11\/Zeichenflaeche-1-15-e1700509822883.png 1080w\" sizes=\"(max-width: 1024px) 100vw, 1024px\" \/>\t\t\t\t\t\t\t\t\t\t\t\t\t\t\t<\/div>\n\t\t\t\t<\/div>\n\t\t\t\t<\/div>\n\t\t<div class=\"elementor-element elementor-element-1c78380 e-con-full e-flex e-con e-child\" data-id=\"1c78380\" data-element_type=\"container\">\n\t\t\t\t<div class=\"elementor-element elementor-element-63c366f elementor-widget elementor-widget-spacer\" data-id=\"63c366f\" data-element_type=\"widget\" data-widget_type=\"spacer.default\">\n\t\t\t\t<div class=\"elementor-widget-container\">\n\t\t\t\t\t\t\t<div class=\"elementor-spacer\">\n\t\t\t<div class=\"elementor-spacer-inner\"><\/div>\n\t\t<\/div>\n\t\t\t\t\t\t<\/div>\n\t\t\t\t<\/div>\n\t\t\t\t<div class=\"elementor-element elementor-element-f4d4111 elementor-widget-tablet__width-initial elementor-widget__width-initial elementor-widget elementor-widget-heading\" data-id=\"f4d4111\" data-element_type=\"widget\" data-widget_type=\"heading.default\">\n\t\t\t\t<div class=\"elementor-widget-container\">\n\t\t\t\t\t<h2 class=\"elementor-heading-title elementor-size-default\">Anh\u00e4ngervermietung<\/h2>\t\t\t\t<\/div>\n\t\t\t\t<\/div>\n\t\t\t\t<div class=\"elementor-element elementor-element-e4e8f2e elementor-widget-mobile__width-initial elementor-align-center elementor-mobile-align-left elementor-widget elementor-widget-button\" data-id=\"e4e8f2e\" data-element_type=\"widget\" data-widget_type=\"button.default\">\n\t\t\t\t<div class=\"elementor-widget-container\">\n\t\t\t\t\t\t\t\t\t<div class=\"elementor-button-wrapper\">\n\t\t\t\t\t<a class=\"elementor-button elementor-button-link elementor-size-sm\" href=\"#Kontakt\">\n\t\t\t\t\t\t<span class=\"elementor-button-content-wrapper\">\n\t\t\t\t\t\t\t\t\t<span class=\"elementor-button-text\">Mobil: 0151\/64307513<\/span>\n\t\t\t\t\t<\/span>\n\t\t\t\t\t<\/a>\n\t\t\t\t<\/div>\n\t\t\t\t\t\t\t\t<\/div>\n\t\t\t\t<\/div>\n\t\t\t\t<\/div>\n\t\t\t\t\t<\/div>\n\t\t\t\t<\/div>\n\t\t\t\t<section class=\"elementor-section elementor-top-section elementor-element elementor-element-335a2c8 elementor-section-boxed elementor-section-height-default elementor-section-height-default\" data-id=\"335a2c8\" data-element_type=\"section\" data-settings=\"{&quot;background_background&quot;:&quot;classic&quot;}\">\n\t\t\t\t\t\t<div class=\"elementor-container elementor-column-gap-default\">\n\t\t\t\t\t<div class=\"elementor-column elementor-col-100 elementor-top-column elementor-element elementor-element-1ad863a\" data-id=\"1ad863a\" data-element_type=\"column\">\n\t\t\t<div class=\"elementor-widget-wrap elementor-element-populated\">\n\t\t\t\t\t\t<div class=\"elementor-element elementor-element-bffc4d5 elementor-widget elementor-widget-heading\" data-id=\"bffc4d5\" data-element_type=\"widget\" data-widget_type=\"heading.default\">\n\t\t\t\t<div class=\"elementor-widget-container\">\n\t\t\t\t\t<h2 class=\"elementor-heading-title elementor-size-default\">Unsere Anh\u00e4nger<\/h2>\t\t\t\t<\/div>\n\t\t\t\t<\/div>\n\t\t\t\t<section class=\"elementor-section elementor-inner-section elementor-element elementor-element-7d8461b elementor-section-boxed elementor-section-height-default elementor-section-height-default\" data-id=\"7d8461b\" data-element_type=\"section\">\n\t\t\t\t\t\t<div class=\"elementor-container elementor-column-gap-extended\">\n\t\t\t\t\t<div class=\"elementor-column elementor-col-50 elementor-inner-column elementor-element elementor-element-94ddbca\" data-id=\"94ddbca\" data-element_type=\"column\">\n\t\t\t<div class=\"elementor-widget-wrap elementor-element-populated\">\n\t\t\t\t\t\t<div class=\"elementor-element elementor-element-18ddd7e elementor-widget elementor-widget-image\" data-id=\"18ddd7e\" data-element_type=\"widget\" data-widget_type=\"image.default\">\n\t\t\t\t<div class=\"elementor-widget-container\">\n\t\t\t\t\t\t\t\t\t\t\t\t\t\t\t<img decoding=\"async\" width=\"1600\" height=\"1200\" src=\"https:\/\/demietservice.de\/wp-content\/uploads\/2023\/11\/5663.jpg\" class=\"attachment-full size-full wp-image-1396\" alt=\"\" srcset=\"https:\/\/demietservice.de\/wp-content\/uploads\/2023\/11\/5663.jpg 1600w, https:\/\/demietservice.de\/wp-content\/uploads\/2023\/11\/5663-300x225.jpg 300w, https:\/\/demietservice.de\/wp-content\/uploads\/2023\/11\/5663-1024x768.jpg 1024w, https:\/\/demietservice.de\/wp-content\/uploads\/2023\/11\/5663-768x576.jpg 768w, https:\/\/demietservice.de\/wp-content\/uploads\/2023\/11\/5663-1536x1152.jpg 1536w\" sizes=\"(max-width: 1600px) 100vw, 1600px\" \/>\t\t\t\t\t\t\t\t\t\t\t\t\t\t\t<\/div>\n\t\t\t\t<\/div>\n\t\t\t\t<div class=\"elementor-element elementor-element-d7ce8ab elementor-widget elementor-widget-heading\" data-id=\"d7ce8ab\" data-element_type=\"widget\" data-widget_type=\"heading.default\">\n\t\t\t\t<div class=\"elementor-widget-container\">\n\t\t\t\t\t<h4 class=\"elementor-heading-title elementor-size-default\">Autotransport - Anh\u00e4nger:<br>3 Std. 30\u20ac<br>24 Std. 45\u20ac<\/h4>\t\t\t\t<\/div>\n\t\t\t\t<\/div>\n\t\t\t\t<div class=\"elementor-element elementor-element-cbf4480 elementor-widget elementor-widget-text-editor\" data-id=\"cbf4480\" data-element_type=\"widget\" data-widget_type=\"text-editor.default\">\n\t\t\t\t<div class=\"elementor-widget-container\">\n\t\t\t\t\t\t\t\t\t<p>(Plattform) Innenma\u00dfe 4x2m, Gesamtgewicht 2700 Kg, Nutzlast ca. 2150 Kg, Seilwinde, Auffahrrampen (300cm lang), 100 km\/h Zulassung<\/p>\t\t\t\t\t\t\t\t<\/div>\n\t\t\t\t<\/div>\n\t\t\t\t\t<\/div>\n\t\t<\/div>\n\t\t\t\t<div class=\"elementor-column elementor-col-50 elementor-inner-column elementor-element elementor-element-623974f\" data-id=\"623974f\" data-element_type=\"column\">\n\t\t\t<div class=\"elementor-widget-wrap elementor-element-populated\">\n\t\t\t\t\t\t<div class=\"elementor-element elementor-element-dbf04ee elementor-widget elementor-widget-image\" data-id=\"dbf04ee\" data-element_type=\"widget\" data-widget_type=\"image.default\">\n\t\t\t\t<div class=\"elementor-widget-container\">\n\t\t\t\t\t\t\t\t\t\t\t\t\t\t\t<img decoding=\"async\" width=\"1024\" height=\"768\" src=\"https:\/\/demietservice.de\/wp-content\/uploads\/2025\/11\/stath31020_stema_ath_27-49-212_atour_grande_1fachivmlDXWoh-1024x768.jpg\" class=\"attachment-large size-large wp-image-2761\" alt=\"\" srcset=\"https:\/\/demietservice.de\/wp-content\/uploads\/2025\/11\/stath31020_stema_ath_27-49-212_atour_grande_1fachivmlDXWoh-1024x768.jpg 1024w, https:\/\/demietservice.de\/wp-content\/uploads\/2025\/11\/stath31020_stema_ath_27-49-212_atour_grande_1fachivmlDXWoh-300x225.jpg 300w, https:\/\/demietservice.de\/wp-content\/uploads\/2025\/11\/stath31020_stema_ath_27-49-212_atour_grande_1fachivmlDXWoh-768x576.jpg 768w, https:\/\/demietservice.de\/wp-content\/uploads\/2025\/11\/stath31020_stema_ath_27-49-212_atour_grande_1fachivmlDXWoh.jpg 1200w\" sizes=\"(max-width: 1024px) 100vw, 1024px\" \/>\t\t\t\t\t\t\t\t\t\t\t\t\t\t\t<\/div>\n\t\t\t\t<\/div>\n\t\t\t\t<div class=\"elementor-element elementor-element-35fd831 elementor-widget elementor-widget-heading\" data-id=\"35fd831\" data-element_type=\"widget\" data-widget_type=\"heading.default\">\n\t\t\t\t<div class=\"elementor-widget-container\">\n\t\t\t\t\t<h4 class=\"elementor-heading-title elementor-size-default\">Autotransport - Anh\u00e4nger:<br>3 Std. 35\u20ac<br>24 Std. 50\u20ac<\/h4>\t\t\t\t<\/div>\n\t\t\t\t<\/div>\n\t\t\t\t<div class=\"elementor-element elementor-element-cc89744 elementor-widget elementor-widget-text-editor\" data-id=\"cc89744\" data-element_type=\"widget\" data-widget_type=\"text-editor.default\">\n\t\t\t\t<div class=\"elementor-widget-container\">\n\t\t\t\t\t\t\t\t\t<p>Innenma\u00dfe 4,90x<span style=\"font-style: inherit; font-weight: inherit; background-color: var( --e-global-color-astglobalcolor5 ); color: var(--ast-global-color-3);\">2,03m, Gesamtgewicht 3000 Kg, Nutzlast ca. 2260 Kg, Seilwinde, Plattform Kippbar zum einfachen auf und ab fahren, flacher Auffahrwinkel, 100 km\/h Zulassung<\/span><\/p>\t\t\t\t\t\t\t\t<\/div>\n\t\t\t\t<\/div>\n\t\t\t\t\t<\/div>\n\t\t<\/div>\n\t\t\t\t\t<\/div>\n\t\t<\/section>\n\t\t\t\t<section class=\"elementor-section elementor-inner-section elementor-element elementor-element-9db833a elementor-section-boxed elementor-section-height-default elementor-section-height-default\" data-id=\"9db833a\" data-element_type=\"section\">\n\t\t\t\t\t\t<div class=\"elementor-container elementor-column-gap-extended\">\n\t\t\t\t\t<div class=\"elementor-column elementor-col-50 elementor-inner-column elementor-element elementor-element-67aa3b3\" data-id=\"67aa3b3\" data-element_type=\"column\">\n\t\t\t<div class=\"elementor-widget-wrap elementor-element-populated\">\n\t\t\t\t\t\t<div class=\"elementor-element elementor-element-57715ff elementor-widget__width-initial elementor-widget elementor-widget-image\" data-id=\"57715ff\" data-element_type=\"widget\" data-widget_type=\"image.default\">\n\t\t\t\t<div class=\"elementor-widget-container\">\n\t\t\t\t\t\t\t\t\t\t\t\t\t\t\t<img loading=\"lazy\" decoding=\"async\" width=\"1024\" height=\"768\" src=\"https:\/\/demietservice.de\/wp-content\/uploads\/2025\/03\/FTK_Bild_02-media-df42eb16-query.5c6bfec9-1024x768.webp\" class=\"attachment-large size-large wp-image-2626\" alt=\"\" srcset=\"https:\/\/demietservice.de\/wp-content\/uploads\/2025\/03\/FTK_Bild_02-media-df42eb16-query.5c6bfec9-1024x768.webp 1024w, https:\/\/demietservice.de\/wp-content\/uploads\/2025\/03\/FTK_Bild_02-media-df42eb16-query.5c6bfec9-300x225.webp 300w, https:\/\/demietservice.de\/wp-content\/uploads\/2025\/03\/FTK_Bild_02-media-df42eb16-query.5c6bfec9-768x576.webp 768w, https:\/\/demietservice.de\/wp-content\/uploads\/2025\/03\/FTK_Bild_02-media-df42eb16-query.5c6bfec9.webp 1280w\" sizes=\"(max-width: 1024px) 100vw, 1024px\" \/>\t\t\t\t\t\t\t\t\t\t\t\t\t\t\t<\/div>\n\t\t\t\t<\/div>\n\t\t\t\t<div class=\"elementor-element elementor-element-ce760df elementor-widget elementor-widget-heading\" data-id=\"ce760df\" data-element_type=\"widget\" data-widget_type=\"heading.default\">\n\t\t\t\t<div class=\"elementor-widget-container\">\n\t\t\t\t\t<h4 class=\"elementor-heading-title elementor-size-default\">Autotransport - Anh\u00e4nger Kippbar:<br>3 Std. 30\u20ac<br>24 Std. 40\u20ac<\/h4>\t\t\t\t<\/div>\n\t\t\t\t<\/div>\n\t\t\t\t<div class=\"elementor-element elementor-element-b5c1018 elementor-widget elementor-widget-text-editor\" data-id=\"b5c1018\" data-element_type=\"widget\" data-widget_type=\"text-editor.default\">\n\t\t\t\t<div class=\"elementor-widget-container\">\n\t\t\t\t\t\t\t\t\t<p><span style=\"background-color: var( --e-global-color-astglobalcolor5 ); color: var(--ast-global-color-3); font-style: inherit; font-weight: inherit;\">Lade-Innenma\u00dfe 4x2m, Gesamtgewicht 2700 Kg, Nutzlast ca. 2070 Kg, Ladefl\u00e4che kippbar zum einfachen auf und ab fahren niedriger Auffahrwinkel, 100 km\/h Zulassung\u00a0<\/span><\/p>\t\t\t\t\t\t\t\t<\/div>\n\t\t\t\t<\/div>\n\t\t\t\t\t<\/div>\n\t\t<\/div>\n\t\t\t\t<div class=\"elementor-column elementor-col-50 elementor-inner-column elementor-element elementor-element-2eb5d26\" data-id=\"2eb5d26\" data-element_type=\"column\">\n\t\t\t<div class=\"elementor-widget-wrap elementor-element-populated\">\n\t\t\t\t\t\t<div class=\"elementor-element elementor-element-15cb674 elementor-widget__width-initial elementor-widget elementor-widget-image\" data-id=\"15cb674\" data-element_type=\"widget\" data-widget_type=\"image.default\">\n\t\t\t\t<div class=\"elementor-widget-container\">\n\t\t\t\t\t\t\t\t\t\t\t\t\t\t\t<img loading=\"lazy\" decoding=\"async\" width=\"1600\" height=\"1194\" src=\"https:\/\/demietservice.de\/wp-content\/uploads\/2023\/11\/2356-e1700464756840.jpg\" class=\"attachment-full size-full wp-image-1404\" alt=\"\" srcset=\"https:\/\/demietservice.de\/wp-content\/uploads\/2023\/11\/2356-e1700464756840.jpg 1600w, https:\/\/demietservice.de\/wp-content\/uploads\/2023\/11\/2356-e1700464756840-300x224.jpg 300w, https:\/\/demietservice.de\/wp-content\/uploads\/2023\/11\/2356-e1700464756840-1024x764.jpg 1024w, https:\/\/demietservice.de\/wp-content\/uploads\/2023\/11\/2356-e1700464756840-768x573.jpg 768w, https:\/\/demietservice.de\/wp-content\/uploads\/2023\/11\/2356-e1700464756840-1536x1146.jpg 1536w\" sizes=\"(max-width: 1600px) 100vw, 1600px\" \/>\t\t\t\t\t\t\t\t\t\t\t\t\t\t\t<\/div>\n\t\t\t\t<\/div>\n\t\t\t\t<div class=\"elementor-element elementor-element-35a1961 elementor-widget__width-initial elementor-widget elementor-widget-heading\" data-id=\"35a1961\" data-element_type=\"widget\" data-widget_type=\"heading.default\">\n\t\t\t\t<div class=\"elementor-widget-container\">\n\t\t\t\t\t<h4 class=\"elementor-heading-title elementor-size-default\">Mehrzwecktransport - Anh\u00e4nger:<br>3 Std. 30\u20ac<br>24 Std. 45\u20ac<br><\/h4>\t\t\t\t<\/div>\n\t\t\t\t<\/div>\n\t\t\t\t<div class=\"elementor-element elementor-element-c0177f9 elementor-widget__width-initial elementor-widget elementor-widget-text-editor\" data-id=\"c0177f9\" data-element_type=\"widget\" data-widget_type=\"text-editor.default\">\n\t\t\t\t<div class=\"elementor-widget-container\">\n\t\t\t\t\t\t\t\t\t<p><span style=\"font-style: inherit; font-weight: inherit; color: var(--ast-global-color-3); background-color: var( --e-global-color-astglobalcolor5 );\">\u00a0 \u00a0 \u00a0 \u00a0 \u00a0 \u00a0 \u00a0 \u00a0 \u00a0 \u00a0 \u00a0 \u00a0 \u00a0 \u00a0 \u00a0 (Universal, Plattform) Innenma\u00dfe 4x2m,\u00a0 \u00a0 \u00a0 \u00a0 \u00a0 \u00a0 \u00a0 \u00a0 \u00a0 \u00a0 \u00a0 \u00a0 \u00a0 \u00a0 \u00a0 \u00a0 \u00a0 \u00a0 \u00a0 \u00a0 \u00a0 Gesamtgewicht 2700 Kg,\u00a0 Nutzlast\u00a0<\/span><span style=\"font-style: inherit; font-weight: inherit; color: var(--ast-global-color-3); background-color: var( --e-global-color-astglobalcolor5 );\">ca. 2150 Kg, 100 km\/h Zulassung,\u00a0 \u00a0 \u00a0 \u00a0 \u00a0 \u00a0 \u00a0 \u00a0 \u00a0 \u00a0 \u00a0 \u00a0 \u00a0 \u00a0 \u00a0 \u00a0 \u00a0 \u00a0 \u00a0 \u00a0 \u00a0 \u00a0 \u00a0 \u00a0 \u00a0 \u00a0 \u00a0 \u00a0<\/span><span style=\"background-color: var( --e-global-color-astglobalcolor5 ); color: var(--ast-global-color-3); font-style: inherit; font-weight: inherit;\">(optional mit Bordw\u00e4nden)<\/span><\/p>\t\t\t\t\t\t\t\t<\/div>\n\t\t\t\t<\/div>\n\t\t\t\t\t<\/div>\n\t\t<\/div>\n\t\t\t\t\t<\/div>\n\t\t<\/section>\n\t\t\t\t\t<\/div>\n\t\t<\/div>\n\t\t\t\t\t<\/div>\n\t\t<\/section>\n\t\t\t\t<section class=\"elementor-section elementor-top-section elementor-element elementor-element-e3c27b2 elementor-section-boxed elementor-section-height-default elementor-section-height-default\" data-id=\"e3c27b2\" data-element_type=\"section\" data-settings=\"{&quot;background_background&quot;:&quot;classic&quot;}\">\n\t\t\t\t\t\t<div class=\"elementor-container elementor-column-gap-default\">\n\t\t\t\t\t<div class=\"elementor-column elementor-col-100 elementor-top-column elementor-element elementor-element-13038ef\" data-id=\"13038ef\" data-element_type=\"column\">\n\t\t\t<div class=\"elementor-widget-wrap elementor-element-populated\">\n\t\t\t\t\t\t<section class=\"elementor-section elementor-inner-section elementor-element elementor-element-4946ab6 elementor-section-boxed elementor-section-height-default elementor-section-height-default\" data-id=\"4946ab6\" data-element_type=\"section\">\n\t\t\t\t\t\t<div class=\"elementor-container elementor-column-gap-extended\">\n\t\t\t\t\t<div class=\"elementor-column elementor-col-50 elementor-inner-column elementor-element elementor-element-8b1b003\" data-id=\"8b1b003\" data-element_type=\"column\">\n\t\t\t<div class=\"elementor-widget-wrap elementor-element-populated\">\n\t\t\t\t\t\t<div class=\"elementor-element elementor-element-0410429 elementor-widget elementor-widget-image\" data-id=\"0410429\" data-element_type=\"widget\" data-widget_type=\"image.default\">\n\t\t\t\t<div class=\"elementor-widget-container\">\n\t\t\t\t\t\t\t\t\t\t\t\t\t\t\t<img loading=\"lazy\" decoding=\"async\" width=\"1600\" height=\"1200\" src=\"https:\/\/demietservice.de\/wp-content\/uploads\/2023\/11\/3664.jpg\" class=\"attachment-full size-full wp-image-1393\" alt=\"\" srcset=\"https:\/\/demietservice.de\/wp-content\/uploads\/2023\/11\/3664.jpg 1600w, https:\/\/demietservice.de\/wp-content\/uploads\/2023\/11\/3664-300x225.jpg 300w, https:\/\/demietservice.de\/wp-content\/uploads\/2023\/11\/3664-1024x768.jpg 1024w, https:\/\/demietservice.de\/wp-content\/uploads\/2023\/11\/3664-768x576.jpg 768w, https:\/\/demietservice.de\/wp-content\/uploads\/2023\/11\/3664-1536x1152.jpg 1536w\" sizes=\"(max-width: 1600px) 100vw, 1600px\" \/>\t\t\t\t\t\t\t\t\t\t\t\t\t\t\t<\/div>\n\t\t\t\t<\/div>\n\t\t\t\t<div class=\"elementor-element elementor-element-ae7bda4 elementor-widget elementor-widget-heading\" data-id=\"ae7bda4\" data-element_type=\"widget\" data-widget_type=\"heading.default\">\n\t\t\t\t<div class=\"elementor-widget-container\">\n\t\t\t\t\t<h4 class=\"elementor-heading-title elementor-size-default\">Motorrad - Anh\u00e4nger Kippbar:<br>3 Std. 15\u20ac<br>24 Std. 30\u20ac<\/h4>\t\t\t\t<\/div>\n\t\t\t\t<\/div>\n\t\t\t\t<div class=\"elementor-element elementor-element-43c501d elementor-widget elementor-widget-text-editor\" data-id=\"43c501d\" data-element_type=\"widget\" data-widget_type=\"text-editor.default\">\n\t\t\t\t<div class=\"elementor-widget-container\">\n\t\t\t\t\t\t\t\t\t<p>Ladefl\u00e4che kippbar zum einfachen auf und ab fahren. F\u00fcr bis zu 3 Motorr\u00e4der. Ladefl\u00e4che 2.30<span style=\"background-color: var( --e-global-color-astglobalcolor5 ); color: var(--ast-global-color-3); font-size: 1rem;\">x<\/span><span style=\"font-style: inherit; font-weight: inherit; background-color: var( --e-global-color-astglobalcolor5 ); color: var(--ast-global-color-3);\">1.55m, Gesamtgewicht 750 Kg, Nutzlast ca. 570 Kg, 100 km\/h Zulassung, Auffahrrampe, F\u00fchrerscheinklasse B ausreichend<\/span><\/p>\t\t\t\t\t\t\t\t<\/div>\n\t\t\t\t<\/div>\n\t\t\t\t\t<\/div>\n\t\t<\/div>\n\t\t\t\t<div class=\"elementor-column elementor-col-50 elementor-inner-column elementor-element elementor-element-768a918\" data-id=\"768a918\" data-element_type=\"column\">\n\t\t\t<div class=\"elementor-widget-wrap elementor-element-populated\">\n\t\t\t\t\t\t<div class=\"elementor-element elementor-element-f09b9f7 elementor-widget elementor-widget-image\" data-id=\"f09b9f7\" data-element_type=\"widget\" data-widget_type=\"image.default\">\n\t\t\t\t<div class=\"elementor-widget-container\">\n\t\t\t\t\t\t\t\t\t\t\t\t\t\t\t<img loading=\"lazy\" decoding=\"async\" width=\"960\" height=\"640\" src=\"https:\/\/demietservice.de\/wp-content\/uploads\/2026\/03\/IMG_3339.webp\" class=\"attachment-large size-large wp-image-2880\" alt=\"\" srcset=\"https:\/\/demietservice.de\/wp-content\/uploads\/2026\/03\/IMG_3339.webp 960w, https:\/\/demietservice.de\/wp-content\/uploads\/2026\/03\/IMG_3339-300x200.webp 300w, https:\/\/demietservice.de\/wp-content\/uploads\/2026\/03\/IMG_3339-768x512.webp 768w\" sizes=\"(max-width: 960px) 100vw, 960px\" \/>\t\t\t\t\t\t\t\t\t\t\t\t\t\t\t<\/div>\n\t\t\t\t<\/div>\n\t\t\t\t<div class=\"elementor-element elementor-element-0891f51 elementor-widget elementor-widget-heading\" data-id=\"0891f51\" data-element_type=\"widget\" data-widget_type=\"heading.default\">\n\t\t\t\t<div class=\"elementor-widget-container\">\n\t\t\t\t\t<h4 class=\"elementor-heading-title elementor-size-default\">Motorrad - Anh\u00e4nger Absenkbar:<br>3 Std. 20\u20ac<br>24 Std. 35\u20ac<\/h4>\t\t\t\t<\/div>\n\t\t\t\t<\/div>\n\t\t\t\t<div class=\"elementor-element elementor-element-c630f27 elementor-widget__width-initial elementor-widget elementor-widget-text-editor\" data-id=\"c630f27\" data-element_type=\"widget\" data-widget_type=\"text-editor.default\">\n\t\t\t\t<div class=\"elementor-widget-container\">\n\t\t\t\t\t\t\t\t\t<p>\u00a0Motorrad &#8211; Anh\u00e4nger mit Hydraulisch Absenkbare Ladefl\u00e4che. F\u00fcr bis zu 3 Motorr\u00e4der. Ladefl\u00e4che 2.50<span style=\"background-color: var( --e-global-color-astglobalcolor5 ); color: var(--ast-global-color-3); font-size: 1rem;\">x<\/span><span style=\"font-style: inherit; font-weight: inherit; background-color: var( --e-global-color-astglobalcolor5 ); color: var(--ast-global-color-3);\">1.60m, Gesamtgewicht 750 Kg,\u00a0 Nutzlast ca. 500 Kg,\u00a0 100 km\/h Zulassung, F\u00fchrerscheinklasse B ausreichend<\/span><\/p>\t\t\t\t\t\t\t\t<\/div>\n\t\t\t\t<\/div>\n\t\t\t\t\t<\/div>\n\t\t<\/div>\n\t\t\t\t\t<\/div>\n\t\t<\/section>\n\t\t\t\t\t<\/div>\n\t\t<\/div>\n\t\t\t\t\t<\/div>\n\t\t<\/section>\n\t\t\t\t<section class=\"elementor-section elementor-top-section elementor-element elementor-element-7965ad8 elementor-section-boxed elementor-section-height-default elementor-section-height-default\" data-id=\"7965ad8\" data-element_type=\"section\" data-settings=\"{&quot;background_background&quot;:&quot;classic&quot;}\">\n\t\t\t\t\t\t<div class=\"elementor-container elementor-column-gap-default\">\n\t\t\t\t\t<div class=\"elementor-column elementor-col-100 elementor-top-column elementor-element elementor-element-97cffae\" data-id=\"97cffae\" data-element_type=\"column\">\n\t\t\t<div class=\"elementor-widget-wrap elementor-element-populated\">\n\t\t\t\t\t\t<section class=\"elementor-section elementor-inner-section elementor-element elementor-element-6444ff1 elementor-section-boxed elementor-section-height-default elementor-section-height-default\" data-id=\"6444ff1\" data-element_type=\"section\">\n\t\t\t\t\t\t<div class=\"elementor-container elementor-column-gap-extended\">\n\t\t\t\t\t<div class=\"elementor-column elementor-col-50 elementor-inner-column elementor-element elementor-element-357aa98\" data-id=\"357aa98\" data-element_type=\"column\">\n\t\t\t<div class=\"elementor-widget-wrap elementor-element-populated\">\n\t\t\t\t\t\t<div class=\"elementor-element elementor-element-d039a30 elementor-widget elementor-widget-image\" data-id=\"d039a30\" data-element_type=\"widget\" data-widget_type=\"image.default\">\n\t\t\t\t<div class=\"elementor-widget-container\">\n\t\t\t\t\t\t\t\t\t\t\t\t\t\t\t<img loading=\"lazy\" decoding=\"async\" width=\"1600\" height=\"1200\" src=\"https:\/\/demietservice.de\/wp-content\/uploads\/2023\/11\/Unbenannt-1.jpg\" class=\"attachment-full size-full wp-image-1394\" alt=\"\" srcset=\"https:\/\/demietservice.de\/wp-content\/uploads\/2023\/11\/Unbenannt-1.jpg 1600w, https:\/\/demietservice.de\/wp-content\/uploads\/2023\/11\/Unbenannt-1-300x225.jpg 300w, https:\/\/demietservice.de\/wp-content\/uploads\/2023\/11\/Unbenannt-1-1024x768.jpg 1024w, https:\/\/demietservice.de\/wp-content\/uploads\/2023\/11\/Unbenannt-1-768x576.jpg 768w, https:\/\/demietservice.de\/wp-content\/uploads\/2023\/11\/Unbenannt-1-1536x1152.jpg 1536w\" sizes=\"(max-width: 1600px) 100vw, 1600px\" \/>\t\t\t\t\t\t\t\t\t\t\t\t\t\t\t<\/div>\n\t\t\t\t<\/div>\n\t\t\t\t<div class=\"elementor-element elementor-element-0de599b elementor-widget elementor-widget-heading\" data-id=\"0de599b\" data-element_type=\"widget\" data-widget_type=\"heading.default\">\n\t\t\t\t<div class=\"elementor-widget-container\">\n\t\t\t\t\t<h4 class=\"elementor-heading-title elementor-size-default\">Kipp - Anh\u00e4nger:<br>3 Std. 40\u20ac<br>24 Std. 50\u20ac<\/h4>\t\t\t\t<\/div>\n\t\t\t\t<\/div>\n\t\t\t\t<div class=\"elementor-element elementor-element-8e25489 elementor-widget elementor-widget-text-editor\" data-id=\"8e25489\" data-element_type=\"widget\" data-widget_type=\"text-editor.default\">\n\t\t\t\t<div class=\"elementor-widget-container\">\n\t\t\t\t\t\t\t\t\t<p>(R\u00fcckw\u00e4hrtskipper) Innenma\u00dfe 2.70<span style=\"color: var(--ast-global-color-3); font-size: 1rem; background-color: var( --e-global-color-astglobalcolor5 );\">x<\/span><span style=\"color: var(--ast-global-color-3); font-style: inherit; font-weight: inherit; background-color: var( --e-global-color-astglobalcolor5 );\">1.50m, Gesamtgewicht 2700 Kg, Nutzlast ca. 2150 Kg, R\u00fcckw\u00e4hrtskipper mit Handpumpe, (optional mit Laubgitteraufsatz)<\/span><\/p>\t\t\t\t\t\t\t\t<\/div>\n\t\t\t\t<\/div>\n\t\t\t\t\t<\/div>\n\t\t<\/div>\n\t\t\t\t<div class=\"elementor-column elementor-col-50 elementor-inner-column elementor-element elementor-element-d16680a\" data-id=\"d16680a\" data-element_type=\"column\">\n\t\t\t<div class=\"elementor-widget-wrap elementor-element-populated\">\n\t\t\t\t\t\t<div class=\"elementor-element elementor-element-a150d1f elementor-widget elementor-widget-image\" data-id=\"a150d1f\" data-element_type=\"widget\" data-widget_type=\"image.default\">\n\t\t\t\t<div class=\"elementor-widget-container\">\n\t\t\t\t\t\t\t\t\t\t\t\t\t\t\t<img loading=\"lazy\" decoding=\"async\" width=\"750\" height=\"507\" src=\"https:\/\/demietservice.de\/wp-content\/uploads\/2023\/12\/12121777-1.jpg\" class=\"attachment-large size-large wp-image-2276\" alt=\"\" srcset=\"https:\/\/demietservice.de\/wp-content\/uploads\/2023\/12\/12121777-1.jpg 750w, https:\/\/demietservice.de\/wp-content\/uploads\/2023\/12\/12121777-1-300x203.jpg 300w\" sizes=\"(max-width: 750px) 100vw, 750px\" \/>\t\t\t\t\t\t\t\t\t\t\t\t\t\t\t<\/div>\n\t\t\t\t<\/div>\n\t\t\t\t<div class=\"elementor-element elementor-element-943f4fc elementor-widget elementor-widget-heading\" data-id=\"943f4fc\" data-element_type=\"widget\" data-widget_type=\"heading.default\">\n\t\t\t\t<div class=\"elementor-widget-container\">\n\t\t\t\t\t<h4 class=\"elementor-heading-title elementor-size-default\">K\u00fchl - Anh\u00e4nger (2x verf\u00fcgbar):<br>24 Std. 55\u20ac<br>Wochenende 145\u20ac                                                                     (Freitag Abholen, Montag zur\u00fcckbringen)<\/h4>\t\t\t\t<\/div>\n\t\t\t\t<\/div>\n\t\t\t\t<div class=\"elementor-element elementor-element-3e8a141 elementor-widget__width-initial elementor-widget elementor-widget-text-editor\" data-id=\"3e8a141\" data-element_type=\"widget\" data-widget_type=\"text-editor.default\">\n\t\t\t\t<div class=\"elementor-widget-container\">\n\t\t\t\t\t\t\t\t\t<p>\u00a0Kasten &#8211; Innenma\u00dfe: 2.45&#215;1.44&#215;1.80m, Gesamtgewicht\u00a0 \u00a0 \u00a01300 Kg, Temperaturbereich von +2 bis +10 Grad\u00a0 \u00a0 \u00a0 \u00a0 \u00a0 \u00a0 \u00a0 \u00a0einstellbar, Versorgung 230V,\u00a0 \u00a0 \u00a0 \u00a0 \u00a0 \u00a0 \u00a0 \u00a0 \u00a0 \u00a0 \u00a0 \u00a0 \u00a0 \u00a0 \u00a0 \u00a0 \u00a0 \u00a0 \u00a0Nutzlast Fahrbetrieb 720 Kg,\u00a0 \u00a0 \u00a0 \u00a0 \u00a0 \u00a0 \u00a0 \u00a0 \u00a0 \u00a0 \u00a0 \u00a0 \u00a0 \u00a0 \u00a0 \u00a0 \u00a0 \u00a0 \u00a0 \u00a0Nutzlast Standbetrieb (4xSchwerlastst\u00fctzen) 2500 Kg, F\u00fchrerscheinklasse B ausreichend<\/p>\t\t\t\t\t\t\t\t<\/div>\n\t\t\t\t<\/div>\n\t\t\t\t\t<\/div>\n\t\t<\/div>\n\t\t\t\t\t<\/div>\n\t\t<\/section>\n\t\t\t\t<section class=\"elementor-section elementor-inner-section elementor-element elementor-element-9e3fee1 elementor-section-boxed elementor-section-height-default elementor-section-height-default\" data-id=\"9e3fee1\" data-element_type=\"section\">\n\t\t\t\t\t\t<div class=\"elementor-container elementor-column-gap-extended\">\n\t\t\t\t\t<div class=\"elementor-column elementor-col-50 elementor-inner-column elementor-element elementor-element-b4100d3\" data-id=\"b4100d3\" data-element_type=\"column\">\n\t\t\t<div class=\"elementor-widget-wrap elementor-element-populated\">\n\t\t\t\t\t\t<div class=\"elementor-element elementor-element-e797a59 elementor-widget__width-initial elementor-widget elementor-widget-image\" data-id=\"e797a59\" data-element_type=\"widget\" data-widget_type=\"image.default\">\n\t\t\t\t<div class=\"elementor-widget-container\">\n\t\t\t\t\t\t\t\t\t\t\t\t\t\t\t<img loading=\"lazy\" decoding=\"async\" width=\"1179\" height=\"712\" src=\"https:\/\/demietservice.de\/wp-content\/uploads\/2026\/03\/555555.jpg\" class=\"attachment-full size-full wp-image-2882\" alt=\"\" srcset=\"https:\/\/demietservice.de\/wp-content\/uploads\/2026\/03\/555555.jpg 1179w, https:\/\/demietservice.de\/wp-content\/uploads\/2026\/03\/555555-300x181.jpg 300w, https:\/\/demietservice.de\/wp-content\/uploads\/2026\/03\/555555-1024x618.jpg 1024w, https:\/\/demietservice.de\/wp-content\/uploads\/2026\/03\/555555-768x464.jpg 768w\" sizes=\"(max-width: 1179px) 100vw, 1179px\" \/>\t\t\t\t\t\t\t\t\t\t\t\t\t\t\t<\/div>\n\t\t\t\t<\/div>\n\t\t\t\t<div class=\"elementor-element elementor-element-9028ccf elementor-widget elementor-widget-heading\" data-id=\"9028ccf\" data-element_type=\"widget\" data-widget_type=\"heading.default\">\n\t\t\t\t<div class=\"elementor-widget-container\">\n\t\t\t\t\t<h4 class=\"elementor-heading-title elementor-size-default\"><br><br>Universal\/Plattform - Anh\u00e4nger Absenkbar:<br>3 Std. 20\u20ac<br>24 Std. 35\u20ac<\/h4>\t\t\t\t<\/div>\n\t\t\t\t<\/div>\n\t\t\t\t<div class=\"elementor-element elementor-element-a20d382 elementor-widget elementor-widget-text-editor\" data-id=\"a20d382\" data-element_type=\"widget\" data-widget_type=\"text-editor.default\">\n\t\t\t\t<div class=\"elementor-widget-container\">\n\t\t\t\t\t\t\t\t\t<p><span style=\"color: var(--ast-global-color-3); font-style: inherit; font-weight: inherit; background-color: var( --e-global-color-astglobalcolor5 );\">Multitransport-Anh\u00e4nger mit Absenkbare Ladefl\u00e4che 750 Kg, Plattform\u00a0<\/span><span style=\"background-color: var( --e-global-color-astglobalcolor5 ); color: var(--ast-global-color-3); font-style: inherit; font-weight: inherit;\">Innenma\u00dfe 2.50&#215;1.60m,\u00a0 Gesamtgewicht 750 Kg,\u00a0 Nutzlast ca. 500 Kg, Ladefl\u00e4che Hydraulisch Absenkbar (zum einfachen auf und ab fahren), 100 km\/h Zulassung, F\u00fchrerscheinklasse B ausreichend\u00a0<\/span><\/p>\t\t\t\t\t\t\t\t<\/div>\n\t\t\t\t<\/div>\n\t\t\t\t\t<\/div>\n\t\t<\/div>\n\t\t\t\t<div class=\"elementor-column elementor-col-50 elementor-inner-column elementor-element elementor-element-0a35f2d\" data-id=\"0a35f2d\" data-element_type=\"column\">\n\t\t\t<div class=\"elementor-widget-wrap elementor-element-populated\">\n\t\t\t\t\t\t<div class=\"elementor-element elementor-element-9741189 elementor-widget__width-initial elementor-widget elementor-widget-image\" data-id=\"9741189\" data-element_type=\"widget\" data-widget_type=\"image.default\">\n\t\t\t\t<div class=\"elementor-widget-container\">\n\t\t\t\t\t\t\t\t\t\t\t\t\t\t\t<img loading=\"lazy\" decoding=\"async\" width=\"715\" height=\"500\" src=\"https:\/\/demietservice.de\/wp-content\/uploads\/2025\/11\/Kat_AZ_715x500_2.png\" class=\"attachment-medium_large size-medium_large wp-image-2765\" alt=\"\" srcset=\"https:\/\/demietservice.de\/wp-content\/uploads\/2025\/11\/Kat_AZ_715x500_2.png 715w, https:\/\/demietservice.de\/wp-content\/uploads\/2025\/11\/Kat_AZ_715x500_2-300x210.png 300w\" sizes=\"(max-width: 715px) 100vw, 715px\" \/>\t\t\t\t\t\t\t\t\t\t\t\t\t\t\t<\/div>\n\t\t\t\t<\/div>\n\t\t\t\t<div class=\"elementor-element elementor-element-7422b7d elementor-widget elementor-widget-heading\" data-id=\"7422b7d\" data-element_type=\"widget\" data-widget_type=\"heading.default\">\n\t\t\t\t<div class=\"elementor-widget-container\">\n\t\t\t\t\t<h4 class=\"elementor-heading-title elementor-size-default\">Koffer - Anh\u00e4nger:<br>3 Std. 25\u20ac<br>24 Std. 35\u20ac<\/h4>\t\t\t\t<\/div>\n\t\t\t\t<\/div>\n\t\t\t\t<div class=\"elementor-element elementor-element-113d95e elementor-widget elementor-widget-text-editor\" data-id=\"113d95e\" data-element_type=\"widget\" data-widget_type=\"text-editor.default\">\n\t\t\t\t<div class=\"elementor-widget-container\">\n\t\t\t\t\t\t\t\t\t<p><span style=\"color: var(--ast-global-color-3); font-style: inherit; font-weight: inherit; background-color: var( --e-global-color-astglobalcolor5 );\">Koffer-Anh\u00e4nger 2000 Kg,\u00a0<\/span><span style=\"font-style: inherit; font-weight: inherit; color: var(--ast-global-color-3); background-color: var( --e-global-color-astglobalcolor5 );\">Innenma\u00dfe 3.0mx1.51mx1.85m, Gesamtgewicht 2000 Kg,\u00a0<\/span><span style=\"background-color: var( --e-global-color-astglobalcolor5 ); color: var(--ast-global-color-3); font-style: inherit; font-weight: inherit;\">Nutzlast ca. 1460 Kg, 100 km\/h Zulassung<\/span><\/p>\t\t\t\t\t\t\t\t<\/div>\n\t\t\t\t<\/div>\n\t\t\t\t\t<\/div>\n\t\t<\/div>\n\t\t\t\t\t<\/div>\n\t\t<\/section>\n\t\t\t\t<section class=\"elementor-section elementor-inner-section elementor-element elementor-element-c09a26e elementor-section-boxed elementor-section-height-default elementor-section-height-default\" data-id=\"c09a26e\" data-element_type=\"section\">\n\t\t\t\t\t\t<div class=\"elementor-container elementor-column-gap-extended\">\n\t\t\t\t\t<div class=\"elementor-column elementor-col-50 elementor-inner-column elementor-element elementor-element-48569fa\" data-id=\"48569fa\" data-element_type=\"column\">\n\t\t\t<div class=\"elementor-widget-wrap elementor-element-populated\">\n\t\t\t\t\t\t<div class=\"elementor-element elementor-element-3b01b56 elementor-widget elementor-widget-image\" data-id=\"3b01b56\" data-element_type=\"widget\" data-widget_type=\"image.default\">\n\t\t\t\t<div class=\"elementor-widget-container\">\n\t\t\t\t\t\t\t\t\t\t\t\t\t\t\t<img loading=\"lazy\" decoding=\"async\" width=\"1600\" height=\"1200\" src=\"https:\/\/demietservice.de\/wp-content\/uploads\/2023\/11\/124.jpg\" class=\"attachment-full size-full wp-image-1395\" alt=\"\" srcset=\"https:\/\/demietservice.de\/wp-content\/uploads\/2023\/11\/124.jpg 1600w, https:\/\/demietservice.de\/wp-content\/uploads\/2023\/11\/124-300x225.jpg 300w, https:\/\/demietservice.de\/wp-content\/uploads\/2023\/11\/124-1024x768.jpg 1024w, https:\/\/demietservice.de\/wp-content\/uploads\/2023\/11\/124-768x576.jpg 768w, https:\/\/demietservice.de\/wp-content\/uploads\/2023\/11\/124-1536x1152.jpg 1536w\" sizes=\"(max-width: 1600px) 100vw, 1600px\" \/>\t\t\t\t\t\t\t\t\t\t\t\t\t\t\t<\/div>\n\t\t\t\t<\/div>\n\t\t\t\t<div class=\"elementor-element elementor-element-75b8c60 elementor-widget elementor-widget-heading\" data-id=\"75b8c60\" data-element_type=\"widget\" data-widget_type=\"heading.default\">\n\t\t\t\t<div class=\"elementor-widget-container\">\n\t\t\t\t\t<h4 class=\"elementor-heading-title elementor-size-default\">Baumaschinentransport - Anh\u00e4nger:<br>3 Std. 40\u20ac<br>24 Std. 55\u20ac<\/h4>\t\t\t\t<\/div>\n\t\t\t\t<\/div>\n\t\t\t\t<div class=\"elementor-element elementor-element-d0b35b3 elementor-widget elementor-widget-text-editor\" data-id=\"d0b35b3\" data-element_type=\"widget\" data-widget_type=\"text-editor.default\">\n\t\t\t\t<div class=\"elementor-widget-container\">\n\t\t\t\t\t\t\t\t\t<p><span style=\"background-color: var( --e-global-color-astglobalcolor5 ); color: var(--ast-global-color-3); font-style: inherit; font-weight: inherit;\">Tieflader Innenma\u00dfe 4&#215;1.80m, Gesamtgewicht 3500 Kg, Nutzlast ca. 2650 Kg, Gitterampe mit Bodenabst\u00fctzung, L\u00f6ffelablage<\/span><\/p>\t\t\t\t\t\t\t\t<\/div>\n\t\t\t\t<\/div>\n\t\t\t\t\t<\/div>\n\t\t<\/div>\n\t\t\t\t<div class=\"elementor-column elementor-col-50 elementor-inner-column elementor-element elementor-element-5ad7e61\" data-id=\"5ad7e61\" data-element_type=\"column\">\n\t\t\t<div class=\"elementor-widget-wrap elementor-element-populated\">\n\t\t\t\t\t\t<div class=\"elementor-element elementor-element-26067cd elementor-widget__width-initial elementor-widget elementor-widget-image\" data-id=\"26067cd\" data-element_type=\"widget\" data-widget_type=\"image.default\">\n\t\t\t\t<div class=\"elementor-widget-container\">\n\t\t\t\t\t\t\t\t\t\t\t\t\t\t\t<img loading=\"lazy\" decoding=\"async\" width=\"2560\" height=\"1706\" src=\"https:\/\/demietservice.de\/wp-content\/uploads\/2025\/03\/MSX-scaled.jpg\" class=\"attachment-full size-full wp-image-2633\" alt=\"\" srcset=\"https:\/\/demietservice.de\/wp-content\/uploads\/2025\/03\/MSX-scaled.jpg 2560w, https:\/\/demietservice.de\/wp-content\/uploads\/2025\/03\/MSX-300x200.jpg 300w, https:\/\/demietservice.de\/wp-content\/uploads\/2025\/03\/MSX-1024x683.jpg 1024w, https:\/\/demietservice.de\/wp-content\/uploads\/2025\/03\/MSX-768x512.jpg 768w, https:\/\/demietservice.de\/wp-content\/uploads\/2025\/03\/MSX-1536x1024.jpg 1536w, https:\/\/demietservice.de\/wp-content\/uploads\/2025\/03\/MSX-2048x1365.jpg 2048w\" sizes=\"(max-width: 2560px) 100vw, 2560px\" \/>\t\t\t\t\t\t\t\t\t\t\t\t\t\t\t<\/div>\n\t\t\t\t<\/div>\n\t\t\t\t<div class=\"elementor-element elementor-element-e722ad3 elementor-widget elementor-widget-heading\" data-id=\"e722ad3\" data-element_type=\"widget\" data-widget_type=\"heading.default\">\n\t\t\t\t<div class=\"elementor-widget-container\">\n\t\t\t\t\t<h4 class=\"elementor-heading-title elementor-size-default\"><br>Plattform - Anh\u00e4nger:<br>3 Std. 30\u20ac<br>24 Std. 45\u20ac<\/h4>\t\t\t\t<\/div>\n\t\t\t\t<\/div>\n\t\t\t\t<div class=\"elementor-element elementor-element-df6b3e1 elementor-widget__width-initial elementor-widget elementor-widget-text-editor\" data-id=\"df6b3e1\" data-element_type=\"widget\" data-widget_type=\"text-editor.default\">\n\t\t\t\t<div class=\"elementor-widget-container\">\n\t\t\t\t\t\t\t\t\t<p><span style=\"font-style: inherit; font-weight: inherit; color: var(--ast-global-color-3); background-color: var( --e-global-color-astglobalcolor5 );\">\u00a0 \u00a0 \u00a0 \u00a0 \u00a0 Plattform Innenma\u00dfe 4x2m, Gesamtgewicht 2700 Kg,\u00a0 \u00a0 \u00a0 \u00a0 \u00a0 \u00a0 \u00a0 \u00a0 \u00a0 \u00a0 \u00a0 \u00a0 \u00a0 \u00a0 \u00a0 Nutzlast ca.\u00a0<\/span><span style=\"font-style: inherit; font-weight: inherit; color: var(--ast-global-color-3); background-color: var( --e-global-color-astglobalcolor5 );\">2150 Kg, 100 km\/h Zulassung\u00a0 \u00a0<\/span><\/p>\t\t\t\t\t\t\t\t<\/div>\n\t\t\t\t<\/div>\n\t\t\t\t\t<\/div>\n\t\t<\/div>\n\t\t\t\t\t<\/div>\n\t\t<\/section>\n\t\t\t\t<section class=\"elementor-section elementor-inner-section elementor-element elementor-element-09906ed elementor-section-boxed elementor-section-height-default elementor-section-height-default\" data-id=\"09906ed\" data-element_type=\"section\">\n\t\t\t\t\t\t<div class=\"elementor-container elementor-column-gap-extended\">\n\t\t\t\t\t<div class=\"elementor-column elementor-col-50 elementor-inner-column elementor-element elementor-element-429736a\" data-id=\"429736a\" data-element_type=\"column\">\n\t\t\t<div class=\"elementor-widget-wrap elementor-element-populated\">\n\t\t\t\t\t\t<div class=\"elementor-element elementor-element-708e407 elementor-widget__width-initial elementor-widget elementor-widget-image\" data-id=\"708e407\" data-element_type=\"widget\" data-widget_type=\"image.default\">\n\t\t\t\t<div class=\"elementor-widget-container\">\n\t\t\t\t\t\t\t\t\t\t\t\t\t\t\t<img loading=\"lazy\" decoding=\"async\" width=\"696\" height=\"696\" src=\"https:\/\/demietservice.de\/wp-content\/uploads\/2025\/08\/Kastenahaenger.jpg\" class=\"attachment-full size-full wp-image-2729\" alt=\"\" srcset=\"https:\/\/demietservice.de\/wp-content\/uploads\/2025\/08\/Kastenahaenger.jpg 696w, https:\/\/demietservice.de\/wp-content\/uploads\/2025\/08\/Kastenahaenger-300x300.jpg 300w, https:\/\/demietservice.de\/wp-content\/uploads\/2025\/08\/Kastenahaenger-150x150.jpg 150w\" sizes=\"(max-width: 696px) 100vw, 696px\" \/>\t\t\t\t\t\t\t\t\t\t\t\t\t\t\t<\/div>\n\t\t\t\t<\/div>\n\t\t\t\t<div class=\"elementor-element elementor-element-aae96b3 elementor-widget elementor-widget-heading\" data-id=\"aae96b3\" data-element_type=\"widget\" data-widget_type=\"heading.default\">\n\t\t\t\t<div class=\"elementor-widget-container\">\n\t\t\t\t\t<h4 class=\"elementor-heading-title elementor-size-default\">Kasten - Anh\u00e4nger:<br>24 Std. 15\u20ac<\/h4>\t\t\t\t<\/div>\n\t\t\t\t<\/div>\n\t\t\t\t<div class=\"elementor-element elementor-element-0dbec5a elementor-widget elementor-widget-text-editor\" data-id=\"0dbec5a\" data-element_type=\"widget\" data-widget_type=\"text-editor.default\">\n\t\t\t\t<div class=\"elementor-widget-container\">\n\t\t\t\t\t\t\t\t\t<p>Kasten-Anh\u00e4nger Innenma\u00dfe 2&#215;1.08m, Gesamtgewicht 750 Kg, Nutzlast ca. 600 Kg, Eigengewicht 150 Kg, Bordwandaufsatz 35cm, Gesamth\u00f6he 70cm, Anh\u00e4ngernetz inklusive, F\u00fchrerscheinklasse B ausreichend\u00a0<\/p>\t\t\t\t\t\t\t\t<\/div>\n\t\t\t\t<\/div>\n\t\t\t\t\t<\/div>\n\t\t<\/div>\n\t\t\t\t<div class=\"elementor-column elementor-col-50 elementor-inner-column elementor-element elementor-element-68be646\" data-id=\"68be646\" data-element_type=\"column\">\n\t\t\t<div class=\"elementor-widget-wrap elementor-element-populated\">\n\t\t\t\t\t\t<div class=\"elementor-element elementor-element-5919a79 elementor-widget elementor-widget-image\" data-id=\"5919a79\" data-element_type=\"widget\" data-widget_type=\"image.default\">\n\t\t\t\t<div class=\"elementor-widget-container\">\n\t\t\t\t\t\t\t\t\t\t\t\t\t\t\t<img loading=\"lazy\" decoding=\"async\" width=\"1024\" height=\"768\" src=\"https:\/\/demietservice.de\/wp-content\/uploads\/2023\/11\/155-1-1024x768.jpg\" class=\"attachment-large size-large wp-image-1403\" alt=\"\" srcset=\"https:\/\/demietservice.de\/wp-content\/uploads\/2023\/11\/155-1-1024x768.jpg 1024w, https:\/\/demietservice.de\/wp-content\/uploads\/2023\/11\/155-1-300x225.jpg 300w, https:\/\/demietservice.de\/wp-content\/uploads\/2023\/11\/155-1-768x576.jpg 768w, https:\/\/demietservice.de\/wp-content\/uploads\/2023\/11\/155-1-1536x1152.jpg 1536w, https:\/\/demietservice.de\/wp-content\/uploads\/2023\/11\/155-1.jpg 1600w\" sizes=\"(max-width: 1024px) 100vw, 1024px\" \/>\t\t\t\t\t\t\t\t\t\t\t\t\t\t\t<\/div>\n\t\t\t\t<\/div>\n\t\t\t\t<div class=\"elementor-element elementor-element-adf3026 elementor-widget elementor-widget-heading\" data-id=\"adf3026\" data-element_type=\"widget\" data-widget_type=\"heading.default\">\n\t\t\t\t<div class=\"elementor-widget-container\">\n\t\t\t\t\t<h4 class=\"elementor-heading-title elementor-size-default\">Planen - Anh\u00e4nger:<br>3 Std. 15\u20ac<br>24 Std. 25\u20ac<\/h4>\t\t\t\t<\/div>\n\t\t\t\t<\/div>\n\t\t\t\t<div class=\"elementor-element elementor-element-901ab87 elementor-widget__width-initial elementor-widget elementor-widget-text-editor\" data-id=\"901ab87\" data-element_type=\"widget\" data-widget_type=\"text-editor.default\">\n\t\t\t\t<div class=\"elementor-widget-container\">\n\t\t\t\t\t\t\t\t\t<p>Innenma\u00dfe 2.35<span style=\"background-color: var( --e-global-color-astglobalcolor5 ); color: var(--ast-global-color-3); font-size: 1rem;\">x<\/span><span style=\"font-style: inherit; font-weight: inherit; background-color: var( --e-global-color-astglobalcolor5 ); color: var(--ast-global-color-3);\">1.30&#215;1.40m, Gesamtgewicht 750 Kg,\u00a0 Nutzlast ca. 570 Kg, Planenaufbau, 2x Heckst\u00fctzen, Ladefl\u00e4che abkippbar nach hinten. 100 km\/h Zulassung, F\u00fchrerscheinklasse B ausreichend<\/span><\/p>\t\t\t\t\t\t\t\t<\/div>\n\t\t\t\t<\/div>\n\t\t\t\t\t<\/div>\n\t\t<\/div>\n\t\t\t\t\t<\/div>\n\t\t<\/section>\n\t\t\t\t<section class=\"elementor-section elementor-inner-section elementor-element elementor-element-964c102 elementor-section-boxed elementor-section-height-default elementor-section-height-default\" data-id=\"964c102\" data-element_type=\"section\">\n\t\t\t\t\t\t<div class=\"elementor-container elementor-column-gap-extended\">\n\t\t\t\t\t<div class=\"elementor-column elementor-col-50 elementor-inner-column elementor-element elementor-element-375eff5\" data-id=\"375eff5\" data-element_type=\"column\">\n\t\t\t<div class=\"elementor-widget-wrap elementor-element-populated\">\n\t\t\t\t\t\t<div class=\"elementor-element elementor-element-fa32d82 elementor-widget__width-initial elementor-widget elementor-widget-image\" data-id=\"fa32d82\" data-element_type=\"widget\" data-widget_type=\"image.default\">\n\t\t\t\t<div class=\"elementor-widget-container\">\n\t\t\t\t\t\t\t\t\t\t\t\t\t\t\t<img loading=\"lazy\" decoding=\"async\" width=\"1355\" height=\"768\" src=\"https:\/\/demietservice.de\/wp-content\/uploads\/2026\/04\/image0-002.png\" class=\"attachment-full size-full wp-image-3013\" alt=\"\" srcset=\"https:\/\/demietservice.de\/wp-content\/uploads\/2026\/04\/image0-002.png 1355w, https:\/\/demietservice.de\/wp-content\/uploads\/2026\/04\/image0-002-300x170.png 300w, https:\/\/demietservice.de\/wp-content\/uploads\/2026\/04\/image0-002-1024x580.png 1024w, https:\/\/demietservice.de\/wp-content\/uploads\/2026\/04\/image0-002-768x435.png 768w\" sizes=\"(max-width: 1355px) 100vw, 1355px\" \/>\t\t\t\t\t\t\t\t\t\t\t\t\t\t\t<\/div>\n\t\t\t\t<\/div>\n\t\t\t\t<div class=\"elementor-element elementor-element-0dca67b elementor-widget elementor-widget-heading\" data-id=\"0dca67b\" data-element_type=\"widget\" data-widget_type=\"heading.default\">\n\t\t\t\t<div class=\"elementor-widget-container\">\n\t\t\t\t\t<h4 class=\"elementor-heading-title elementor-size-default\">Planen - Anh\u00e4nger XXL:<br>3 Std. 25\u20ac<br>24 Std. 35\u20ac<\/h4>\t\t\t\t<\/div>\n\t\t\t\t<\/div>\n\t\t\t\t<div class=\"elementor-element elementor-element-e1c25d0 elementor-widget elementor-widget-text-editor\" data-id=\"e1c25d0\" data-element_type=\"widget\" data-widget_type=\"text-editor.default\">\n\t\t\t\t<div class=\"elementor-widget-container\">\n\t\t\t\t\t\t\t\t\t<p>Innenma\u00dfe 3&#215;1.50&#215;1.80m, Gesamtgewicht 750 Kg, Nutzlast ca. 510 Kg, Eigengewicht ca. 240 Kg, Planenaufbau, 2x Heckst\u00fctzen, 100 km\/h, F\u00fchrerscheinklasse B ausreichend\u00a0<\/p>\t\t\t\t\t\t\t\t<\/div>\n\t\t\t\t<\/div>\n\t\t\t\t\t<\/div>\n\t\t<\/div>\n\t\t\t\t<div class=\"elementor-column elementor-col-50 elementor-inner-column elementor-element elementor-element-2e6e1cc\" data-id=\"2e6e1cc\" data-element_type=\"column\">\n\t\t\t<div class=\"elementor-widget-wrap elementor-element-populated\">\n\t\t\t\t\t\t\t<\/div>\n\t\t<\/div>\n\t\t\t\t\t<\/div>\n\t\t<\/section>\n\t\t\t\t\t<\/div>\n\t\t<\/div>\n\t\t\t\t\t<\/div>\n\t\t<\/section>\n\t\t\t\t<section class=\"elementor-section elementor-top-section elementor-element elementor-element-59e6648 elementor-section-content-middle elementor-section-boxed elementor-section-height-default elementor-section-height-default\" data-id=\"59e6648\" data-element_type=\"section\" id=\"Kontakt\" data-settings=\"{&quot;background_background&quot;:&quot;classic&quot;}\">\n\t\t\t\t\t\t<div class=\"elementor-container elementor-column-gap-no\">\n\t\t\t\t\t<div class=\"elementor-column elementor-col-100 elementor-top-column elementor-element elementor-element-4cc744b\" data-id=\"4cc744b\" data-element_type=\"column\">\n\t\t\t<div class=\"elementor-widget-wrap elementor-element-populated\">\n\t\t\t\t\t\t<div class=\"elementor-element elementor-element-259b126 elementor-view-stacked elementor-shape-circle elementor-invisible elementor-widget elementor-widget-icon\" data-id=\"259b126\" data-element_type=\"widget\" data-settings=\"{&quot;_animation&quot;:&quot;bounceIn&quot;}\" data-widget_type=\"icon.default\">\n\t\t\t\t<div class=\"elementor-widget-container\">\n\t\t\t\t\t\t\t<div class=\"elementor-icon-wrapper\">\n\t\t\t<div class=\"elementor-icon\">\n\t\t\t<svg aria-hidden=\"true\" class=\"e-font-icon-svg e-fas-phone\" viewBox=\"0 0 512 512\" xmlns=\"http:\/\/www.w3.org\/2000\/svg\"><path d=\"M493.4 24.6l-104-24c-11.3-2.6-22.9 3.3-27.5 13.9l-48 112c-4.2 9.8-1.4 21.3 6.9 28l60.6 49.6c-36 76.7-98.9 140.5-177.2 177.2l-49.6-60.6c-6.8-8.3-18.2-11.1-28-6.9l-112 48C3.9 366.5-2 378.1.6 389.4l24 104C27.1 504.2 36.7 512 48 512c256.1 0 464-207.5 464-464 0-11.2-7.7-20.9-18.6-23.4z\"><\/path><\/svg>\t\t\t<\/div>\n\t\t<\/div>\n\t\t\t\t\t\t<\/div>\n\t\t\t\t<\/div>\n\t\t\t\t<div class=\"elementor-element elementor-element-0256b2d elementor-view-stacked elementor-shape-circle elementor-invisible elementor-widget elementor-widget-icon\" data-id=\"0256b2d\" data-element_type=\"widget\" data-settings=\"{&quot;_animation&quot;:&quot;bounceIn&quot;}\" data-widget_type=\"icon.default\">\n\t\t\t\t<div class=\"elementor-widget-container\">\n\t\t\t\t\t\t\t<div class=\"elementor-icon-wrapper\">\n\t\t\t<a class=\"elementor-icon\" href=\"http:\/\/Wa.me\/+4915164307513\">\n\t\t\t<svg aria-hidden=\"true\" class=\"e-font-icon-svg e-fab-whatsapp\" viewBox=\"0 0 448 512\" xmlns=\"http:\/\/www.w3.org\/2000\/svg\"><path d=\"M380.9 97.1C339 55.1 283.2 32 223.9 32c-122.4 0-222 99.6-222 222 0 39.1 10.2 77.3 29.6 111L0 480l117.7-30.9c32.4 17.7 68.9 27 106.1 27h.1c122.3 0 224.1-99.6 224.1-222 0-59.3-25.2-115-67.1-157zm-157 341.6c-33.2 0-65.7-8.9-94-25.7l-6.7-4-69.8 18.3L72 359.2l-4.4-7c-18.5-29.4-28.2-63.3-28.2-98.2 0-101.7 82.8-184.5 184.6-184.5 49.3 0 95.6 19.2 130.4 54.1 34.8 34.9 56.2 81.2 56.1 130.5 0 101.8-84.9 184.6-186.6 184.6zm101.2-138.2c-5.5-2.8-32.8-16.2-37.9-18-5.1-1.9-8.8-2.8-12.5 2.8-3.7 5.6-14.3 18-17.6 21.8-3.2 3.7-6.5 4.2-12 1.4-32.6-16.3-54-29.1-75.5-66-5.7-9.8 5.7-9.1 16.3-30.3 1.8-3.7.9-6.9-.5-9.7-1.4-2.8-12.5-30.1-17.1-41.2-4.5-10.8-9.1-9.3-12.5-9.5-3.2-.2-6.9-.2-10.6-.2-3.7 0-9.7 1.4-14.8 6.9-5.1 5.6-19.4 19-19.4 46.3 0 27.3 19.9 53.7 22.6 57.4 2.8 3.7 39.1 59.7 94.8 83.8 35.2 15.2 49 16.5 66.6 13.9 10.7-1.6 32.8-13.4 37.4-26.4 4.6-13 4.6-24.1 3.2-26.4-1.3-2.5-5-3.9-10.5-6.6z\"><\/path><\/svg>\t\t\t<\/a>\n\t\t<\/div>\n\t\t\t\t\t\t<\/div>\n\t\t\t\t<\/div>\n\t\t\t\t<div class=\"elementor-element elementor-element-bad7993 elementor-invisible elementor-widget elementor-widget-heading\" data-id=\"bad7993\" data-element_type=\"widget\" data-settings=\"{&quot;_animation&quot;:&quot;bounceIn&quot;}\" data-widget_type=\"heading.default\">\n\t\t\t\t<div class=\"elementor-widget-container\">\n\t\t\t\t\t<h2 class=\"elementor-heading-title elementor-size-default\">0151\/64307513<\/h2>\t\t\t\t<\/div>\n\t\t\t\t<\/div>\n\t\t\t\t<div class=\"elementor-element elementor-element-ca8adee elementor-invisible elementor-widget elementor-widget-image\" data-id=\"ca8adee\" data-element_type=\"widget\" data-settings=\"{&quot;_animation&quot;:&quot;fadeIn&quot;}\" data-widget_type=\"image.default\">\n\t\t\t\t<div class=\"elementor-widget-container\">\n\t\t\t\t\t\t\t\t\t\t\t\t\t\t\t<img loading=\"lazy\" decoding=\"async\" width=\"1024\" height=\"1024\" src=\"https:\/\/demietservice.de\/wp-content\/uploads\/2023\/11\/cropped-Zeichenflaeche-1-7-160x160.png\" class=\"attachment-large size-large wp-image-1482\" alt=\"\" srcset=\"https:\/\/demietservice.de\/wp-content\/uploads\/2023\/11\/cropped-Zeichenflaeche-1-7-1024x1024.png 1024w, https:\/\/demietservice.de\/wp-content\/uploads\/2023\/11\/cropped-Zeichenflaeche-1-7-300x300.png 300w, https:\/\/demietservice.de\/wp-content\/uploads\/2023\/11\/cropped-Zeichenflaeche-1-7-150x150.png 150w, https:\/\/demietservice.de\/wp-content\/uploads\/2023\/11\/cropped-Zeichenflaeche-1-7-768x768.png 768w, https:\/\/demietservice.de\/wp-content\/uploads\/2023\/11\/cropped-Zeichenflaeche-1-7-160x160.png 160w, https:\/\/demietservice.de\/wp-content\/uploads\/2023\/11\/cropped-Zeichenflaeche-1-7.png 1080w\" sizes=\"(max-width: 1024px) 100vw, 1024px\" \/>\t\t\t\t\t\t\t\t\t\t\t\t\t\t\t<\/div>\n\t\t\t\t<\/div>\n\t\t\t\t<div class=\"elementor-element elementor-element-be59979 elementor-invisible elementor-widget elementor-widget-heading\" data-id=\"be59979\" data-element_type=\"widget\" data-settings=\"{&quot;_animation&quot;:&quot;fadeIn&quot;}\" data-widget_type=\"heading.default\">\n\t\t\t\t<div class=\"elementor-widget-container\">\n\t\t\t\t\t<h2 class=\"elementor-heading-title elementor-size-default\">MIETSERVICE<\/h2>\t\t\t\t<\/div>\n\t\t\t\t<\/div>\n\t\t\t\t\t<\/div>\n\t\t<\/div>\n\t\t\t\t\t<\/div>\n\t\t<\/section>\n\t\t<div class=\"elementor-element elementor-element-0219638 e-con-full e-flex elementor-invisible e-con e-parent\" data-id=\"0219638\" data-element_type=\"container\" data-settings=\"{&quot;animation&quot;:&quot;fadeIn&quot;,&quot;background_background&quot;:&quot;classic&quot;}\">\n\t\t\t\t<div class=\"elementor-element elementor-element-b5cf2ea elementor-widget elementor-widget-google_maps\" data-id=\"b5cf2ea\" data-element_type=\"widget\" data-widget_type=\"google_maps.default\">\n\t\t\t\t<div class=\"elementor-widget-container\">\n\t\t\t\t\t\t\t<div class=\"elementor-custom-embed\">\n\t\t\t<iframe loading=\"lazy\"\n\t\t\t\t\tsrc=\"https:\/\/maps.google.com\/maps?q=Ringstra%C3%9Fe%2020%2C%2095336%20Mainleus&#038;t=m&#038;z=17&#038;output=embed&#038;iwloc=near\"\n\t\t\t\t\ttitle=\"Ringstra\u00dfe 20, 95336 Mainleus\"\n\t\t\t\t\taria-label=\"Ringstra\u00dfe 20, 95336 Mainleus\"\n\t\t\t><\/iframe>\n\t\t<\/div>\n\t\t\t\t\t\t<\/div>\n\t\t\t\t<\/div>\n\t\t\t\t<\/div>\n\t\t\t\t<\/div>\n\t\t","protected":false},"excerpt":{"rendered":"<p>Anh\u00e4ngervermietung Mobil: 0151\/64307513 Unsere Anh\u00e4nger Autotransport &#8211; Anh\u00e4nger:3 Std. 30\u20ac24 Std. 45\u20ac (Plattform) Innenma\u00dfe 4x2m, Gesamtgewicht 2700 Kg, Nutzlast ca. 2150 Kg, Seilwinde, Auffahrrampen (300cm lang), 100 km\/h Zulassung Autotransport &#8211; Anh\u00e4nger:3 Std. 35\u20ac24 Std. 50\u20ac Innenma\u00dfe 4,90&#215;2,03m, Gesamtgewicht 3000 Kg, Nutzlast ca. 2260 Kg, Seilwinde, Plattform Kippbar zum einfachen auf und ab fahren, flacher &hellip;<\/p>\n<p class=\"read-more\"> <a class=\"\" href=\"https:\/\/demietservice.de\/index.php\/anhaengervermietung-2\/\"> <span class=\"screen-reader-text\">Anh\u00e4ngervermietung<\/span> Weiterlesen &raquo;<\/a><\/p>\n","protected":false},"author":2,"featured_media":0,"parent":0,"menu_order":0,"comment_status":"closed","ping_status":"closed","template":"","meta":{"site-sidebar-layout":"no-sidebar","site-content-layout":"page-builder","ast-site-content-layout":"full-width-container","site-content-style":"unboxed","site-sidebar-style":"unboxed","ast-global-header-display":"","ast-banner-title-visibility":"","ast-main-header-display":"","ast-hfb-above-header-display":"","ast-hfb-below-header-display":"","ast-hfb-mobile-header-display":"","site-post-title":"disabled","ast-breadcrumbs-content":"","ast-featured-img":"disabled","footer-sml-layout":"","theme-transparent-header-meta":"enabled","adv-header-id-meta":"","stick-header-meta":"","header-above-stick-meta":"","header-main-stick-meta":"","header-below-stick-meta":"","astra-migrate-meta-layouts":"set","ast-page-background-enabled":"default","ast-page-background-meta":{"desktop":{"background-color":"","background-image":"","background-repeat":"repeat","background-position":"center center","background-size":"auto","background-attachment":"scroll","background-type":"","background-media":"","overlay-type":"","overlay-color":"","overlay-gradient":""},"tablet":{"background-color":"","background-image":"","background-repeat":"repeat","background-position":"center center","background-size":"auto","background-attachment":"scroll","background-type":"","background-media":"","overlay-type":"","overlay-color":"","overlay-gradient":""},"mobile":{"background-color":"","background-image":"","background-repeat":"repeat","background-position":"center center","background-size":"auto","background-attachment":"scroll","background-type":"","background-media":"","overlay-type":"","overlay-color":"","overlay-gradient":""}},"ast-content-background-meta":{"desktop":{"background-color":"var(--ast-global-color-5)","background-image":"","background-repeat":"repeat","background-position":"center center","background-size":"auto","background-attachment":"scroll","background-type":"","background-media":"","overlay-type":"","overlay-color":"","overlay-gradient":""},"tablet":{"background-color":"var(--ast-global-color-5)","background-image":"","background-repeat":"repeat","background-position":"center center","background-size":"auto","background-attachment":"scroll","background-type":"","background-media":"","overlay-type":"","overlay-color":"","overlay-gradient":""},"mobile":{"background-color":"var(--ast-global-color-5)","background-image":"","background-repeat":"repeat","background-position":"center center","background-size":"auto","background-attachment":"scroll","background-type":"","background-media":"","overlay-type":"","overlay-color":"","overlay-gradient":""}},"_joinchat":[],"footnotes":""},"class_list":["post-1539","page","type-page","status-publish","hentry"],"yoast_head":"<!-- This site is optimized with the Yoast SEO plugin v25.9 - https:\/\/yoast.com\/wordpress\/plugins\/seo\/ -->\n<title>Anh\u00e4ngervermietung - demietservice - Anh\u00e4ngervermietung<\/title>\n<meta name=\"robots\" content=\"index, follow, max-snippet:-1, max-image-preview:large, max-video-preview:-1\" \/>\n<link rel=\"canonical\" href=\"https:\/\/demietservice.de\/index.php\/anhaengervermietung-2\/\" \/>\n<meta property=\"og:locale\" content=\"de_DE\" \/>\n<meta property=\"og:type\" content=\"article\" \/>\n<meta property=\"og:title\" content=\"Anh\u00e4ngervermietung - demietservice - Anh\u00e4ngervermietung\" \/>\n<meta property=\"og:description\" content=\"Anh\u00e4ngervermietung Mobil: 0151\/64307513 Unsere Anh\u00e4nger Autotransport &#8211; Anh\u00e4nger:3 Std. 30\u20ac24 Std. 45\u20ac (Plattform) Innenma\u00dfe 4x2m, Gesamtgewicht 2700 Kg, Nutzlast ca. 2150 Kg, Seilwinde, Auffahrrampen (300cm lang), 100 km\/h Zulassung Autotransport &#8211; Anh\u00e4nger:3 Std. 35\u20ac24 Std. 50\u20ac Innenma\u00dfe 4,90&#215;2,03m, Gesamtgewicht 3000 Kg, Nutzlast ca. 2260 Kg, Seilwinde, Plattform Kippbar zum einfachen auf und ab fahren, flacher &hellip; Anh\u00e4ngervermietung Weiterlesen &raquo;\" \/>\n<meta property=\"og:url\" content=\"https:\/\/demietservice.de\/index.php\/anhaengervermietung-2\/\" \/>\n<meta property=\"og:site_name\" content=\"demietservice - Anh\u00e4ngervermietung\" \/>\n<meta property=\"article:publisher\" content=\"https:\/\/www.facebook.com\/people\/Miet-Transportservice-Ellner\/61551046441101\/\" \/>\n<meta property=\"article:modified_time\" content=\"2026-04-27T19:40:57+00:00\" \/>\n<meta property=\"og:image\" content=\"http:\/\/demietservice.de\/wp-content\/uploads\/2023\/11\/Zeichenflaeche-1-15-e1700509822883-1024x583.png\" \/>\n<meta name=\"twitter:card\" content=\"summary_large_image\" \/>\n<meta name=\"twitter:label1\" content=\"Gesch\u00e4tzte Lesezeit\" \/>\n\t<meta name=\"twitter:data1\" content=\"6\u00a0Minuten\" \/>\n<script type=\"application\/ld+json\" class=\"yoast-schema-graph\">{\"@context\":\"https:\/\/schema.org\",\"@graph\":[{\"@type\":\"WebPage\",\"@id\":\"https:\/\/demietservice.de\/index.php\/anhaengervermietung-2\/\",\"url\":\"https:\/\/demietservice.de\/index.php\/anhaengervermietung-2\/\",\"name\":\"Anh\u00e4ngervermietung - demietservice - Anh\u00e4ngervermietung\",\"isPartOf\":{\"@id\":\"https:\/\/demietservice.de\/#website\"},\"primaryImageOfPage\":{\"@id\":\"https:\/\/demietservice.de\/index.php\/anhaengervermietung-2\/#primaryimage\"},\"image\":{\"@id\":\"https:\/\/demietservice.de\/index.php\/anhaengervermietung-2\/#primaryimage\"},\"thumbnailUrl\":\"http:\/\/demietservice.de\/wp-content\/uploads\/2023\/11\/Zeichenflaeche-1-15-e1700509822883-1024x583.png\",\"datePublished\":\"2023-11-20T13:46:02+00:00\",\"dateModified\":\"2026-04-27T19:40:57+00:00\",\"breadcrumb\":{\"@id\":\"https:\/\/demietservice.de\/index.php\/anhaengervermietung-2\/#breadcrumb\"},\"inLanguage\":\"de\",\"potentialAction\":[{\"@type\":\"ReadAction\",\"target\":[\"https:\/\/demietservice.de\/index.php\/anhaengervermietung-2\/\"]}]},{\"@type\":\"ImageObject\",\"inLanguage\":\"de\",\"@id\":\"https:\/\/demietservice.de\/index.php\/anhaengervermietung-2\/#primaryimage\",\"url\":\"https:\/\/demietservice.de\/wp-content\/uploads\/2023\/11\/Zeichenflaeche-1-15-e1700509822883.png\",\"contentUrl\":\"https:\/\/demietservice.de\/wp-content\/uploads\/2023\/11\/Zeichenflaeche-1-15-e1700509822883.png\",\"width\":1080,\"height\":615},{\"@type\":\"BreadcrumbList\",\"@id\":\"https:\/\/demietservice.de\/index.php\/anhaengervermietung-2\/#breadcrumb\",\"itemListElement\":[{\"@type\":\"ListItem\",\"position\":1,\"name\":\"Startseite\",\"item\":\"https:\/\/demietservice.de\/\"},{\"@type\":\"ListItem\",\"position\":2,\"name\":\"Anh\u00e4ngervermietung\"}]},{\"@type\":\"WebSite\",\"@id\":\"https:\/\/demietservice.de\/#website\",\"url\":\"https:\/\/demietservice.de\/\",\"name\":\"demietservice - Anh\u00e4ngervermietung\",\"description\":\"demietservice\",\"publisher\":{\"@id\":\"https:\/\/demietservice.de\/#organization\"},\"alternateName\":\"demietservice\",\"potentialAction\":[{\"@type\":\"SearchAction\",\"target\":{\"@type\":\"EntryPoint\",\"urlTemplate\":\"https:\/\/demietservice.de\/?s={search_term_string}\"},\"query-input\":{\"@type\":\"PropertyValueSpecification\",\"valueRequired\":true,\"valueName\":\"search_term_string\"}}],\"inLanguage\":\"de\"},{\"@type\":\"Organization\",\"@id\":\"https:\/\/demietservice.de\/#organization\",\"name\":\"demietservice - Anh\u00e4ngervermietung\",\"alternateName\":\"demietservice\",\"url\":\"https:\/\/demietservice.de\/\",\"logo\":{\"@type\":\"ImageObject\",\"inLanguage\":\"de\",\"@id\":\"https:\/\/demietservice.de\/#\/schema\/logo\/image\/\",\"url\":\"https:\/\/demietservice.de\/wp-content\/uploads\/2023\/11\/cropped-Zeichenflaeche-1-7.png\",\"contentUrl\":\"https:\/\/demietservice.de\/wp-content\/uploads\/2023\/11\/cropped-Zeichenflaeche-1-7.png\",\"width\":1080,\"height\":1080,\"caption\":\"demietservice - Anh\u00e4ngervermietung\"},\"image\":{\"@id\":\"https:\/\/demietservice.de\/#\/schema\/logo\/image\/\"},\"sameAs\":[\"https:\/\/www.facebook.com\/people\/Miet-Transportservice-Ellner\/61551046441101\/\",\"https:\/\/instagram.com\/mietundtransportservice_ellner?igshid=MmVlMjlkMTBhMg&utm_source=qr\",\"https:\/\/mail.de\/de\/miet-transportservice.ellner@mail.de\",\"https:\/\/www.kleinanzeigen.de\/s-bestandsliste.html?userId=132698944&utm_source=whatsapp&utm_campaign=socialbuttons&utm_medium=social_profil&utm_content=app_ios\"]}]}<\/script>\n<!-- \/ Yoast SEO plugin. -->","yoast_head_json":{"title":"Anh\u00e4ngervermietung - demietservice - Anh\u00e4ngervermietung","robots":{"index":"index","follow":"follow","max-snippet":"max-snippet:-1","max-image-preview":"max-image-preview:large","max-video-preview":"max-video-preview:-1"},"canonical":"https:\/\/demietservice.de\/index.php\/anhaengervermietung-2\/","og_locale":"de_DE","og_type":"article","og_title":"Anh\u00e4ngervermietung - demietservice - Anh\u00e4ngervermietung","og_description":"Anh\u00e4ngervermietung Mobil: 0151\/64307513 Unsere Anh\u00e4nger Autotransport &#8211; Anh\u00e4nger:3 Std. 30\u20ac24 Std. 45\u20ac (Plattform) Innenma\u00dfe 4x2m, Gesamtgewicht 2700 Kg, Nutzlast ca. 2150 Kg, Seilwinde, Auffahrrampen (300cm lang), 100 km\/h Zulassung Autotransport &#8211; Anh\u00e4nger:3 Std. 35\u20ac24 Std. 50\u20ac Innenma\u00dfe 4,90&#215;2,03m, Gesamtgewicht 3000 Kg, Nutzlast ca. 2260 Kg, Seilwinde, Plattform Kippbar zum einfachen auf und ab fahren, flacher &hellip; Anh\u00e4ngervermietung Weiterlesen &raquo;","og_url":"https:\/\/demietservice.de\/index.php\/anhaengervermietung-2\/","og_site_name":"demietservice - Anh\u00e4ngervermietung","article_publisher":"https:\/\/www.facebook.com\/people\/Miet-Transportservice-Ellner\/61551046441101\/","article_modified_time":"2026-04-27T19:40:57+00:00","og_image":[{"url":"http:\/\/demietservice.de\/wp-content\/uploads\/2023\/11\/Zeichenflaeche-1-15-e1700509822883-1024x583.png","type":"","width":"","height":""}],"twitter_card":"summary_large_image","twitter_misc":{"Gesch\u00e4tzte Lesezeit":"6\u00a0Minuten"},"schema":{"@context":"https:\/\/schema.org","@graph":[{"@type":"WebPage","@id":"https:\/\/demietservice.de\/index.php\/anhaengervermietung-2\/","url":"https:\/\/demietservice.de\/index.php\/anhaengervermietung-2\/","name":"Anh\u00e4ngervermietung - demietservice - Anh\u00e4ngervermietung","isPartOf":{"@id":"https:\/\/demietservice.de\/#website"},"primaryImageOfPage":{"@id":"https:\/\/demietservice.de\/index.php\/anhaengervermietung-2\/#primaryimage"},"image":{"@id":"https:\/\/demietservice.de\/index.php\/anhaengervermietung-2\/#primaryimage"},"thumbnailUrl":"http:\/\/demietservice.de\/wp-content\/uploads\/2023\/11\/Zeichenflaeche-1-15-e1700509822883-1024x583.png","datePublished":"2023-11-20T13:46:02+00:00","dateModified":"2026-04-27T19:40:57+00:00","breadcrumb":{"@id":"https:\/\/demietservice.de\/index.php\/anhaengervermietung-2\/#breadcrumb"},"inLanguage":"de","potentialAction":[{"@type":"ReadAction","target":["https:\/\/demietservice.de\/index.php\/anhaengervermietung-2\/"]}]},{"@type":"ImageObject","inLanguage":"de","@id":"https:\/\/demietservice.de\/index.php\/anhaengervermietung-2\/#primaryimage","url":"https:\/\/demietservice.de\/wp-content\/uploads\/2023\/11\/Zeichenflaeche-1-15-e1700509822883.png","contentUrl":"https:\/\/demietservice.de\/wp-content\/uploads\/2023\/11\/Zeichenflaeche-1-15-e1700509822883.png","width":1080,"height":615},{"@type":"BreadcrumbList","@id":"https:\/\/demietservice.de\/index.php\/anhaengervermietung-2\/#breadcrumb","itemListElement":[{"@type":"ListItem","position":1,"name":"Startseite","item":"https:\/\/demietservice.de\/"},{"@type":"ListItem","position":2,"name":"Anh\u00e4ngervermietung"}]},{"@type":"WebSite","@id":"https:\/\/demietservice.de\/#website","url":"https:\/\/demietservice.de\/","name":"demietservice - Anh\u00e4ngervermietung","description":"demietservice","publisher":{"@id":"https:\/\/demietservice.de\/#organization"},"alternateName":"demietservice","potentialAction":[{"@type":"SearchAction","target":{"@type":"EntryPoint","urlTemplate":"https:\/\/demietservice.de\/?s={search_term_string}"},"query-input":{"@type":"PropertyValueSpecification","valueRequired":true,"valueName":"search_term_string"}}],"inLanguage":"de"},{"@type":"Organization","@id":"https:\/\/demietservice.de\/#organization","name":"demietservice - Anh\u00e4ngervermietung","alternateName":"demietservice","url":"https:\/\/demietservice.de\/","logo":{"@type":"ImageObject","inLanguage":"de","@id":"https:\/\/demietservice.de\/#\/schema\/logo\/image\/","url":"https:\/\/demietservice.de\/wp-content\/uploads\/2023\/11\/cropped-Zeichenflaeche-1-7.png","contentUrl":"https:\/\/demietservice.de\/wp-content\/uploads\/2023\/11\/cropped-Zeichenflaeche-1-7.png","width":1080,"height":1080,"caption":"demietservice - Anh\u00e4ngervermietung"},"image":{"@id":"https:\/\/demietservice.de\/#\/schema\/logo\/image\/"},"sameAs":["https:\/\/www.facebook.com\/people\/Miet-Transportservice-Ellner\/61551046441101\/","https:\/\/instagram.com\/mietundtransportservice_ellner?igshid=MmVlMjlkMTBhMg&utm_source=qr","https:\/\/mail.de\/de\/miet-transportservice.ellner@mail.de","https:\/\/www.kleinanzeigen.de\/s-bestandsliste.html?userId=132698944&utm_source=whatsapp&utm_campaign=socialbuttons&utm_medium=social_profil&utm_content=app_ios"]}]}},"_links":{"self":[{"href":"https:\/\/demietservice.de\/index.php\/wp-json\/wp\/v2\/pages\/1539","targetHints":{"allow":["GET"]}}],"collection":[{"href":"https:\/\/demietservice.de\/index.php\/wp-json\/wp\/v2\/pages"}],"about":[{"href":"https:\/\/demietservice.de\/index.php\/wp-json\/wp\/v2\/types\/page"}],"author":[{"embeddable":true,"href":"https:\/\/demietservice.de\/index.php\/wp-json\/wp\/v2\/users\/2"}],"replies":[{"embeddable":true,"href":"https:\/\/demietservice.de\/index.php\/wp-json\/wp\/v2\/comments?post=1539"}],"version-history":[{"count":327,"href":"https:\/\/demietservice.de\/index.php\/wp-json\/wp\/v2\/pages\/1539\/revisions"}],"predecessor-version":[{"id":3040,"href":"https:\/\/demietservice.de\/index.php\/wp-json\/wp\/v2\/pages\/1539\/revisions\/3040"}],"wp:attachment":[{"href":"https:\/\/demietservice.de\/index.php\/wp-json\/wp\/v2\/media?parent=1539"}],"curies":[{"name":"wp","href":"https:\/\/api.w.org\/{rel}","templated":true}]}}