{"id":1542,"date":"2023-11-20T14:48:37","date_gmt":"2023-11-20T13:48:37","guid":{"rendered":"https:\/\/demietservice.de\/?page_id=1542"},"modified":"2025-11-13T12:37:22","modified_gmt":"2025-11-13T11:37:22","slug":"datenschutzerklaerung","status":"publish","type":"page","link":"https:\/\/demietservice.de\/index.php\/datenschutzerklaerung\/","title":{"rendered":"Datenschutz\/Impressum"},"content":{"rendered":"\t\t<div data-elementor-type=\"wp-page\" data-elementor-id=\"1542\" class=\"elementor elementor-1542\">\n\t\t\t\t<div class=\"elementor-element elementor-element-df7921a e-flex e-con-boxed e-con e-parent\" data-id=\"df7921a\" data-element_type=\"container\" data-settings=\"{&quot;background_background&quot;:&quot;classic&quot;}\">\n\t\t\t\t\t<div class=\"e-con-inner\">\n\t\t<div class=\"elementor-element elementor-element-8d49f61 e-con-full e-flex e-con e-child\" data-id=\"8d49f61\" data-element_type=\"container\">\n\t\t\t\t<div class=\"elementor-element elementor-element-1b4cf89 elementor-widget elementor-widget-spacer\" data-id=\"1b4cf89\" data-element_type=\"widget\" data-widget_type=\"spacer.default\">\n\t\t\t\t<div class=\"elementor-widget-container\">\n\t\t\t\t\t\t\t<div class=\"elementor-spacer\">\n\t\t\t<div class=\"elementor-spacer-inner\"><\/div>\n\t\t<\/div>\n\t\t\t\t\t\t<\/div>\n\t\t\t\t<\/div>\n\t\t\t\t<div class=\"elementor-element elementor-element-e4535ae elementor-widget__width-initial elementor-widget elementor-widget-image\" data-id=\"e4535ae\" data-element_type=\"widget\" data-widget_type=\"image.default\">\n\t\t\t\t<div class=\"elementor-widget-container\">\n\t\t\t\t\t\t\t\t\t\t\t\t\t\t\t<img fetchpriority=\"high\" decoding=\"async\" width=\"1024\" height=\"583\" src=\"https:\/\/demietservice.de\/wp-content\/uploads\/2023\/11\/Zeichenflaeche-1-15-e1700509822883-1024x583.png\" class=\"attachment-large size-large wp-image-1707\" alt=\"\" srcset=\"https:\/\/demietservice.de\/wp-content\/uploads\/2023\/11\/Zeichenflaeche-1-15-e1700509822883-1024x583.png 1024w, https:\/\/demietservice.de\/wp-content\/uploads\/2023\/11\/Zeichenflaeche-1-15-e1700509822883-300x171.png 300w, https:\/\/demietservice.de\/wp-content\/uploads\/2023\/11\/Zeichenflaeche-1-15-e1700509822883-768x437.png 768w, https:\/\/demietservice.de\/wp-content\/uploads\/2023\/11\/Zeichenflaeche-1-15-e1700509822883.png 1080w\" sizes=\"(max-width: 1024px) 100vw, 1024px\" \/>\t\t\t\t\t\t\t\t\t\t\t\t\t\t\t<\/div>\n\t\t\t\t<\/div>\n\t\t\t\t<\/div>\n\t\t<div class=\"elementor-element elementor-element-1f94dfc e-con-full e-flex e-con e-child\" data-id=\"1f94dfc\" data-element_type=\"container\">\n\t\t\t\t<div class=\"elementor-element elementor-element-e3654e3 elementor-widget elementor-widget-spacer\" data-id=\"e3654e3\" data-element_type=\"widget\" data-widget_type=\"spacer.default\">\n\t\t\t\t<div class=\"elementor-widget-container\">\n\t\t\t\t\t\t\t<div class=\"elementor-spacer\">\n\t\t\t<div class=\"elementor-spacer-inner\"><\/div>\n\t\t<\/div>\n\t\t\t\t\t\t<\/div>\n\t\t\t\t<\/div>\n\t\t\t\t<div class=\"elementor-element elementor-element-b0c81e9 elementor-widget-tablet__width-initial elementor-widget__width-initial elementor-widget elementor-widget-heading\" data-id=\"b0c81e9\" data-element_type=\"widget\" data-widget_type=\"heading.default\">\n\t\t\t\t<div class=\"elementor-widget-container\">\n\t\t\t\t\t<h2 class=\"elementor-heading-title elementor-size-default\">Datenschutz \/ Impressum<\/h2>\t\t\t\t<\/div>\n\t\t\t\t<\/div>\n\t\t\t\t<div class=\"elementor-element elementor-element-888669b elementor-widget-mobile__width-initial elementor-align-center elementor-mobile-align-left elementor-widget elementor-widget-button\" data-id=\"888669b\" data-element_type=\"widget\" data-widget_type=\"button.default\">\n\t\t\t\t<div class=\"elementor-widget-container\">\n\t\t\t\t\t\t\t\t\t<div class=\"elementor-button-wrapper\">\n\t\t\t\t\t<a class=\"elementor-button elementor-button-link elementor-size-sm\" href=\"#Kontakt\">\n\t\t\t\t\t\t<span class=\"elementor-button-content-wrapper\">\n\t\t\t\t\t\t\t\t\t<span class=\"elementor-button-text\">Mobil: 0151\/64307513<\/span>\n\t\t\t\t\t<\/span>\n\t\t\t\t\t<\/a>\n\t\t\t\t<\/div>\n\t\t\t\t\t\t\t\t<\/div>\n\t\t\t\t<\/div>\n\t\t\t\t<\/div>\n\t\t\t\t\t<\/div>\n\t\t\t\t<\/div>\n\t\t\t\t<section class=\"elementor-section elementor-top-section elementor-element elementor-element-6845647 elementor-section-boxed elementor-section-height-default elementor-section-height-default\" data-id=\"6845647\" data-element_type=\"section\" data-settings=\"{&quot;background_background&quot;:&quot;classic&quot;}\">\n\t\t\t\t\t\t<div class=\"elementor-container elementor-column-gap-no\">\n\t\t\t\t\t<div class=\"elementor-column elementor-col-100 elementor-top-column elementor-element elementor-element-196d2a8\" data-id=\"196d2a8\" data-element_type=\"column\">\n\t\t\t<div class=\"elementor-widget-wrap elementor-element-populated\">\n\t\t\t\t\t\t<div class=\"elementor-element elementor-element-32418bd elementor-widget elementor-widget-heading\" data-id=\"32418bd\" data-element_type=\"widget\" data-widget_type=\"heading.default\">\n\t\t\t\t<div class=\"elementor-widget-container\">\n\t\t\t\t\t<h2 class=\"elementor-heading-title elementor-size-default\">Datenschutzerkl\u00e4rung:<\/h2>\t\t\t\t<\/div>\n\t\t\t\t<\/div>\n\t\t\t\t<div class=\"elementor-element elementor-element-58bec02 elementor-widget elementor-widget-text-editor\" data-id=\"58bec02\" data-element_type=\"widget\" data-widget_type=\"text-editor.default\">\n\t\t\t\t<div class=\"elementor-widget-container\">\n\t\t\t\t\t\t\t\t\t<p>1. Datenschutz<\/p><p>Allgemeine Hinweise:<\/p><p>Die folgenden Hinweise geben einen kurzen \u00dcberblick dar\u00fcber, was mit Ihren personenbezogenen Daten passiert, wenn Sie diese Website besuchen. Personenbezogene Daten sind alle Daten, mit denen Sie pers\u00f6nlich identifiziert werden k\u00f6nnen. Ausf\u00fchrliche Informationen zum Thema Datenschutz finden Sie in unserer unter diesem Artikel aufgef\u00fchrten Datenschutzerkl\u00e4rung.<\/p><p>Datenerfassung auf dieser Website:<\/p><p>Die Datenverarbeitung auf dieser Website erfolgt durch den Websitebetreiber. Dessen Kontaktdaten k\u00f6nnen Sie dem Abschnitt \u201eBeschreibung der verantwortlichen Stelle\u201c dieser Datenschutzerkl\u00e4rung entnehmen.<\/p><p>Wie werden die Daten erfasst?<\/p><p>Wir erheben Ihre Daten zum einen dadurch, dass Sie uns diese mitteilen. Hierbei kann es sich beispielsweise um Daten handeln, die Sie in ein Kontaktformular eingeben.\u00a0<span style=\"font-style: inherit; font-weight: inherit; background-color: var( --e-global-color-astglobalcolor5 ); color: var(--ast-global-color-3);\">Wenn Sie die Website besuchen, erfassen unsere IT-Systeme automatisch oder mit Ihrer Einwilligung weitere Daten. Dabei handelt es sich vor allem um technische Daten (z. B. Internetbrowser, Betriebssystem oder Seitenzugriffszeiten). Die Erfassung dieser Daten erfolgt automatisch, wenn Sie diese Website betreten.<\/span><\/p><p>Wof\u00fcr brauchen wir ihre Daten?<\/p><p>Einige Daten werden erhoben, um sicherzustellen, dass die auf der Website bereitgestellten Inhalte fehlerfrei sind. Andere Daten k\u00f6nnen zur Analyse Ihres Nutzerverhaltens verwendet werden.<\/p><p>Welche Rechte haben Sie an Ihren Daten?<\/p><p>Es steht Ihnen frei, jederzeit unentgeltlich \u00fcber die Quelle, den Empf\u00e4nger und den Zweck Ihrer gespeicherten personenbezogenen Daten Auskunft zu erhalten. Au\u00dferdem haben Sie das Recht, diese Daten zu \u00e4ndern oder zu l\u00f6schen. Sie haben das Recht, Ihre Einwilligung zur Datenverarbeitung jederzeit zu widerrufen. Au\u00dferdem haben Sie das Recht, in bestimmten Situationen eine Begrenzung der Verarbeitung Ihrer pers\u00f6nlichen Daten zu verlangen. Au\u00dferdem haben Sie die M\u00f6glichkeit, bei der zust\u00e4ndigen Aufsichtsbeh\u00f6rde Beschwerde einzureichen.\u00a0<span style=\"font-style: inherit; font-weight: inherit; background-color: var( --e-global-color-astglobalcolor5 ); color: var(--ast-global-color-3);\">Sie haben die M\u00f6glichkeit, uns jederzeit zu kontaktieren, wenn Sie weitere Fragen bez\u00fcglich Datenschutz haben.<\/span><\/p><p>Analyse-Tools und Tools von Dritten:<\/p><p>Ihr Surfverhalten auf dieser Website kann statistisch analysiert werden. Insbesondere durch die Verwendung von Analyseprogrammen wird dies erreicht.\u00a0<span style=\"font-style: inherit; font-weight: inherit; background-color: var( --e-global-color-astglobalcolor5 ); color: var(--ast-global-color-3);\">Weitere Informationen zu diesen Analyseprogrammen sind in der nachfolgenden Datenschutzerkl\u00e4rung enthalten.<\/span><\/p><div>2. Hosting<\/div><div><p>Hostinger<\/p><div>Unsere Webseite wird von Hostinger gehostet.\u00a0 Hostinger erfasst zahlreiche Logfiles, einschlie\u00dflich Ihrer IP-Adressen, wenn Sie unsere Webseite besuchen.<\/div><div>F\u00fcr zus\u00e4tzliche Informationen k\u00f6nnen Sie die Datenschutzerkl\u00e4rung von Hostinger unter https:\/\/www.hostinger.de\/legal\/datenschutz-bestimmungen konsultieren.<\/div><div><span style=\"background-color: var( --e-global-color-astglobalcolor5 ); color: var(--ast-global-color-3); font-size: 1rem;\">Die Nutzung von Hostinger erfolgt gem\u00e4\u00df Artikel 6 Absatz 1 Absatz f der Datenschutzgrundverordnung. Unser Ziel ist es, unsere Website so zuverl\u00e4ssig wie m\u00f6glich darzustellen. Sofern eine Zustimmung gefragt wurde, wird die Verarbeitung ausschlie\u00dflich gem\u00e4\u00df Art. 6 Abs. 1 lit. a DSGVO und \u00a7 25 Abs. 1 TTDSG durchgef\u00fchrt. Dies gilt insbesondere, wenn die Zustimmung die Speicherung von Cookies oder den Zugriff auf Informationen im Endger\u00e4t des Nutzers (z.B. Device-Fingerprinting) im Sinne des TTDSG beinhaltet. Die Zustimmung kann jederzeit widerrufen werden.<\/span><\/div><div><span style=\"background-color: var( --e-global-color-astglobalcolor5 ); color: var(--ast-global-color-3); font-size: 1rem;\">\u00a0<\/span><\/div><div><span style=\"background-color: var( --e-global-color-astglobalcolor5 );\">Auftragsvereinbarung<\/span><span style=\"background-color: var( --e-global-color-astglobalcolor5 ); color: var(--ast-global-color-3); font-size: 1rem;\">:<\/span><\/div><div><div>Mit dem genannten Anbieter haben wir einen Vertrag zur Auftragsverarbeitung (AVV) abgeschlossen. Es handelt sich um einen Vertrag, der aufgrund der Datenschutzgesetze gem\u00e4\u00df der DSGVO gew\u00e4hrleistet, dass er die personenbezogenen Daten unserer Websitebesucher nur gem\u00e4\u00df unseren Anweisungen und unter Einhaltung der Datenschutzgesetze verarbeitet.<\/div><\/div><div>\u00a0<\/div><div>3. Hinweise und Pflichtinformationen:<\/div><div>Datenschutz:<\/div><div><div>Der Schutz Ihrer pers\u00f6nlichen Daten ist f\u00fcr die Betreiber dieser Website von gro\u00dfer Bedeutung. Wir behandeln Ihre pers\u00f6nlichen Daten vertraulich und gem\u00e4\u00df den geltenden Datenschutzgesetzen und dieser Datenschutzerkl\u00e4rung.<\/div><div><span style=\"background-color: var( --e-global-color-astglobalcolor5 ); color: var(--ast-global-color-3); font-size: 1rem;\">Verschiedene personenbezogene Daten werden bei der Nutzung dieser Website erhoben. Daten, mit denen Sie pers\u00f6nlich identifiziert werden k\u00f6nnen, werden als personenbezogene Daten bezeichnet. In dieser Datenschutzerkl\u00e4rung wird erkl\u00e4rt, welche Informationen wir sammeln und f\u00fcr welche Zwecke wir sie verwenden. Sie erkl\u00e4rt auch, wie und warum dies geschieht.<\/span><\/div><div><span style=\"background-color: var( --e-global-color-astglobalcolor5 ); color: var(--ast-global-color-3); font-size: 1rem;\">Wir weisen darauf hin, dass die Daten\u00fcbertragung im Internet (z. B. bei der Kommunikation per E-Mail) Sicherheitsl\u00fccken aufweisen kann. Es ist nicht m\u00f6glich, die Daten vollst\u00e4ndig vor dem Zugriff von Dritten zu sch\u00fctzen.<\/span><\/div><div><span style=\"background-color: var( --e-global-color-astglobalcolor5 ); color: var(--ast-global-color-3); font-size: 1rem;\">\u00a0<\/span><\/div><\/div><div>Verantwortliche Stelle:<\/div><div><div>Die Stelle, die f\u00fcr die Verarbeitung von Daten auf dieser Webseite verantwortlich ist, ist:<\/div><div>[Der vollst\u00e4ndige Name oder die vollst\u00e4ndige Firmenbezeichnung des Betreibers der Website sowie die vollst\u00e4ndige Adresse]<\/div><div>Telefon: [Telefonnummer der zust\u00e4ndigen Organisation]<\/div><div>E-Mail: [E-Mail-Adresse der zust\u00e4ndigen Organisation]<\/div><div>Die Person oder Organisation, die allein oder in Zusammenarbeit mit anderen \u00fcber die Verarbeitung von personenbezogenen Daten wie Namen und E-Mail-Adressen entscheidet, wird als verantwortliche Stelle bezeichnet.<\/div><\/div><div>\u00a0<\/div><div>Speicherdauer:<\/div><div><div>Falls in dieser Datenschutzerkl\u00e4rung keine bestimmte Speicherdauer angegeben ist, bleiben Ihre pers\u00f6nlichen Daten bei uns, bis der Zweck der Datenverarbeitung erf\u00fcllt ist. Ihre Daten werden gel\u00f6scht, sofern wir keine anderen rechtlich zul\u00e4ssigen Gr\u00fcnde f\u00fcr die Speicherung Ihrer personenbezogenen Daten haben (z.B. steuer- oder handelsrechtliche Aufbewahrungsfristen); im letztgenannten Fall erfolgt die L\u00f6schung nach Fortfall dieser Gr\u00fcnde.<\/div><\/div><div>\u00a0<\/div><div>Rechtgrundlagen der Datenverarbeitung auf dieser Website:<\/div><div>Sofern Sie zugestimmt haben, werden Ihre personenbezogenen Daten gem\u00e4\u00df Art. 6 Abs. 1 lit. a DSGVO oder Art. 9 Abs. 2 lit. a DSGVO verarbeitet, sofern besondere Datenkategorien gem\u00e4\u00df Art. 9 Abs. 1 DSGVO verarbeitet werden. Falls eine ausdr\u00fcckliche Zustimmung zur \u00dcbermittlung personenbezogener Daten an Drittstaaten erteilt wurde, erfolgt die Datenverarbeitung gem\u00e4\u00df Artikel 49 Absatz 1 Absatz 1 Buchstabe a der Datenschutzgesetze. Falls Sie die Speicherung von Cookies oder den Zugriff auf Informationen in Ihr Endger\u00e4t (z.B. durch Device-Fingerprinting) genehmigt haben, wird die Datenverarbeitung gem\u00e4\u00df \u00a7 25 Abs. 1 TTDSG durchgef\u00fchrt. Die Zustimmung kann jederzeit widerrufen werden. Falls Ihre Informationen zur Erf\u00fcllung des Vertrags oder zur Umsetzung vorvertraglicher Ma\u00dfnahmen ben\u00f6tigt werden, werden sie gem\u00e4\u00df Artikel 6 verarbeitet.\u00a0<\/div><div>\u00a0<\/div><div>Datenweitergabe in Frankreich und anderen Drittstaaten:<\/div><div><div>Wir verwenden Tools von Unternehmen mit Sitz in den USA oder anderen Drittstaaten, die datenschutzrechtlich nicht sicher sind. Diese Tools k\u00f6nnen Ihre Daten in diese Drittstaaten \u00fcbertragen und verarbeiten, wenn sie aktiv sind. Wir betonen, dass es in diesen L\u00e4ndern nicht m\u00f6glich ist, ein Datenschutzniveau zu gew\u00e4hrleisten, das dem der EU entspricht. Beispielsweise m\u00fcssen US-Unternehmen personenbezogene Daten an Sicherheitsbeh\u00f6rden weitergeben, ohne dass Sie als Betroffener gerichtlich vorgehen k\u00f6nnen. Es ist daher m\u00f6glich, dass US-Beh\u00f6rden (wie Geheimdienste) Ihre Daten auf US-Servern verarbeiten, auswerten und dauerhaft speichern. Wir k\u00f6nnen diese Verarbeitungst\u00e4tigkeiten nicht beeinflussen.<\/div><\/div><div>\u00a0<\/div><div><div>R\u00fccknahme Ihrer Zustimmung zur Datenverarbeitung:<\/div><\/div><div><div>Viele Datenverarbeitungsvorg\u00e4nge erfordern Ihre ausdr\u00fcckliche Zustimmung. Eine Einwilligung, die bereits erteilt wurde, kann jederzeit widerrufen werden. Die G\u00fcltigkeit der Datenverarbeitung, die bis zum Widerruf durchgef\u00fchrt wurde, wird durch den Widerruf nicht beeintr\u00e4chtigt.<\/div><div><span style=\"background-color: var( --e-global-color-astglobalcolor5 ); color: var(--ast-global-color-3); font-size: 1rem;\">In bestimmten Situationen besteht das Recht auf Widerspruch gegen die Erhebung von Daten sowie gegen Direktwerbung gem\u00e4\u00df Artikel 21 der Datenschutzgesetze.<\/span><\/div><div>\u00a0<\/div><\/div><div><div>Wenn die Datenverarbeitung gem\u00e4\u00df Artikel 6 Absatz 1 Absatz E oder F der Datenschutzgesetze durchgef\u00fchrt wird, haben Sie das Recht, aufgrund von Umst\u00e4nden, die sich aus Ihrer besonderen Situation ergeben, gegen die Verarbeitung Ihrer personenbezogenen Daten Widerspruch einzulegen. Dies gilt auch f\u00fcr ein auf diese Bestimmungen basiertes Profiling. ENTNEHMEN SIE DIESER DATENSCHUTZERKL\u00c4RUNG IN DIEJEWEILIGE RECHTSGRUNDLAGE, AUF DENEN EINE VERARBEITUNG BERUHT. Wenn Sie Widerspruch einlegen, werden wir Ihre personenbezogenen Daten nicht mehr verarbeiten, es sei denn, wir k\u00f6nnen zwingende schutzw\u00fcrdige Gr\u00fcnde f\u00fcr die Verwendung der Daten nachweisen, die Ihre Interessen, Rechte und Freiheiten \u00fcberwiegen, oder die Verwendung der Daten DIENT DER GELTENDMACHUNG, AUS\u00dcBUNG ODER VERTEIDIGUNG VON RECHTSANSPR\u00dcCHEN.<\/div><\/div><div>\u00a0<\/div><div><div>Werden Ihre personenbezogenen Daten verwendet, um Direktwerbung zu bewerben, haben Sie das Recht, jederzeit gegen die Verarbeitung Ihrer personenbezogenen Daten zu widersprechen, um den Zweck dieser Werbung zu bek\u00e4mpfen; Dies gilt auch f\u00fcr Ihre Werbung, da es mit dieser Art von Direktwerbung in Verbindung steht. Wenn Sie widersprechen, werden Ihre personenbezogenen Daten nicht mehr f\u00fcr die Direktwerbung verwendet (Widerspruch gem\u00e4\u00df Artikel 21 Absatz 2 der Datenschutzgrundverordnung).<\/div><\/div><div>\u00a0<\/div><div><div>Es besteht das Recht auf Beschwerde bei der zust\u00e4ndigen Aufsichtsbeh\u00f6rde:<\/div><\/div><div><div>In F\u00e4llen von Verletzungen der Datenschutz-Grundverordnung haben Personen, die betroffen sind, das Recht, gegen eine Aufsichtsbeh\u00f6rde zu klagen, insbesondere im Mitgliedstaat ihres gew\u00f6hnlichen Aufenthalts, ihres Arbeitsplatzes oder des Ortes des vermuteten Versto\u00dfes. Es besteht das Recht auf Beschwerde, unabh\u00e4ngig von anderen verwaltungsrechtlichen oder gerichtlichen Rechtsbehelfen.<\/div><\/div><div>\u00a0<\/div><div><div>Recht auf \u00dcbertragung von Daten:<\/div><\/div><div><div>Sie haben das Recht, die automatisierte Verarbeitung von Daten an Sie oder an einen Dritten in einem g\u00e4ngigen, maschinenlesbaren Format zu \u00fcbertragen. Dies kann auf Grundlage Ihrer Einwilligung oder in Erf\u00fcllung eines Vertrags erfolgen. Es ist nur m\u00f6glich, die Daten direkt an einen anderen Verantwortlichen zu \u00fcbertragen, sofern dies technisch machbar ist.<\/div><div>\u00a0<\/div><div><div>SSL\/TLS-Verschl\u00fcsselung:<\/div><\/div><div><div>Aus Sicherheitsgr\u00fcnden und zum Schutz der \u00dcbertragung vertraulicher Inhalte wie Bestellungen oder Anfragen, die Sie an uns als Seitenbetreiber senden, wird auf dieser Seite eine SSL- oder TLS-Verschl\u00fcsselung verwendet. Es ist m\u00f6glich, eine verschl\u00fcsselte Verbindung zu erkennen, indem Sie die Adresszeile des Browsers von \u201ehttp:\/\/\u201c auf \u201ehttps:\/\/\u201c \u00e4ndern und das Schloss-Symbol in der Adresszeile sehen.<\/div><div>\u00a0<\/div><div><div>Informationen, L\u00f6schen und Berichtigung:<\/div><\/div><div><div>Im Rahmen der gesetzlichen Bestimmungen haben Sie jederzeit das Recht, kostenlos Auskunft \u00fcber Ihre gespeicherten personenbezogenen Daten, deren Herkunft und Empf\u00e4nger sowie den Zweck der Datenverarbeitung zu erhalten. Au\u00dferdem haben Sie ggf. das Recht auf Berichtigung oder L\u00f6schung dieser Daten. Sie haben die M\u00f6glichkeit, uns jederzeit zu kontaktieren, wenn Sie weitere Fragen bez\u00fcglich personenbezogener Daten haben.<\/div><\/div><div>\u00a0<\/div><div><div>Recht auf Verarbeitungseinschr\u00e4nkungen:<\/div><\/div><div><div>Es ist Ihnen gestattet, die Verarbeitung Ihrer personenbezogenen Daten zu begrenzen. Sie haben die M\u00f6glichkeit, sich jederzeit an uns zu wenden. In bestimmten Situationen besteht das Recht auf Einschr\u00e4nkung der Verarbeitung:<\/div><div>Wenn Sie einen Widerspruch gem\u00e4\u00df Artikel 21 Absatz 1 der Datenschutzgrundverordnung eingelegt haben, ist eine Abw\u00e4gung zwischen Ihren und unseren Interessen erforderlich. Sie haben das Recht, die Verarbeitung Ihrer personenbezogenen Daten einzuschr\u00e4nken, solange noch nicht klar ist, wessen Interessen \u00fcberwiegen.<\/div><div>In der Regel ben\u00f6tigen wir viel Zeit, um zu \u00fcberpr\u00fcfen, ob Ihre bei uns gespeicherten personenbezogenen Daten richtig sind. Sie haben das Recht, w\u00e4hrend der Pr\u00fcfung die Verarbeitung Ihrer personenbezogenen Daten einzuschr\u00e4nken.\u00a0<\/div><div><div>Sie k\u00f6nnen verlangen, dass die Verarbeitung Ihrer personenbezogenen Daten statt der L\u00f6schung eingeschr\u00e4nkt wird.<\/div><div>Sie haben das Recht, die Verarbeitung Ihrer personenbezogenen Daten statt ihrer L\u00f6schung einzuschr\u00e4nken, wenn wir sie nicht mehr ben\u00f6tigen.<\/div><div>Wenn Sie einen Widerspruch gem\u00e4\u00df Artikel 21 Absatz 1 der Datenschutzgrundverordnung eingelegt haben, ist eine Abw\u00e4gung zwischen Ihren und unseren Interessen erforderlich. Sie haben das Recht, die Verarbeitung Ihrer personenbezogenen Daten einzuschr\u00e4nken, solange noch nicht klar ist, wessen Interessen \u00fcberwiegen.<\/div><\/div><div><div>Wenn Sie die Verarbeitung Ihrer personenbezogenen Daten eingeschr\u00e4nkt haben, d\u00fcrfen sie nur mit Ihrer Einwilligung verarbeitet werden \u2013 von der Speicherung abgesehen \u2013 aus Gr\u00fcnden eines wichtigen \u00f6ffentlichen Interesses der Europ\u00e4ischen Union oder eines Mitgliedstaats oder zur Geltendmachung, Aus\u00fcbung oder Verteidigung von Rechtsanspr\u00fcchen oder zum Schutz der Rechte einer anderen nat\u00fcrlichen oder juristischen Person.<\/div><\/div><div>\u00a0<\/div><div>4. Datenerfassung auf dieser Website:<\/div><div>Cookies<\/div><div><div>So genannte &#8222;Cookies&#8220; werden auf unseren Websites verwendet. Cookies sind kleine Textdateien, die Ihr Ger\u00e4t nicht besch\u00e4digen. Sie werden auf Ihrem Endger\u00e4t entweder dauerhaft (permanente Cookies) oder vor\u00fcbergehend (Session-Cookies) f\u00fcr die Dauer einer Sitzung gespeichert. Nach Ende Ihres Besuchs werden Session-Cookies automatisch gel\u00f6scht. Bis Sie diese permanenten Cookies selbst l\u00f6schen oder eine automatische L\u00f6schung durch Ihren Webbrowser durchf\u00fchren, bleiben sie auf Ihrem Endger\u00e4t gespeichert.<\/div><div>Wenn Sie unsere Website besuchen, k\u00f6nnen auch Drittunternehmen Cookies auf Ihrem Ger\u00e4t speichern. Es wird durch diese Cookies m\u00f6glich, dass wir oder Sie bestimmte Dienstleistungen von Drittunternehmen nutzen k\u00f6nnen, wie beispielsweise die Abwicklung von Zahlungsdienstleistungen.<\/div><div><div>Cookies haben eine Vielzahl von Zwecken. Zahlreiche Cookies sind technisch erforderlich, da bestimmte Funktionen auf Websites wie die Anzeige von Videos oder der Warenkorb nicht funktionieren w\u00fcrden. Andere Cookies werden verwendet, um das Verhalten der Benutzer zu analysieren oder Werbung anzuzeigen.<\/div><\/div><div><div>Sofern keine andere Rechtsgrundlage angegeben wird, werden Cookies, die zur Durchf\u00fchrung des elektronischen Kommunikationsvorgangs, zur Bereitstellung von bestimmten Funktionen (z.B. f\u00fcr die Warenkorbfunktion) oder zur Optimierung der Website (z.B. zur Messung des Webpublikums) erforderlich sind (notwendige Cookies), gem\u00e4\u00df Artikel 6 Absatz 1 Absatz f der DSGVO gespeichert. Der Betreiber der Webseite hat ein legitimes Interesse daran, die erforderlichen Cookies zu speichern, um eine technisch fehlerfreie und optimierte Bereitstellung seiner Dienste sicherzustellen. Falls eine Zustimmung zur Speicherung von Cookies und \u00e4hnlichen Wiedererkennungstechnologien beantragt wurde, erfolgt die Verarbeitung ausschlie\u00dflich auf Basis dieser Zustimmung (Art. 6 Abs. 1 lit. a DSGVO und \u00a7 25 Abs. 1 TTDSG); die Zustimmung kann jederzeit widerrufen werden.<\/div><\/div><div><div>Sie Schlie\u00dfen, Schlie\u00dfen, Schlie\u00dfen, Schlie\u00dfen, Schlie\u00dfen, Schlie\u00dfen, Schlie\u00dfen, Schlie\u00dfen, Schlie\u00dfen, Schlie\u00dfen &#8211; Die Nutzung dieser Website kann beeintr\u00e4chtigt werden, wenn Sie die Cookies deaktivieren.<\/div><div>Falls Drittanbieter oder Analyseunternehmen Cookies verwenden, werden wir Sie in dieser Datenschutzerkl\u00e4rung separat dar\u00fcber informieren und ggf. eine Zustimmung abfragen.<\/div><div>\u00a0<\/div><div>Serverlog Dateien:<\/div><div><div>Ihr Browser sendet automatisch Server-Log-Dateien an uns, die vom Provider der Website erhoben und gespeichert werden. Hier sind sie:<\/div><div>Das verwendete Betriebssystem und der Browsertyp<\/div><div>Uhrzeit der Serveranfrage, Referrer URL, Hostname des zugreifenden Computers<\/div><div>Die IP-Adresse<\/div><div>Es wird keine Verbindung zwischen diesen Daten und anderen Datenquellen hergestellt.<\/div><\/div><div><div>Die Erfassung dieser Informationen erfolgt gem\u00e4\u00df Artikel 6 Absatz 1 Absatz f der Datenschutzgrundverordnung. Es ist erforderlich, die Server-Log-Files zu erfassen, um sicherzustellen, dass die Website technisch fehlerfrei dargestellt und optimiert wird.<\/div><div>\u00a0<\/div><div>Kontaktformular:<\/div><div><div>Wenn Sie uns Anfragen \u00fcber das Kontaktformular senden, werden Ihre Informationen, einschlie\u00dflich der Kontaktdaten, die Sie dort angegeben haben, f\u00fcr die Bearbeitung der Anfrage und f\u00fcr den Fall von Anschlussfragen bei uns gespeichert. Ohne Ihre Zustimmung werden wir diese Informationen nicht weitergeben.<\/div><div>Sofern Ihre Anfrage mit der Durchf\u00fchrung eines Vertrags oder zur Durchf\u00fchrung vorvertraglicher Ma\u00dfnahmen zusammenh\u00e4ngt, wird die Verarbeitung dieser Daten gem\u00e4\u00df Artikel 6 Absatz 1 Absatz b der Datenschutzgesetze durchgef\u00fchrt. Die Verarbeitung erfolgt in allen anderen F\u00e4llen aufgrund unseres berechtigten Interesses an einer effektiven Bearbeitung der an uns gerichteten Anfragen (Art. 6 Abs. 1 lit. f DSGVO) oder auf Ihrer Einwilligung (Art. 6 Abs. 1 lit. a DSGVO), sofern diese abgefragt wurde; die Einwilligung kann jederzeit widerrufen werden.<\/div><div><div>Die Informationen, die Sie im Kontaktformular eingegeben haben, bleiben bei uns, bis Sie uns darum bitten, sie zu l\u00f6schen, Ihre Einwilligung zur Speicherung widerrufen oder der Zweck der Speicherung entf\u00e4llt (z.B. nach abgeschlossener Bearbeitung Ihrer Anfrage).<\/div><div><div>\u00a0<\/div><div>Eine Anfrage kann per E-Mail, Telefon oder Telefax gestellt werden:<\/div><\/div><div><div>Falls Sie uns per E-Mail, Telefon oder Telefax kontaktieren, werden Ihre Bitte inklusive aller daraus resultierenden personenbezogenen Daten (Name, Anfrage) bei uns gespeichert und verarbeitet, um Ihr Anliegen zu bearbeiten. Ohne Ihre Zustimmung werden wir diese Informationen nicht weitergeben. Die Verarbeitung erfolgt in allen anderen F\u00e4llen aufgrund unseres berechtigten Interesses an einer effektiven Bearbeitung der an uns gerichteten Anfragen (Art. 6 Abs. 1 lit. f DSGVO) oder auf Ihrer Einwilligung (Art. 6 Abs. 1 lit. a DSGVO), sofern diese abgefragt wurde; die Einwilligung kann jederzeit widerrufen werden.<\/div><div><div>Die Daten, die Sie uns per Kontaktanfrage gesendet haben, bleiben bei uns, bis Sie uns dazu auffordern, sie zu l\u00f6schen, Ihre Einwilligung zur Speicherung widerrufen oder der Zweck der Speicherung entf\u00e4llt (z.B. nach Abschluss der Bearbeitung Ihres Anliegens). Die gesetzlichen Aufbewahrungsfristen und andere zwischenstaatliche Vorschriften bleiben unver\u00e4ndert.<\/div><\/div><div>\u00a0<\/div><div>5. Plugins und Tools:<\/div><div>Google WebFonts<\/div><div><div>Zur einheitlichen Darstellung von Schriftarten werden von Google bereitgestellte Web Fonts verwendet. Um Texte und Schriftarten korrekt anzuzeigen, l\u00e4dt Ihr Browser die erforderlichen Web Fonts in ihren Browsercache herunter.<\/div><div>Um dies zu erreichen, muss Ihr Browser eine Verbindung zu den Servern von Google herstellen. Google wird dadurch informiert, dass diese Website \u00fcber Ihre IP-Adresse aufgerufen wurde. Die Verwendung von Google WebFonts erfolgt gem\u00e4\u00df Artikel 6 Absatz 1 Absatz f der Datenschutzgrundverordnung. Der Betreiber der Website hat ein legitimes Interesse daran, dass das Schriftbild auf seiner Website einheitlich dargestellt wird. Sofern eine Einwilligung abgefragt wurde, erfolgt die Verarbeitung ausschlie\u00dflich gem\u00e4\u00df Art. 6 Abs. 1 lit. a DSGVO und \u00a7 25 Abs. 1 TTDSG. Sofern die Einwilligung nicht vorliegt, erfolgt die Verarbeitung nicht aufgrund der DSGVO.\u00a0<\/div><\/div><div><div>Wenn Ihr Browser Web Fonts nicht unterst\u00fctzt, verwendet Ihr Computer die Standardschrift.<\/div><div>\u00a0<\/div><div>Weitere Informationen zu Google Web Fonts k\u00f6nnen in der Datenschutzerkl\u00e4rung von Google unter https:\/\/policies.google.com\/privacy?hl=de und unter https:\/\/developers.google.com\/fonts\/faq gefunden werden.<\/div><div>\u00a0<\/div><div>Google Maps:<\/div><div><div>Google Maps ist ein Kartendienst, der auf dieser Website verwendet wird. Die Anbieterin ist Google Irland Limited, welche im Gordon House, Barrow Street, Dublin 4, Irland ans\u00e4ssig ist.<\/div><div>\u00a0<\/div><div>Um die Funktionen von Google Maps zu nutzen, m\u00fcssen Sie Ihre IP-Adresse speichern. Normalerweise werden diese Daten an einen Server in den USA von Google \u00fcbertragen und dort gespeichert. Die Daten\u00fcbertragung wird vom Anbieter dieser Website nicht beeinflusst. Wenn Google Maps aktiviert ist, kann Google Google Web Fonts verwenden, um Schriftarten einheitlich darzustellen. Um Texte und Schriftarten korrekt anzuzeigen, l\u00e4dt Ihr Browser die erforderlichen Web Fonts in ihren Browsercache herunter.<\/div><div><div>Google Maps wird verwendet, um unsere Online-Angebote ansprechend darzustellen und die von uns auf der Website angegebenen Orte leicht zu finden. Es gibt ein angemessenes Interesse gem\u00e4\u00df Artikel 6 Absatz 1 Absatz f der Datenschutzgrundverordnung. Sofern eine Zustimmung gefragt wurde, wird die Verarbeitung ausschlie\u00dflich gem\u00e4\u00df Art. 6 Abs. 1 lit. a DSGVO und \u00a7 25 Abs. 1 TTDSG durchgef\u00fchrt. Dies gilt insbesondere, wenn die Zustimmung die Speicherung von Cookies oder den Zugriff auf Informationen im Endger\u00e4t des Nutzers (z.B. Device-Fingerprinting) im Sinne des TTDSG beinhaltet. Die Zustimmung kann jederzeit widerrufen werden.<\/div><div>Die EU-Kommissionsstandardvertragsklauseln dienen als Grundlage f\u00fcr die Daten\u00fcbertragung in die USA. Sie k\u00f6nnen weitere Informationen unter https:\/\/privacy.google.com\/businesses\/gdprcontrollerterms\/ und https:\/\/privacy.google.com\/businesses\/gdprcontrollerterms\/sccs\/ erhalten.<\/div><div><div>Finden Sie weitere Details zum Umgang mit Nutzerdaten in der Datenschutzerkl\u00e4rung von Google unter https:\/\/policies.google.com\/privacy?hl=de.<\/div><div>Wir nutzen das Consent Tool &#8222;Real Cookie Banner&#8220; zur Verwaltung der verwendeten Cookies und \u00e4hnlichen Technologien (Tracking-Pixel, Web-Beacons usw.) sowie der damit verbundenen Einwilligungen. Sie k\u00f6nnen mehr Informationen \u00fcber die Funktionsweise von \u201eReal Cookie Banner\u201c unter https:\/\/devowl.io\/de\/rcb\/datenverarbeitung\/ erhalten.<\/div><div>Die Vorschriften des Art. 6 Abs. 1 lit. c und Art. 6 Abs. 1 lit. f DS-GVO dienen als Grundlage f\u00fcr die Verarbeitung personenbezogener Daten in diesem Kontext. Unser Ziel ist es, die Verwaltung der verwendeten Cookies und anderen Technologien sowie der Einwilligungen zu \u00fcberwachen.<\/div><div>Es ist weder vertraglich vorgeschrieben noch f\u00fcr den Abschluss eines Vertrages erforderlich, dass die personenbezogenen Daten bereitgestellt werden. Es liegt in Ihrer Verantwortung, keine personenbezogenen Daten preiszugeben. Wir k\u00f6nnen Ihre Zustimmung erhalten, wenn Sie die personenbezogenen Daten nicht preisgeben.\u00a0<\/div><div>\u00a0<\/div><div>\u00a0<\/div><div>\u00a0<\/div><\/div><\/div><\/div><\/div><\/div><\/div><\/div><\/div><\/div><\/div><\/div><\/div><\/div><\/div>\t\t\t\t\t\t\t\t<\/div>\n\t\t\t\t<\/div>\n\t\t\t\t<div class=\"elementor-element elementor-element-6380b30 elementor-widget elementor-widget-heading\" data-id=\"6380b30\" data-element_type=\"widget\" data-widget_type=\"heading.default\">\n\t\t\t\t<div class=\"elementor-widget-container\">\n\t\t\t\t\t<h2 class=\"elementor-heading-title elementor-size-default\">Impressum:<\/h2>\t\t\t\t<\/div>\n\t\t\t\t<\/div>\n\t\t\t\t<div class=\"elementor-element elementor-element-6672fca elementor-widget elementor-widget-text-editor\" data-id=\"6672fca\" data-element_type=\"widget\" data-widget_type=\"text-editor.default\">\n\t\t\t\t<div class=\"elementor-widget-container\">\n\t\t\t\t\t\t\t\t\t<p>Angaben gem\u00e4\u00df \u00a7 5 TMG<br><\/p>\n<p>Kontakt<\/p>\n<p>Miet-&amp;Transportservice Ellner<\/p>\n<p>Ringstra\u00dfe 20, 95336 Mainleus<\/p>\n<p>Inhaber: Daniel Ellner<\/p>\n<p>Telefon: 0151\/64307513<br>E-Mail:&nbsp;miet-transportservice.ellner@mail.de<\/p>\n<p>Umsatzsteuer-ID<br>Umsatzsteuer-Identifikationsnummer gem\u00e4\u00df \u00a7 27 a Umsatzsteuergesetz:<br>DE 361108766<\/p>\n<p class=\"MsoNormal\">Gem\u00e4\u00df \u00a7 19 Abs.1 UStG wird keine<br>Umsatzsteuer ausgewiesen.&nbsp;<o:p><\/o:p><\/p>\n<p>EU-Streitschlichtung<br>Die&nbsp;Europ\u00e4ische Kommission stellt eine Plattform zur Online-Streitbeilegung (OS) bereit: https:\/\/ec.europa.eu\/consumers\/odr\/.<br>Unsere E-Mail-Adresse finden Sie oben im Impressum.<\/p>\n<p>Verbraucher\u00adstreit\u00adbeilegung\/Universal\u00adschlichtungs\u00adstelle<br>Wir sind nicht bereit oder verpflichtet, an Streitbeilegungsverfahren vor einer Verbraucherschlichtungsstelle teilzunehmen.<\/p>\t\t\t\t\t\t\t\t<\/div>\n\t\t\t\t<\/div>\n\t\t\t\t\t<\/div>\n\t\t<\/div>\n\t\t\t\t\t<\/div>\n\t\t<\/section>\n\t\t\t\t<section class=\"elementor-section elementor-top-section elementor-element elementor-element-a92f4ca elementor-section-content-middle elementor-section-boxed elementor-section-height-default elementor-section-height-default\" data-id=\"a92f4ca\" data-element_type=\"section\" data-settings=\"{&quot;background_background&quot;:&quot;classic&quot;}\">\n\t\t\t\t\t\t<div class=\"elementor-container elementor-column-gap-no\">\n\t\t\t\t\t<div class=\"elementor-column elementor-col-100 elementor-top-column elementor-element elementor-element-cdd9f65\" data-id=\"cdd9f65\" data-element_type=\"column\">\n\t\t\t<div class=\"elementor-widget-wrap elementor-element-populated\">\n\t\t\t\t\t\t<div class=\"elementor-element elementor-element-dec0ad7 elementor-view-stacked elementor-shape-circle elementor-invisible elementor-widget elementor-widget-icon\" data-id=\"dec0ad7\" data-element_type=\"widget\" data-settings=\"{&quot;_animation&quot;:&quot;bounceIn&quot;}\" data-widget_type=\"icon.default\">\n\t\t\t\t<div class=\"elementor-widget-container\">\n\t\t\t\t\t\t\t<div class=\"elementor-icon-wrapper\">\n\t\t\t<div class=\"elementor-icon\">\n\t\t\t<svg aria-hidden=\"true\" class=\"e-font-icon-svg e-fas-phone\" viewBox=\"0 0 512 512\" xmlns=\"http:\/\/www.w3.org\/2000\/svg\"><path d=\"M493.4 24.6l-104-24c-11.3-2.6-22.9 3.3-27.5 13.9l-48 112c-4.2 9.8-1.4 21.3 6.9 28l60.6 49.6c-36 76.7-98.9 140.5-177.2 177.2l-49.6-60.6c-6.8-8.3-18.2-11.1-28-6.9l-112 48C3.9 366.5-2 378.1.6 389.4l24 104C27.1 504.2 36.7 512 48 512c256.1 0 464-207.5 464-464 0-11.2-7.7-20.9-18.6-23.4z\"><\/path><\/svg>\t\t\t<\/div>\n\t\t<\/div>\n\t\t\t\t\t\t<\/div>\n\t\t\t\t<\/div>\n\t\t\t\t<div class=\"elementor-element elementor-element-ea3d77f elementor-view-stacked elementor-shape-circle elementor-invisible elementor-widget elementor-widget-icon\" data-id=\"ea3d77f\" data-element_type=\"widget\" data-settings=\"{&quot;_animation&quot;:&quot;bounceIn&quot;}\" data-widget_type=\"icon.default\">\n\t\t\t\t<div class=\"elementor-widget-container\">\n\t\t\t\t\t\t\t<div class=\"elementor-icon-wrapper\">\n\t\t\t<a class=\"elementor-icon\" href=\"http:\/\/Wa.me\/+4915164307513\">\n\t\t\t<svg aria-hidden=\"true\" class=\"e-font-icon-svg e-fab-whatsapp\" viewBox=\"0 0 448 512\" xmlns=\"http:\/\/www.w3.org\/2000\/svg\"><path d=\"M380.9 97.1C339 55.1 283.2 32 223.9 32c-122.4 0-222 99.6-222 222 0 39.1 10.2 77.3 29.6 111L0 480l117.7-30.9c32.4 17.7 68.9 27 106.1 27h.1c122.3 0 224.1-99.6 224.1-222 0-59.3-25.2-115-67.1-157zm-157 341.6c-33.2 0-65.7-8.9-94-25.7l-6.7-4-69.8 18.3L72 359.2l-4.4-7c-18.5-29.4-28.2-63.3-28.2-98.2 0-101.7 82.8-184.5 184.6-184.5 49.3 0 95.6 19.2 130.4 54.1 34.8 34.9 56.2 81.2 56.1 130.5 0 101.8-84.9 184.6-186.6 184.6zm101.2-138.2c-5.5-2.8-32.8-16.2-37.9-18-5.1-1.9-8.8-2.8-12.5 2.8-3.7 5.6-14.3 18-17.6 21.8-3.2 3.7-6.5 4.2-12 1.4-32.6-16.3-54-29.1-75.5-66-5.7-9.8 5.7-9.1 16.3-30.3 1.8-3.7.9-6.9-.5-9.7-1.4-2.8-12.5-30.1-17.1-41.2-4.5-10.8-9.1-9.3-12.5-9.5-3.2-.2-6.9-.2-10.6-.2-3.7 0-9.7 1.4-14.8 6.9-5.1 5.6-19.4 19-19.4 46.3 0 27.3 19.9 53.7 22.6 57.4 2.8 3.7 39.1 59.7 94.8 83.8 35.2 15.2 49 16.5 66.6 13.9 10.7-1.6 32.8-13.4 37.4-26.4 4.6-13 4.6-24.1 3.2-26.4-1.3-2.5-5-3.9-10.5-6.6z\"><\/path><\/svg>\t\t\t<\/a>\n\t\t<\/div>\n\t\t\t\t\t\t<\/div>\n\t\t\t\t<\/div>\n\t\t\t\t<div class=\"elementor-element elementor-element-31601e0 elementor-invisible elementor-widget elementor-widget-heading\" data-id=\"31601e0\" data-element_type=\"widget\" data-settings=\"{&quot;_animation&quot;:&quot;bounceIn&quot;}\" data-widget_type=\"heading.default\">\n\t\t\t\t<div class=\"elementor-widget-container\">\n\t\t\t\t\t<h2 class=\"elementor-heading-title elementor-size-default\">0151\/64307513<\/h2>\t\t\t\t<\/div>\n\t\t\t\t<\/div>\n\t\t\t\t<div class=\"elementor-element elementor-element-b0ce6ad elementor-invisible elementor-widget elementor-widget-image\" data-id=\"b0ce6ad\" data-element_type=\"widget\" data-settings=\"{&quot;_animation&quot;:&quot;fadeIn&quot;}\" data-widget_type=\"image.default\">\n\t\t\t\t<div class=\"elementor-widget-container\">\n\t\t\t\t\t\t\t\t\t\t\t\t\t\t\t<img decoding=\"async\" width=\"1024\" height=\"1024\" src=\"https:\/\/demietservice.de\/wp-content\/uploads\/2023\/11\/cropped-Zeichenflaeche-1-7-160x160.png\" class=\"attachment-large size-large wp-image-1482\" alt=\"\" srcset=\"https:\/\/demietservice.de\/wp-content\/uploads\/2023\/11\/cropped-Zeichenflaeche-1-7-1024x1024.png 1024w, https:\/\/demietservice.de\/wp-content\/uploads\/2023\/11\/cropped-Zeichenflaeche-1-7-300x300.png 300w, https:\/\/demietservice.de\/wp-content\/uploads\/2023\/11\/cropped-Zeichenflaeche-1-7-150x150.png 150w, https:\/\/demietservice.de\/wp-content\/uploads\/2023\/11\/cropped-Zeichenflaeche-1-7-768x768.png 768w, https:\/\/demietservice.de\/wp-content\/uploads\/2023\/11\/cropped-Zeichenflaeche-1-7-160x160.png 160w, https:\/\/demietservice.de\/wp-content\/uploads\/2023\/11\/cropped-Zeichenflaeche-1-7.png 1080w\" sizes=\"(max-width: 1024px) 100vw, 1024px\" \/>\t\t\t\t\t\t\t\t\t\t\t\t\t\t\t<\/div>\n\t\t\t\t<\/div>\n\t\t\t\t<div class=\"elementor-element elementor-element-fb24c0f elementor-invisible elementor-widget elementor-widget-heading\" data-id=\"fb24c0f\" data-element_type=\"widget\" data-settings=\"{&quot;_animation&quot;:&quot;fadeIn&quot;}\" data-widget_type=\"heading.default\">\n\t\t\t\t<div class=\"elementor-widget-container\">\n\t\t\t\t\t<h2 class=\"elementor-heading-title elementor-size-default\">MIETSERVICE<\/h2>\t\t\t\t<\/div>\n\t\t\t\t<\/div>\n\t\t\t\t\t<\/div>\n\t\t<\/div>\n\t\t\t\t\t<\/div>\n\t\t<\/section>\n\t\t<div class=\"elementor-element elementor-element-4a3e80d e-con-full e-flex elementor-invisible e-con e-parent\" data-id=\"4a3e80d\" data-element_type=\"container\" data-settings=\"{&quot;animation&quot;:&quot;fadeIn&quot;,&quot;background_background&quot;:&quot;classic&quot;}\">\n\t\t\t\t<div class=\"elementor-element elementor-element-91ae06f elementor-widget elementor-widget-google_maps\" data-id=\"91ae06f\" data-element_type=\"widget\" data-widget_type=\"google_maps.default\">\n\t\t\t\t<div class=\"elementor-widget-container\">\n\t\t\t\t\t\t\t<div class=\"elementor-custom-embed\">\n\t\t\t<iframe loading=\"lazy\"\n\t\t\t\t\tsrc=\"https:\/\/maps.google.com\/maps?q=Ringstra%C3%9Fe%2020%2C%2095336%20Mainleus&#038;t=m&#038;z=17&#038;output=embed&#038;iwloc=near\"\n\t\t\t\t\ttitle=\"Ringstra\u00dfe 20, 95336 Mainleus\"\n\t\t\t\t\taria-label=\"Ringstra\u00dfe 20, 95336 Mainleus\"\n\t\t\t><\/iframe>\n\t\t<\/div>\n\t\t\t\t\t\t<\/div>\n\t\t\t\t<\/div>\n\t\t\t\t<\/div>\n\t\t\t\t<\/div>\n\t\t","protected":false},"excerpt":{"rendered":"<p>Datenschutz \/ Impressum Mobil: 0151\/64307513 Datenschutzerkl\u00e4rung: 1. Datenschutz Allgemeine Hinweise: Die folgenden Hinweise geben einen kurzen \u00dcberblick dar\u00fcber, was mit Ihren personenbezogenen Daten passiert, wenn Sie diese Website besuchen. Personenbezogene Daten sind alle Daten, mit denen Sie pers\u00f6nlich identifiziert werden k\u00f6nnen. Ausf\u00fchrliche Informationen zum Thema Datenschutz finden Sie in unserer unter diesem Artikel aufgef\u00fchrten Datenschutzerkl\u00e4rung. &hellip;<\/p>\n<p class=\"read-more\"> <a class=\"\" href=\"https:\/\/demietservice.de\/index.php\/datenschutzerklaerung\/\"> <span class=\"screen-reader-text\">Datenschutz\/Impressum<\/span> Weiterlesen &raquo;<\/a><\/p>\n","protected":false},"author":2,"featured_media":0,"parent":0,"menu_order":0,"comment_status":"closed","ping_status":"closed","template":"","meta":{"site-sidebar-layout":"no-sidebar","site-content-layout":"page-builder","ast-site-content-layout":"full-width-container","site-content-style":"unboxed","site-sidebar-style":"unboxed","ast-global-header-display":"","ast-banner-title-visibility":"","ast-main-header-display":"","ast-hfb-above-header-display":"","ast-hfb-below-header-display":"","ast-hfb-mobile-header-display":"","site-post-title":"disabled","ast-breadcrumbs-content":"","ast-featured-img":"disabled","footer-sml-layout":"","theme-transparent-header-meta":"enabled","adv-header-id-meta":"","stick-header-meta":"","header-above-stick-meta":"","header-main-stick-meta":"","header-below-stick-meta":"","astra-migrate-meta-layouts":"set","ast-page-background-enabled":"default","ast-page-background-meta":{"desktop":{"background-color":"","background-image":"","background-repeat":"repeat","background-position":"center center","background-size":"auto","background-attachment":"scroll","background-type":"","background-media":"","overlay-type":"","overlay-color":"","overlay-gradient":""},"tablet":{"background-color":"","background-image":"","background-repeat":"repeat","background-position":"center center","background-size":"auto","background-attachment":"scroll","background-type":"","background-media":"","overlay-type":"","overlay-color":"","overlay-gradient":""},"mobile":{"background-color":"","background-image":"","background-repeat":"repeat","background-position":"center center","background-size":"auto","background-attachment":"scroll","background-type":"","background-media":"","overlay-type":"","overlay-color":"","overlay-gradient":""}},"ast-content-background-meta":{"desktop":{"background-color":"var(--ast-global-color-5)","background-image":"","background-repeat":"repeat","background-position":"center center","background-size":"auto","background-attachment":"scroll","background-type":"","background-media":"","overlay-type":"","overlay-color":"","overlay-gradient":""},"tablet":{"background-color":"var(--ast-global-color-5)","background-image":"","background-repeat":"repeat","background-position":"center center","background-size":"auto","background-attachment":"scroll","background-type":"","background-media":"","overlay-type":"","overlay-color":"","overlay-gradient":""},"mobile":{"background-color":"var(--ast-global-color-5)","background-image":"","background-repeat":"repeat","background-position":"center center","background-size":"auto","background-attachment":"scroll","background-type":"","background-media":"","overlay-type":"","overlay-color":"","overlay-gradient":""}},"_joinchat":[],"footnotes":""},"class_list":["post-1542","page","type-page","status-publish","hentry"],"yoast_head":"<!-- This site is optimized with the Yoast SEO plugin v25.9 - https:\/\/yoast.com\/wordpress\/plugins\/seo\/ -->\n<title>Datenschutz\/Impressum - demietservice - Anh\u00e4ngervermietung<\/title>\n<meta name=\"robots\" content=\"index, follow, max-snippet:-1, max-image-preview:large, max-video-preview:-1\" \/>\n<link rel=\"canonical\" href=\"https:\/\/demietservice.de\/index.php\/datenschutzerklaerung\/\" \/>\n<meta property=\"og:locale\" content=\"de_DE\" \/>\n<meta property=\"og:type\" content=\"article\" \/>\n<meta property=\"og:title\" content=\"Datenschutz\/Impressum - demietservice - Anh\u00e4ngervermietung\" \/>\n<meta property=\"og:description\" content=\"Datenschutz \/ Impressum Mobil: 0151\/64307513 Datenschutzerkl\u00e4rung: 1. Datenschutz Allgemeine Hinweise: Die folgenden Hinweise geben einen kurzen \u00dcberblick dar\u00fcber, was mit Ihren personenbezogenen Daten passiert, wenn Sie diese Website besuchen. Personenbezogene Daten sind alle Daten, mit denen Sie pers\u00f6nlich identifiziert werden k\u00f6nnen. Ausf\u00fchrliche Informationen zum Thema Datenschutz finden Sie in unserer unter diesem Artikel aufgef\u00fchrten Datenschutzerkl\u00e4rung. &hellip; Datenschutz\/Impressum Weiterlesen &raquo;\" \/>\n<meta property=\"og:url\" content=\"https:\/\/demietservice.de\/index.php\/datenschutzerklaerung\/\" \/>\n<meta property=\"og:site_name\" content=\"demietservice - Anh\u00e4ngervermietung\" \/>\n<meta property=\"article:publisher\" content=\"https:\/\/www.facebook.com\/people\/Miet-Transportservice-Ellner\/61551046441101\/\" \/>\n<meta property=\"article:modified_time\" content=\"2025-11-13T11:37:22+00:00\" \/>\n<meta property=\"og:image\" content=\"https:\/\/demietservice.de\/wp-content\/uploads\/2023\/11\/Zeichenflaeche-1-15-e1700509822883.png\" \/>\n\t<meta property=\"og:image:width\" content=\"1080\" \/>\n\t<meta property=\"og:image:height\" content=\"615\" \/>\n\t<meta property=\"og:image:type\" content=\"image\/png\" \/>\n<meta name=\"twitter:card\" content=\"summary_large_image\" \/>\n<meta name=\"twitter:label1\" content=\"Gesch\u00e4tzte Lesezeit\" \/>\n\t<meta name=\"twitter:data1\" content=\"17\u00a0Minuten\" \/>\n<script type=\"application\/ld+json\" class=\"yoast-schema-graph\">{\"@context\":\"https:\/\/schema.org\",\"@graph\":[{\"@type\":\"WebPage\",\"@id\":\"https:\/\/demietservice.de\/index.php\/datenschutzerklaerung\/\",\"url\":\"https:\/\/demietservice.de\/index.php\/datenschutzerklaerung\/\",\"name\":\"Datenschutz\/Impressum - demietservice - Anh\u00e4ngervermietung\",\"isPartOf\":{\"@id\":\"https:\/\/demietservice.de\/#website\"},\"primaryImageOfPage\":{\"@id\":\"https:\/\/demietservice.de\/index.php\/datenschutzerklaerung\/#primaryimage\"},\"image\":{\"@id\":\"https:\/\/demietservice.de\/index.php\/datenschutzerklaerung\/#primaryimage\"},\"thumbnailUrl\":\"http:\/\/demietservice.de\/wp-content\/uploads\/2023\/11\/Zeichenflaeche-1-15-e1700509822883-1024x583.png\",\"datePublished\":\"2023-11-20T13:48:37+00:00\",\"dateModified\":\"2025-11-13T11:37:22+00:00\",\"breadcrumb\":{\"@id\":\"https:\/\/demietservice.de\/index.php\/datenschutzerklaerung\/#breadcrumb\"},\"inLanguage\":\"de\",\"potentialAction\":[{\"@type\":\"ReadAction\",\"target\":[\"https:\/\/demietservice.de\/index.php\/datenschutzerklaerung\/\"]}]},{\"@type\":\"ImageObject\",\"inLanguage\":\"de\",\"@id\":\"https:\/\/demietservice.de\/index.php\/datenschutzerklaerung\/#primaryimage\",\"url\":\"https:\/\/demietservice.de\/wp-content\/uploads\/2023\/11\/Zeichenflaeche-1-15-e1700509822883.png\",\"contentUrl\":\"https:\/\/demietservice.de\/wp-content\/uploads\/2023\/11\/Zeichenflaeche-1-15-e1700509822883.png\",\"width\":1080,\"height\":615},{\"@type\":\"BreadcrumbList\",\"@id\":\"https:\/\/demietservice.de\/index.php\/datenschutzerklaerung\/#breadcrumb\",\"itemListElement\":[{\"@type\":\"ListItem\",\"position\":1,\"name\":\"Startseite\",\"item\":\"https:\/\/demietservice.de\/\"},{\"@type\":\"ListItem\",\"position\":2,\"name\":\"Datenschutz\/Impressum\"}]},{\"@type\":\"WebSite\",\"@id\":\"https:\/\/demietservice.de\/#website\",\"url\":\"https:\/\/demietservice.de\/\",\"name\":\"demietservice - Anh\u00e4ngervermietung\",\"description\":\"demietservice\",\"publisher\":{\"@id\":\"https:\/\/demietservice.de\/#organization\"},\"alternateName\":\"demietservice\",\"potentialAction\":[{\"@type\":\"SearchAction\",\"target\":{\"@type\":\"EntryPoint\",\"urlTemplate\":\"https:\/\/demietservice.de\/?s={search_term_string}\"},\"query-input\":{\"@type\":\"PropertyValueSpecification\",\"valueRequired\":true,\"valueName\":\"search_term_string\"}}],\"inLanguage\":\"de\"},{\"@type\":\"Organization\",\"@id\":\"https:\/\/demietservice.de\/#organization\",\"name\":\"demietservice - Anh\u00e4ngervermietung\",\"alternateName\":\"demietservice\",\"url\":\"https:\/\/demietservice.de\/\",\"logo\":{\"@type\":\"ImageObject\",\"inLanguage\":\"de\",\"@id\":\"https:\/\/demietservice.de\/#\/schema\/logo\/image\/\",\"url\":\"https:\/\/demietservice.de\/wp-content\/uploads\/2023\/11\/cropped-Zeichenflaeche-1-7.png\",\"contentUrl\":\"https:\/\/demietservice.de\/wp-content\/uploads\/2023\/11\/cropped-Zeichenflaeche-1-7.png\",\"width\":1080,\"height\":1080,\"caption\":\"demietservice - Anh\u00e4ngervermietung\"},\"image\":{\"@id\":\"https:\/\/demietservice.de\/#\/schema\/logo\/image\/\"},\"sameAs\":[\"https:\/\/www.facebook.com\/people\/Miet-Transportservice-Ellner\/61551046441101\/\",\"https:\/\/instagram.com\/mietundtransportservice_ellner?igshid=MmVlMjlkMTBhMg&utm_source=qr\",\"https:\/\/mail.de\/de\/miet-transportservice.ellner@mail.de\",\"https:\/\/www.kleinanzeigen.de\/s-bestandsliste.html?userId=132698944&utm_source=whatsapp&utm_campaign=socialbuttons&utm_medium=social_profil&utm_content=app_ios\"]}]}<\/script>\n<!-- \/ Yoast SEO plugin. -->","yoast_head_json":{"title":"Datenschutz\/Impressum - demietservice - Anh\u00e4ngervermietung","robots":{"index":"index","follow":"follow","max-snippet":"max-snippet:-1","max-image-preview":"max-image-preview:large","max-video-preview":"max-video-preview:-1"},"canonical":"https:\/\/demietservice.de\/index.php\/datenschutzerklaerung\/","og_locale":"de_DE","og_type":"article","og_title":"Datenschutz\/Impressum - demietservice - Anh\u00e4ngervermietung","og_description":"Datenschutz \/ Impressum Mobil: 0151\/64307513 Datenschutzerkl\u00e4rung: 1. Datenschutz Allgemeine Hinweise: Die folgenden Hinweise geben einen kurzen \u00dcberblick dar\u00fcber, was mit Ihren personenbezogenen Daten passiert, wenn Sie diese Website besuchen. Personenbezogene Daten sind alle Daten, mit denen Sie pers\u00f6nlich identifiziert werden k\u00f6nnen. Ausf\u00fchrliche Informationen zum Thema Datenschutz finden Sie in unserer unter diesem Artikel aufgef\u00fchrten Datenschutzerkl\u00e4rung. &hellip; Datenschutz\/Impressum Weiterlesen &raquo;","og_url":"https:\/\/demietservice.de\/index.php\/datenschutzerklaerung\/","og_site_name":"demietservice - Anh\u00e4ngervermietung","article_publisher":"https:\/\/www.facebook.com\/people\/Miet-Transportservice-Ellner\/61551046441101\/","article_modified_time":"2025-11-13T11:37:22+00:00","og_image":[{"width":1080,"height":615,"url":"https:\/\/demietservice.de\/wp-content\/uploads\/2023\/11\/Zeichenflaeche-1-15-e1700509822883.png","type":"image\/png"}],"twitter_card":"summary_large_image","twitter_misc":{"Gesch\u00e4tzte Lesezeit":"17\u00a0Minuten"},"schema":{"@context":"https:\/\/schema.org","@graph":[{"@type":"WebPage","@id":"https:\/\/demietservice.de\/index.php\/datenschutzerklaerung\/","url":"https:\/\/demietservice.de\/index.php\/datenschutzerklaerung\/","name":"Datenschutz\/Impressum - demietservice - Anh\u00e4ngervermietung","isPartOf":{"@id":"https:\/\/demietservice.de\/#website"},"primaryImageOfPage":{"@id":"https:\/\/demietservice.de\/index.php\/datenschutzerklaerung\/#primaryimage"},"image":{"@id":"https:\/\/demietservice.de\/index.php\/datenschutzerklaerung\/#primaryimage"},"thumbnailUrl":"http:\/\/demietservice.de\/wp-content\/uploads\/2023\/11\/Zeichenflaeche-1-15-e1700509822883-1024x583.png","datePublished":"2023-11-20T13:48:37+00:00","dateModified":"2025-11-13T11:37:22+00:00","breadcrumb":{"@id":"https:\/\/demietservice.de\/index.php\/datenschutzerklaerung\/#breadcrumb"},"inLanguage":"de","potentialAction":[{"@type":"ReadAction","target":["https:\/\/demietservice.de\/index.php\/datenschutzerklaerung\/"]}]},{"@type":"ImageObject","inLanguage":"de","@id":"https:\/\/demietservice.de\/index.php\/datenschutzerklaerung\/#primaryimage","url":"https:\/\/demietservice.de\/wp-content\/uploads\/2023\/11\/Zeichenflaeche-1-15-e1700509822883.png","contentUrl":"https:\/\/demietservice.de\/wp-content\/uploads\/2023\/11\/Zeichenflaeche-1-15-e1700509822883.png","width":1080,"height":615},{"@type":"BreadcrumbList","@id":"https:\/\/demietservice.de\/index.php\/datenschutzerklaerung\/#breadcrumb","itemListElement":[{"@type":"ListItem","position":1,"name":"Startseite","item":"https:\/\/demietservice.de\/"},{"@type":"ListItem","position":2,"name":"Datenschutz\/Impressum"}]},{"@type":"WebSite","@id":"https:\/\/demietservice.de\/#website","url":"https:\/\/demietservice.de\/","name":"demietservice - Anh\u00e4ngervermietung","description":"demietservice","publisher":{"@id":"https:\/\/demietservice.de\/#organization"},"alternateName":"demietservice","potentialAction":[{"@type":"SearchAction","target":{"@type":"EntryPoint","urlTemplate":"https:\/\/demietservice.de\/?s={search_term_string}"},"query-input":{"@type":"PropertyValueSpecification","valueRequired":true,"valueName":"search_term_string"}}],"inLanguage":"de"},{"@type":"Organization","@id":"https:\/\/demietservice.de\/#organization","name":"demietservice - Anh\u00e4ngervermietung","alternateName":"demietservice","url":"https:\/\/demietservice.de\/","logo":{"@type":"ImageObject","inLanguage":"de","@id":"https:\/\/demietservice.de\/#\/schema\/logo\/image\/","url":"https:\/\/demietservice.de\/wp-content\/uploads\/2023\/11\/cropped-Zeichenflaeche-1-7.png","contentUrl":"https:\/\/demietservice.de\/wp-content\/uploads\/2023\/11\/cropped-Zeichenflaeche-1-7.png","width":1080,"height":1080,"caption":"demietservice - Anh\u00e4ngervermietung"},"image":{"@id":"https:\/\/demietservice.de\/#\/schema\/logo\/image\/"},"sameAs":["https:\/\/www.facebook.com\/people\/Miet-Transportservice-Ellner\/61551046441101\/","https:\/\/instagram.com\/mietundtransportservice_ellner?igshid=MmVlMjlkMTBhMg&utm_source=qr","https:\/\/mail.de\/de\/miet-transportservice.ellner@mail.de","https:\/\/www.kleinanzeigen.de\/s-bestandsliste.html?userId=132698944&utm_source=whatsapp&utm_campaign=socialbuttons&utm_medium=social_profil&utm_content=app_ios"]}]}},"_links":{"self":[{"href":"https:\/\/demietservice.de\/index.php\/wp-json\/wp\/v2\/pages\/1542","targetHints":{"allow":["GET"]}}],"collection":[{"href":"https:\/\/demietservice.de\/index.php\/wp-json\/wp\/v2\/pages"}],"about":[{"href":"https:\/\/demietservice.de\/index.php\/wp-json\/wp\/v2\/types\/page"}],"author":[{"embeddable":true,"href":"https:\/\/demietservice.de\/index.php\/wp-json\/wp\/v2\/users\/2"}],"replies":[{"embeddable":true,"href":"https:\/\/demietservice.de\/index.php\/wp-json\/wp\/v2\/comments?post=1542"}],"version-history":[{"count":49,"href":"https:\/\/demietservice.de\/index.php\/wp-json\/wp\/v2\/pages\/1542\/revisions"}],"predecessor-version":[{"id":2817,"href":"https:\/\/demietservice.de\/index.php\/wp-json\/wp\/v2\/pages\/1542\/revisions\/2817"}],"wp:attachment":[{"href":"https:\/\/demietservice.de\/index.php\/wp-json\/wp\/v2\/media?parent=1542"}],"curies":[{"name":"wp","href":"https:\/\/api.w.org\/{rel}","templated":true}]}}