{"id":1603,"date":"2023-11-20T18:01:07","date_gmt":"2023-11-20T17:01:07","guid":{"rendered":"https:\/\/demietservice.de\/?page_id=1603"},"modified":"2026-04-27T21:47:22","modified_gmt":"2026-04-27T19:47:22","slug":"infos","status":"publish","type":"page","link":"https:\/\/demietservice.de\/index.php\/infos\/","title":{"rendered":"Mietbedingungen\/FAQ\/AGB\u00b4S\/Infos"},"content":{"rendered":"\t\t<div data-elementor-type=\"wp-page\" data-elementor-id=\"1603\" class=\"elementor elementor-1603\">\n\t\t\t\t<div class=\"elementor-element elementor-element-cacd54b e-flex e-con-boxed e-con e-parent\" data-id=\"cacd54b\" data-element_type=\"container\" data-settings=\"{&quot;background_background&quot;:&quot;classic&quot;}\">\n\t\t\t\t\t<div class=\"e-con-inner\">\n\t\t<div class=\"elementor-element elementor-element-0a2df07 e-con-full e-flex e-con e-child\" data-id=\"0a2df07\" data-element_type=\"container\">\n\t\t\t\t<div class=\"elementor-element elementor-element-5b64713 elementor-widget elementor-widget-spacer\" data-id=\"5b64713\" data-element_type=\"widget\" data-widget_type=\"spacer.default\">\n\t\t\t\t<div class=\"elementor-widget-container\">\n\t\t\t\t\t\t\t<div class=\"elementor-spacer\">\n\t\t\t<div class=\"elementor-spacer-inner\"><\/div>\n\t\t<\/div>\n\t\t\t\t\t\t<\/div>\n\t\t\t\t<\/div>\n\t\t\t\t<div class=\"elementor-element elementor-element-4552a42 elementor-widget__width-initial elementor-widget elementor-widget-image\" data-id=\"4552a42\" data-element_type=\"widget\" data-widget_type=\"image.default\">\n\t\t\t\t<div class=\"elementor-widget-container\">\n\t\t\t\t\t\t\t\t\t\t\t\t\t\t\t<img fetchpriority=\"high\" decoding=\"async\" width=\"1024\" height=\"583\" src=\"https:\/\/demietservice.de\/wp-content\/uploads\/2023\/11\/Zeichenflaeche-1-15-e1700509822883-1024x583.png\" class=\"attachment-large size-large wp-image-1707\" alt=\"\" srcset=\"https:\/\/demietservice.de\/wp-content\/uploads\/2023\/11\/Zeichenflaeche-1-15-e1700509822883-1024x583.png 1024w, https:\/\/demietservice.de\/wp-content\/uploads\/2023\/11\/Zeichenflaeche-1-15-e1700509822883-300x171.png 300w, https:\/\/demietservice.de\/wp-content\/uploads\/2023\/11\/Zeichenflaeche-1-15-e1700509822883-768x437.png 768w, https:\/\/demietservice.de\/wp-content\/uploads\/2023\/11\/Zeichenflaeche-1-15-e1700509822883.png 1080w\" sizes=\"(max-width: 1024px) 100vw, 1024px\" \/>\t\t\t\t\t\t\t\t\t\t\t\t\t\t\t<\/div>\n\t\t\t\t<\/div>\n\t\t\t\t<\/div>\n\t\t<div class=\"elementor-element elementor-element-dd36f38 e-con-full e-flex e-con e-child\" data-id=\"dd36f38\" data-element_type=\"container\">\n\t\t\t\t<div class=\"elementor-element elementor-element-3cd74b4 elementor-widget elementor-widget-spacer\" data-id=\"3cd74b4\" data-element_type=\"widget\" data-widget_type=\"spacer.default\">\n\t\t\t\t<div class=\"elementor-widget-container\">\n\t\t\t\t\t\t\t<div class=\"elementor-spacer\">\n\t\t\t<div class=\"elementor-spacer-inner\"><\/div>\n\t\t<\/div>\n\t\t\t\t\t\t<\/div>\n\t\t\t\t<\/div>\n\t\t\t\t<div class=\"elementor-element elementor-element-e340140 elementor-widget-tablet__width-initial elementor-widget__width-initial elementor-widget elementor-widget-heading\" data-id=\"e340140\" data-element_type=\"widget\" data-widget_type=\"heading.default\">\n\t\t\t\t<div class=\"elementor-widget-container\">\n\t\t\t\t\t<h2 class=\"elementor-heading-title elementor-size-default\">Mietbedingungen\/ Infos\/FAQ\/AGB\u00b4S<\/h2>\t\t\t\t<\/div>\n\t\t\t\t<\/div>\n\t\t\t\t<div class=\"elementor-element elementor-element-462fd13 elementor-widget-mobile__width-initial elementor-align-center elementor-mobile-align-left elementor-widget elementor-widget-button\" data-id=\"462fd13\" data-element_type=\"widget\" data-widget_type=\"button.default\">\n\t\t\t\t<div class=\"elementor-widget-container\">\n\t\t\t\t\t\t\t\t\t<div class=\"elementor-button-wrapper\">\n\t\t\t\t\t<a class=\"elementor-button elementor-button-link elementor-size-sm\" href=\"#Kontakt\">\n\t\t\t\t\t\t<span class=\"elementor-button-content-wrapper\">\n\t\t\t\t\t\t\t\t\t<span class=\"elementor-button-text\">Mobil: 0151\/64307513<\/span>\n\t\t\t\t\t<\/span>\n\t\t\t\t\t<\/a>\n\t\t\t\t<\/div>\n\t\t\t\t\t\t\t\t<\/div>\n\t\t\t\t<\/div>\n\t\t\t\t<\/div>\n\t\t\t\t\t<\/div>\n\t\t\t\t<\/div>\n\t\t<div class=\"elementor-element elementor-element-c7c8382 e-flex e-con-boxed e-con e-parent\" data-id=\"c7c8382\" data-element_type=\"container\">\n\t\t\t\t\t<div class=\"e-con-inner\">\n\t\t\t\t<div class=\"elementor-element elementor-element-78c719f elementor-widget elementor-widget-heading\" data-id=\"78c719f\" data-element_type=\"widget\" data-widget_type=\"heading.default\">\n\t\t\t\t<div class=\"elementor-widget-container\">\n\t\t\t\t\t<h2 class=\"elementor-heading-title elementor-size-default\">Info<\/h2>\t\t\t\t<\/div>\n\t\t\t\t<\/div>\n\t\t\t\t<div class=\"elementor-element elementor-element-88a4736 elementor-widget elementor-widget-heading\" data-id=\"88a4736\" data-element_type=\"widget\" data-widget_type=\"heading.default\">\n\t\t\t\t<div class=\"elementor-widget-container\">\n\t\t\t\t\t<h2 class=\"elementor-heading-title elementor-size-small\"><b>1. Was ist bei der Anmietung mitzubringen?<br><br><\/b>\n- F\u00fchrerschein, Personalausweis (oder Reisepass, KFZ-Fahrzeugschein)<br>\n- Mietpreis in bar (sofort bei Abholung) <br>\u2013 Kaution in bar \n(zwischen 0\u20ac - 500\u20ac je nach Mietger\u00e4t)<br>\n<br><br>\n<b>2. Wie sind die Preise zu verstehen?<br><\/b><br>\n- Der Mietpreis ist bei der Abholung des Mietger\u00e4ts in bar mitzubringen und zu bezahlen<br>\n- Je nach Mietger\u00e4t ist eine Kaution in H\u00f6he von 0\u20ac - 500\u20ac zu hinterlegen<br>\n<br><br>\n<b>3. Sind die Anh\u00e4nger versichert?<\/b><br><br>\n- Alle Anh\u00e4nger sind gesetzlich haftpflichtversichert als Selbstvermietfahrzeug<br><br><br><br><br>4. Stornierung<br><br>Stornierung eines Mietger\u00e4ts\/Mietanh\u00e4nger. In diesem Fall k\u00f6nnen Stornierungskosten anfallen, <br>diese berechnen sich nach dem Zeitabstand bis zur urspr\u00fcnglichen vereinbarten Abholung des Mietger\u00e4ts.<br><br>- bei Stornierung bis 14 Tage vor Abholung keine Geb\u00fchr<br>- bei Stornierung zwischen 13 bis 8 Tage vor der vereinbarten Abholung werden 50% des Mietpreises berechnet<br>- bei Stornierung zwischen 7 bis 2 Tage vor der vereinbarten Abholung werden 75% des Mietpreises berechnet<br>- bei Stornierung unter 24 Stunden vor der vereinbarten Abholung werden 100% des Mietpreises berechnet.  Gem\u00e4\u00df \u00a7 19 Abs.1 UStG wird keine Umsatzsteuer ausgewiesen!<\/h2>\t\t\t\t<\/div>\n\t\t\t\t<\/div>\n\t\t<div class=\"elementor-element elementor-element-11a4e1d e-flex e-con-boxed e-con e-child\" data-id=\"11a4e1d\" data-element_type=\"container\">\n\t\t\t\t\t<div class=\"e-con-inner\">\n\t\t\t\t<div class=\"elementor-element elementor-element-5ad8e56 elementor-widget elementor-widget-heading\" data-id=\"5ad8e56\" data-element_type=\"widget\" data-widget_type=\"heading.default\">\n\t\t\t\t<div class=\"elementor-widget-container\">\n\t\t\t\t\t<h2 class=\"elementor-heading-title elementor-size-default\"><br>AGB\u00b4s<br><br><span style=\"color: var(--ast-global-color-2);font-size: 33px;text-align: start;background-color: var(--ast-global-color-4)\">Mietbedingungen f\u00fcr Mietger\u00e4te:<\/span><\/h2>\t\t\t\t<\/div>\n\t\t\t\t<\/div>\n\t\t\t\t<div class=\"elementor-element elementor-element-7b70646 elementor-widget elementor-widget-heading\" data-id=\"7b70646\" data-element_type=\"widget\" data-widget_type=\"heading.default\">\n\t\t\t\t<div class=\"elementor-widget-container\">\n\t\t\t\t\t<h2 class=\"elementor-heading-title elementor-size-default\"><br>1. Mietzeit<br>\nBei Reservierungen werden die Ger\u00e4te in der Regel zum gew\u00fcnschten Termin bereitgestellt. Eine Verf\u00fcgbarkeitsgarantie kann nicht gegeben werden.\n<br>\n<br>\n2. Verl\u00e4ngerung der Mietzeit<br>\nEine Verl\u00e4ngerung der Mietzeit ist nur mit ausdr\u00fccklicher Zustimmung des Vermieters m\u00f6glich und wird gew\u00e4hrt, soweit nicht Reservierungsw\u00fcnsche anderer Mieter entgegenstehen.\n<br>\n<br>\n3. Abholung und R\u00fcckgabe<br>\nDie Ger\u00e4te m\u00fcssen abgeholt und zum Ende der vereinbarten Mietzeit zur\u00fcckgebracht werden. Eine Mietverl\u00e4ngerung bedarf der m\u00fcndlichen oder schriftlichen Zustimmung des Vermieters. Diese muss fr\u00fchzeitig erfolgen (Bis sp\u00e4testens 3 Stunden vor Mietende). \nSollte die vereinbarte Mietdauer \u00fcberschritten werden, gilt hier eine Toleranzgrenze von 30 Minuten. \nDanach wird f\u00fcr die angefangene Zeit eine Tagesmiete berechnet. \n<br>\n<br>\n4. Zustand der Ger\u00e4te\nDer Mieter best\u00e4tigt, dass er die Ger\u00e4te betriebsf\u00e4hig und gereinigt und ggf. mit allem Zubeh\u00f6r \u00fcbernimmt. Abweichungen m\u00fcssen bei Abholung schriftlich festgehalten werden.\n<br>\n5. Reinigung\nDie Mietger\u00e4te sind vor der R\u00fcckgabe zu reinigen und betriebsfertig zur\u00fcckzugeben. Kraftstoff ist ggf. nachzutanken. Bei Nichteinhaltung erheben wir 35\u20ac Reinigungskosten. \n<br>\n<br>\n6. Ger\u00e4tem\u00e4ngel\nZeigt sich beim Betrieb des Ger\u00e4tes ein Mangel oder eine Besch\u00e4digung, tritt ein Defekt oder eine Betriebsst\u00f6rung auf, so hat der Mieter die Nutzung sofort einzustellen, um weitere Besch\u00e4digungen zu vermeiden. Weiterhin ist der Vermieter unverz\u00fcglich zu informieren und nach dessen Weisung ist das Ger\u00e4t zur\u00fcckzugeben. F\u00fcr unsachgem\u00e4\u00dfen Gebrauch und hierdurch entstehende Sch\u00e4den haftet der Mieter. \n<br>\n<br>\n7. Haftung\nDer Mieter verpflichtet sich, die Sicherheitsbestimmungen und Unfallverh\u00fctungsvorschriften f\u00fcr das jeweilige Ger\u00e4t zu beachten und gegebenenfalls Schutzkleidung zu tragen. Der Vermieter weist den Mieter jeweils in die Gebrauchs- und Sicherheitsvorschriften des Ger\u00e4tes ein und \u00fcbergibt eine ger\u00e4tebezogene Gebrauchsanweisung. Er haftet jedoch nicht f\u00fcr deren Vollst\u00e4ndigkeit und Richtigkeit. Der Mieter ist verpflichtet, sich insoweit selbst die notwendigen Informationen zu beschaffen.\n<br>\n<br>\nDer Vermieter haftet nicht f\u00fcr Sach- und Personensch\u00e4den des Mieters oder Dritter, die im Zusammenhang mit dem Betrieb, der Bedienung oder der Nutzung der Mietger\u00e4te stehen. \n<br>\n<br>\n8. Nutzung\nDie Vermietung erfolgt ausschlie\u00dflich f\u00fcr private Zwecke, eine gewerbliche Nutzung ist mit dem Vermieter abzukl\u00e4ren.\n<br>\n<br>\n9. Verlust\nDer Mieter haftet in H\u00f6he des Wiederbeschaffungswertes f\u00fcr einen evtl. Verlust oder dauerhaften Ausfall des Ger\u00e4tes. Dies ist unabh\u00e4ngig vom Grunde des Verlustes, insbesondere ob es sich um einen Diebstahl, ein anderes Abhandenkommen oder einen Transportunfall handelt.<\/h2>\t\t\t\t<\/div>\n\t\t\t\t<\/div>\n\t\t\t\t<div class=\"elementor-element elementor-element-b1ca455 elementor-widget elementor-widget-heading\" data-id=\"b1ca455\" data-element_type=\"widget\" data-widget_type=\"heading.default\">\n\t\t\t\t<div class=\"elementor-widget-container\">\n\t\t\t\t\t<h2 class=\"elementor-heading-title elementor-size-default\"><br><span style=\"color: var(--ast-global-color-2);font-size: 33px;text-align: start;background-color: var(--ast-global-color-4)\">Mietbedingungen f\u00fcr Anh\u00e4nger:<\/span><\/h2>\t\t\t\t<\/div>\n\t\t\t\t<\/div>\n\t\t\t\t\t<\/div>\n\t\t\t\t<\/div>\n\t\t\t\t<div class=\"elementor-element elementor-element-368af88 elementor-widget elementor-widget-heading\" data-id=\"368af88\" data-element_type=\"widget\" data-widget_type=\"heading.default\">\n\t\t\t\t<div class=\"elementor-widget-container\">\n\t\t\t\t\t<h2 class=\"elementor-heading-title elementor-size-default\">Anh\u00e4ngervermietung Ellner Mietbedingungen \/ Allgemeine Gesch\u00e4ftsbedingungen (AGBs) \nF\u00fcr das Mieten eines PKW-Anh\u00e4ngers gelten folgende Bedingungen! \n<br><br>\n1. Bei der Anmietung eines Anh\u00e4ngers ist immer ein g\u00fcltiger F\u00fchrerschein und \nPersonalausweis vorzulegen (Reisepass). \n<br><br>\n2. Der Mieter hat vor der \u00dcbernahme des Anh\u00e4ngers diesen besichtigt und best\u00e4tigt, \ndass der Anh\u00e4nger sich in einem einwandfreien und verkehrssicheren Zustand befindet. \nFalls M\u00e4ngel vorhanden sind, m\u00fcssen diese schriftlich dokumentiert werden. \n<br><br>\n3. Eine Mietverl\u00e4ngerung bedarf der m\u00fcndlichen oder schriftlichen Zustimmung des Vermieters. Diese muss fr\u00fchzeitig erfolgen \n(Bis sp\u00e4testens 5 Stunden vor Mietende). \nSollte die vereinbarte Mietdauer \u00fcberschritten werden, gilt hier eine Toleranzgrenze von 30 Minuten. \nDanach wird f\u00fcr die angefangene Zeit eine Tagesmiete berechnet. \nEs ist daher ratsam gleich mehrere Tage zu mieten. \n<br><br>\n4. Falls der Mieter die Pflichten missachtet, so hat der Vermieter das Recht den Mietvertrag jederzeit zu k\u00fcndigen, ohne dass hier eine Ausfallentsch\u00e4digung zu begleichen ist. \n<br><br>\nDieses w\u00e4re z.B. der Fall, wenn der Mieter ohne Mitteilung einer Verl\u00e4ngerung den Anh\u00e4nger beh\u00e4lt. \nNach 48 Stunden erfolgt eine Anzeige wegen Unterschlagung! \nS\u00e4mtliche Kosten sind vom Mieter zu tragen, (Ausfallkosten, Verzugszinsen, Beschaffungskosten, Bergungskosten, Abschleppkosten, Rechtskosten, Gutachterkosten). \n<br><br>\n5. Bei vorzeitiger R\u00fcckgabe des Anh\u00e4ngers erfolgt keine R\u00fcckerstattung der Miete. \n<br><br>\n6. Eine Weitervermietung ist unzul\u00e4ssig! \n<br><br>\n7. Die Anh\u00e4nger haben alle eine gesetzliche Haftpflichtversicherung.  Es besteht keine Vollkaskoversicherung (Fahrzeugversicherung). Der Mieter ist dazu verpflichtet, dem Vermieter alle Verm\u00f6genssch\u00e4den zu ersetzen, die dieser im Falle eines Verkehrsunfalles\nerleidet, und die nicht durch Leistungen von Unfallgegnern oder der Fahrzeugversicherung (Vollkasko) ausgeglichen werden. Der Anh\u00e4nger wird dem Mieter in technisch einwandfreiem Zustand \u00fcbergeben. Optische Beeintr\u00e4chtigungen wie beispielsweise\nkleine Lacksch\u00e4den, kleine Dellen, Kratzer oder Parkrempler stellen keine Fahrzeugm\u00e4ngel dar und sind vom Mieter zu akzeptieren.\n<br><br>\n8. Der Mieter haftet f\u00fcr Besch\u00e4digungen der Mietsache. Sch\u00e4den sind dem Vermieter unverz\u00fcglich anzuzeigen (mitzuteilen). Besch\u00e4digungen werden in Rechnung gestellt. \n<br><br>\n9. Der Mieter hat das Fahrzeug sorgsam zu behandeln und f\u00fcr die Benutzung alle verkehrstechnischen und rechtlichen Regeln zu beachten. \nW\u00e4hrend der gesamten Mietdauer ist eine regelm\u00e4\u00dfige \u00dcberpr\u00fcfung der korrekten Handhabung des Anh\u00e4ngers n\u00f6tig. z.B. ordnungsgem\u00e4\u00dfes Ankuppeln des Anh\u00e4ngers, verkehrssicherer Zustand des Anh\u00e4ngers. \nFalls Reparaturen anstehen, so ist vorher das Einverst\u00e4ndnis des Vermieters einzuholen. Ansonsten tr\u00e4gt der Mieter die Kosten. \nBei Reifensch\u00e4den wird seitens des Vermieters grunds\u00e4tzlich kein Ersatz der zur Beseitigung aufgewandten Kosten geleistet. \nSchnee und Eis sind vor der Miete vom Mieter zu pr\u00fcfen und gegebenen falls zu beseitigen. \nEine Haftung des Vermieters bleibt bei nicht Erf\u00fcllung der oben genannten Vorgaben ausgeschlossen. \n<br><br>\n10. Unf\u00e4lle jeglicher Art und Diebstahl des Anh\u00e4ngers m\u00fcssen immer von der Polizei aufgenommen werden. (Skizze, Unfallbericht, Zeugen, Adresse Unfallgegner, Kennzeichen, Halter, Tel. Nr.). Der Mieter haftet bei Vernachl\u00e4ssigung der Sicherungspflicht gegen Diebstahl und unbefugtes Fahren dritter. \nDiese sind dem Vermieter unverz\u00fcglich mitzuteilen. Gegnerische Anspr\u00fcche d\u00fcrfen nicht anerkannt werden. \nDer Anh\u00e4nger muss immer wieder zum Standort (Ringstra\u00dfe 20, 95336 Mainleus), zur\u00fcckgebracht werden. Die Kosten f\u00fcr einen evtl. R\u00fccktransport tr\u00e4gt der Mieter. \n<br><br>\n11. F\u00fcr die richtige Ladungssicherung haftet der Mieter. \n<br><br>\n12. Der Mieter haftet f\u00fcr die richtige Fahrerlaubnis, St\u00fctzlast, Anh\u00e4ngelast. \n<br><br>\n13. Die H\u00f6chstgeschwindigkeit mit PKW-Anh\u00e4ngern betr\u00e4gt in Deutschland 80 km\/h (Autobahnen\/ Kraftfahrstra\u00dfen). \n<br><br>\nInnerorts 50 km\/h (F\u00fcr 100 km\/h braucht man die technischen und gesetzlichen Bestimmungen.)\n<br> <br>\n14. Fahrten ins AUSLAND sind nur mit Zustimmung des Vermieters erlaubt. \nEs gelten andere H\u00f6chstgeschwindigkeiten mit Anh\u00e4ngern. Vorab erkundigen!\n<br><br>\n\n15. Vor \u00dcbernahme des Anh\u00e4ngers stellt der Vermieter eine Kaution von 50-100 Euro je nach Anh\u00e4ngertyp. Sie kann aber auch h\u00f6her ausfallen. Nach einwandfreier R\u00fcckgabe des Anh\u00e4ngers wird die Kaution wieder ausgezahlt. Der Vermieter ist berechtigt, die Kaution auf alle Anspr\u00fcche aus dem Mietverh\u00e4ltnis zu verrechnen. \n<br><br>\n16. W\u00e4hrend der Mietdauer ist der Mieter im Sinne der Stra\u00dfenverkehrsordnung als Halter anzusehen. Insbesondere ist darauf zu achten, dass beim Betrieb die gesetzlichen Bestimmungen eingehalten werden. Beim R\u00fcckw\u00e4rtsfahren mit dem Anh\u00e4nger hat der Fahrer sich unbedingt einweisen zu lassen. Bei gewerblichen Transporten sind die jeweiligen gesetzlichen Bestimmungen zu beachten.\n<br> <br>\n17. Auf dem Anh\u00e4nger transportierte Sachen sind nicht versichert und f\u00fcr diese \u00fcbernimmt der Vermieter keine Gew\u00e4hr. \n<br><br>\n18. Der Vermieter \u00fcbernimmt keine Haftung f\u00fcr die Wasserdichtigkeit des Koffers und Planen-Anh\u00e4ngers. \n<br><br>\n19. Zu beachten sind weiterhin auch die Sonntag- und Feiertagsfahrverbote z. B. f\u00fcr LKW`s (LKW-Zulassung Zugfahrzeug).\n<br><br>\n20. Als Mietpreis gelten die g\u00fcltigen Tarife. Diese sind in den Gesch\u00e4ftsr\u00e4umen des Vermieters als Preisliste ausgelegt. Bei Sondertarifen richtet sich der Mietpreis nach den Vereinbarungen im Mietvertrag.  \n<br><br>\n21. Der Anh\u00e4nger wird vor und nach der \u00dcbergabe auf Sch\u00e4den \u00fcberpr\u00fcft, \nso dass keine Altsch\u00e4den angelastet werden. \n<br><br>\n22. Bei einer Verschmutzung ist eine Reinigung des Anh\u00e4ngers vom Mieter durchzuf\u00fchren. Beim Reinigen durch den Vermieter werden 25,00 \u20ac nachberechnet.\n<br><br>\n23. Im Falle einer Reservierung ist der vereinbarte Zeitpunkt einzuhalten. Evtl. kann eine Anzahlung erforderlich sein. Sollte der vereinbarte Zeitpunkt um 1 Stunde \u00fcberschritten werden, kann der Vermieter den Anh\u00e4nger anderweitig vermieten und die Reservierung in Rechnung stellen. \nReservierungen k\u00f6nnen telefonisch oder per Mail (WhatsApp) erfolgen. \nFalls der gew\u00fcnschte Anh\u00e4nger nicht vorhanden ist, k\u00f6nnen keine Ersatzanspr\u00fcche des Mieters gestellt werden. \n<br><br>\n24. Der Mieter haftet f\u00fcr alle im Zusammenhang mit der Nutzung des Fahrzeugs anfallenden Geb\u00fchren, Maut, Abgaben, Bu\u00dfgelder und Strafen, f\u00fcr die der Vermieter in Anspruch genommen wird. Als Ausgleich erhebt der Vermieter f\u00fcr den Verwaltungsaufwand je Vorgang eine Bearbeitungspauschale von 25,00 EUR innerhalb Deutschlands und 40,00 EUR f\u00fcr Auslandsvorg\u00e4nge. \n<br><br>\n25. Der Mieter erkennt mit seiner Unterschrift die Gesch\u00e4ftsbedingungen an. \n<br><br>\n26. \u00c4nderungen des Vertrages bed\u00fcrfen der Schriftform. M\u00fcndliche Nebenabsprachen bestehen nicht.  \nStand 05.2023\n<\/h2>\t\t\t\t<\/div>\n\t\t\t\t<\/div>\n\t\t\t\t\t<\/div>\n\t\t\t\t<\/div>\n\t\t\t\t<section class=\"elementor-section elementor-top-section elementor-element elementor-element-c54fe36 elementor-section-content-middle elementor-section-boxed elementor-section-height-default elementor-section-height-default\" data-id=\"c54fe36\" data-element_type=\"section\" id=\"Kontakt\" data-settings=\"{&quot;background_background&quot;:&quot;classic&quot;}\">\n\t\t\t\t\t\t<div class=\"elementor-container elementor-column-gap-no\">\n\t\t\t\t\t<div class=\"elementor-column elementor-col-100 elementor-top-column elementor-element elementor-element-c880a9a\" data-id=\"c880a9a\" data-element_type=\"column\">\n\t\t\t<div class=\"elementor-widget-wrap elementor-element-populated\">\n\t\t\t\t\t\t<div class=\"elementor-element elementor-element-8122b71 elementor-view-stacked elementor-shape-circle elementor-invisible elementor-widget elementor-widget-icon\" data-id=\"8122b71\" data-element_type=\"widget\" data-settings=\"{&quot;_animation&quot;:&quot;bounceIn&quot;}\" data-widget_type=\"icon.default\">\n\t\t\t\t<div class=\"elementor-widget-container\">\n\t\t\t\t\t\t\t<div class=\"elementor-icon-wrapper\">\n\t\t\t<div class=\"elementor-icon\">\n\t\t\t<svg aria-hidden=\"true\" class=\"e-font-icon-svg e-fas-phone\" viewBox=\"0 0 512 512\" xmlns=\"http:\/\/www.w3.org\/2000\/svg\"><path d=\"M493.4 24.6l-104-24c-11.3-2.6-22.9 3.3-27.5 13.9l-48 112c-4.2 9.8-1.4 21.3 6.9 28l60.6 49.6c-36 76.7-98.9 140.5-177.2 177.2l-49.6-60.6c-6.8-8.3-18.2-11.1-28-6.9l-112 48C3.9 366.5-2 378.1.6 389.4l24 104C27.1 504.2 36.7 512 48 512c256.1 0 464-207.5 464-464 0-11.2-7.7-20.9-18.6-23.4z\"><\/path><\/svg>\t\t\t<\/div>\n\t\t<\/div>\n\t\t\t\t\t\t<\/div>\n\t\t\t\t<\/div>\n\t\t\t\t<div class=\"elementor-element elementor-element-e427a35 elementor-view-stacked elementor-shape-circle elementor-invisible elementor-widget elementor-widget-icon\" data-id=\"e427a35\" data-element_type=\"widget\" data-settings=\"{&quot;_animation&quot;:&quot;bounceIn&quot;}\" data-widget_type=\"icon.default\">\n\t\t\t\t<div class=\"elementor-widget-container\">\n\t\t\t\t\t\t\t<div class=\"elementor-icon-wrapper\">\n\t\t\t<a class=\"elementor-icon\" href=\"http:\/\/Wa.me\/+4915164307513\">\n\t\t\t<svg aria-hidden=\"true\" class=\"e-font-icon-svg e-fab-whatsapp\" viewBox=\"0 0 448 512\" xmlns=\"http:\/\/www.w3.org\/2000\/svg\"><path d=\"M380.9 97.1C339 55.1 283.2 32 223.9 32c-122.4 0-222 99.6-222 222 0 39.1 10.2 77.3 29.6 111L0 480l117.7-30.9c32.4 17.7 68.9 27 106.1 27h.1c122.3 0 224.1-99.6 224.1-222 0-59.3-25.2-115-67.1-157zm-157 341.6c-33.2 0-65.7-8.9-94-25.7l-6.7-4-69.8 18.3L72 359.2l-4.4-7c-18.5-29.4-28.2-63.3-28.2-98.2 0-101.7 82.8-184.5 184.6-184.5 49.3 0 95.6 19.2 130.4 54.1 34.8 34.9 56.2 81.2 56.1 130.5 0 101.8-84.9 184.6-186.6 184.6zm101.2-138.2c-5.5-2.8-32.8-16.2-37.9-18-5.1-1.9-8.8-2.8-12.5 2.8-3.7 5.6-14.3 18-17.6 21.8-3.2 3.7-6.5 4.2-12 1.4-32.6-16.3-54-29.1-75.5-66-5.7-9.8 5.7-9.1 16.3-30.3 1.8-3.7.9-6.9-.5-9.7-1.4-2.8-12.5-30.1-17.1-41.2-4.5-10.8-9.1-9.3-12.5-9.5-3.2-.2-6.9-.2-10.6-.2-3.7 0-9.7 1.4-14.8 6.9-5.1 5.6-19.4 19-19.4 46.3 0 27.3 19.9 53.7 22.6 57.4 2.8 3.7 39.1 59.7 94.8 83.8 35.2 15.2 49 16.5 66.6 13.9 10.7-1.6 32.8-13.4 37.4-26.4 4.6-13 4.6-24.1 3.2-26.4-1.3-2.5-5-3.9-10.5-6.6z\"><\/path><\/svg>\t\t\t<\/a>\n\t\t<\/div>\n\t\t\t\t\t\t<\/div>\n\t\t\t\t<\/div>\n\t\t\t\t<div class=\"elementor-element elementor-element-0f2cced elementor-invisible elementor-widget elementor-widget-heading\" data-id=\"0f2cced\" data-element_type=\"widget\" data-settings=\"{&quot;_animation&quot;:&quot;bounceIn&quot;}\" data-widget_type=\"heading.default\">\n\t\t\t\t<div class=\"elementor-widget-container\">\n\t\t\t\t\t<h2 class=\"elementor-heading-title elementor-size-default\">0151\/64307513<\/h2>\t\t\t\t<\/div>\n\t\t\t\t<\/div>\n\t\t\t\t<div class=\"elementor-element elementor-element-bfb2f2a elementor-invisible elementor-widget elementor-widget-image\" data-id=\"bfb2f2a\" data-element_type=\"widget\" data-settings=\"{&quot;_animation&quot;:&quot;fadeIn&quot;}\" data-widget_type=\"image.default\">\n\t\t\t\t<div class=\"elementor-widget-container\">\n\t\t\t\t\t\t\t\t\t\t\t\t\t\t\t<img decoding=\"async\" width=\"1024\" height=\"1024\" src=\"https:\/\/demietservice.de\/wp-content\/uploads\/2023\/11\/cropped-Zeichenflaeche-1-7-160x160.png\" class=\"attachment-large size-large wp-image-1482\" alt=\"\" srcset=\"https:\/\/demietservice.de\/wp-content\/uploads\/2023\/11\/cropped-Zeichenflaeche-1-7-1024x1024.png 1024w, https:\/\/demietservice.de\/wp-content\/uploads\/2023\/11\/cropped-Zeichenflaeche-1-7-300x300.png 300w, https:\/\/demietservice.de\/wp-content\/uploads\/2023\/11\/cropped-Zeichenflaeche-1-7-150x150.png 150w, https:\/\/demietservice.de\/wp-content\/uploads\/2023\/11\/cropped-Zeichenflaeche-1-7-768x768.png 768w, https:\/\/demietservice.de\/wp-content\/uploads\/2023\/11\/cropped-Zeichenflaeche-1-7-160x160.png 160w, https:\/\/demietservice.de\/wp-content\/uploads\/2023\/11\/cropped-Zeichenflaeche-1-7.png 1080w\" sizes=\"(max-width: 1024px) 100vw, 1024px\" \/>\t\t\t\t\t\t\t\t\t\t\t\t\t\t\t<\/div>\n\t\t\t\t<\/div>\n\t\t\t\t<div class=\"elementor-element elementor-element-6d9a3fb elementor-invisible elementor-widget elementor-widget-heading\" data-id=\"6d9a3fb\" data-element_type=\"widget\" data-settings=\"{&quot;_animation&quot;:&quot;fadeIn&quot;}\" data-widget_type=\"heading.default\">\n\t\t\t\t<div class=\"elementor-widget-container\">\n\t\t\t\t\t<h2 class=\"elementor-heading-title elementor-size-default\">MIETSERVICE<\/h2>\t\t\t\t<\/div>\n\t\t\t\t<\/div>\n\t\t\t\t\t<\/div>\n\t\t<\/div>\n\t\t\t\t\t<\/div>\n\t\t<\/section>\n\t\t<div class=\"elementor-element elementor-element-7f6fad3 e-con-full e-flex elementor-invisible e-con e-parent\" data-id=\"7f6fad3\" data-element_type=\"container\" data-settings=\"{&quot;animation&quot;:&quot;fadeIn&quot;,&quot;background_background&quot;:&quot;classic&quot;}\">\n\t\t\t\t<div class=\"elementor-element elementor-element-3e3c8c6 elementor-widget elementor-widget-google_maps\" data-id=\"3e3c8c6\" data-element_type=\"widget\" data-widget_type=\"google_maps.default\">\n\t\t\t\t<div class=\"elementor-widget-container\">\n\t\t\t\t\t\t\t<div class=\"elementor-custom-embed\">\n\t\t\t<iframe loading=\"lazy\"\n\t\t\t\t\tsrc=\"https:\/\/maps.google.com\/maps?q=Ringstra%C3%9Fe%2020%2C%2095336%20Mainleus&#038;t=m&#038;z=17&#038;output=embed&#038;iwloc=near\"\n\t\t\t\t\ttitle=\"Ringstra\u00dfe 20, 95336 Mainleus\"\n\t\t\t\t\taria-label=\"Ringstra\u00dfe 20, 95336 Mainleus\"\n\t\t\t><\/iframe>\n\t\t<\/div>\n\t\t\t\t\t\t<\/div>\n\t\t\t\t<\/div>\n\t\t\t\t<\/div>\n\t\t\t\t<\/div>\n\t\t","protected":false},"excerpt":{"rendered":"<p>Mietbedingungen\/ Infos\/FAQ\/AGB\u00b4S Mobil: 0151\/64307513 Info 1. Was ist bei der Anmietung mitzubringen? &#8211; F\u00fchrerschein, Personalausweis (oder Reisepass, KFZ-Fahrzeugschein) &#8211; Mietpreis in bar (sofort bei Abholung) \u2013 Kaution in bar (zwischen 0\u20ac &#8211; 500\u20ac je nach Mietger\u00e4t) 2. Wie sind die Preise zu verstehen? &#8211; Der Mietpreis ist bei der Abholung des Mietger\u00e4ts in bar mitzubringen &hellip;<\/p>\n<p class=\"read-more\"> <a class=\"\" href=\"https:\/\/demietservice.de\/index.php\/infos\/\"> <span class=\"screen-reader-text\">Mietbedingungen\/FAQ\/AGB\u00b4S\/Infos<\/span> Weiterlesen &raquo;<\/a><\/p>\n","protected":false},"author":2,"featured_media":0,"parent":0,"menu_order":0,"comment_status":"closed","ping_status":"closed","template":"","meta":{"site-sidebar-layout":"no-sidebar","site-content-layout":"page-builder","ast-site-content-layout":"full-width-container","site-content-style":"unboxed","site-sidebar-style":"unboxed","ast-global-header-display":"","ast-banner-title-visibility":"","ast-main-header-display":"","ast-hfb-above-header-display":"","ast-hfb-below-header-display":"","ast-hfb-mobile-header-display":"","site-post-title":"disabled","ast-breadcrumbs-content":"","ast-featured-img":"disabled","footer-sml-layout":"","theme-transparent-header-meta":"enabled","adv-header-id-meta":"","stick-header-meta":"","header-above-stick-meta":"","header-main-stick-meta":"","header-below-stick-meta":"","astra-migrate-meta-layouts":"set","ast-page-background-enabled":"default","ast-page-background-meta":{"desktop":{"background-color":"","background-image":"","background-repeat":"repeat","background-position":"center center","background-size":"auto","background-attachment":"scroll","background-type":"","background-media":"","overlay-type":"","overlay-color":"","overlay-gradient":""},"tablet":{"background-color":"","background-image":"","background-repeat":"repeat","background-position":"center center","background-size":"auto","background-attachment":"scroll","background-type":"","background-media":"","overlay-type":"","overlay-color":"","overlay-gradient":""},"mobile":{"background-color":"","background-image":"","background-repeat":"repeat","background-position":"center center","background-size":"auto","background-attachment":"scroll","background-type":"","background-media":"","overlay-type":"","overlay-color":"","overlay-gradient":""}},"ast-content-background-meta":{"desktop":{"background-color":"var(--ast-global-color-5)","background-image":"","background-repeat":"repeat","background-position":"center center","background-size":"auto","background-attachment":"scroll","background-type":"","background-media":"","overlay-type":"","overlay-color":"","overlay-gradient":""},"tablet":{"background-color":"var(--ast-global-color-5)","background-image":"","background-repeat":"repeat","background-position":"center center","background-size":"auto","background-attachment":"scroll","background-type":"","background-media":"","overlay-type":"","overlay-color":"","overlay-gradient":""},"mobile":{"background-color":"var(--ast-global-color-5)","background-image":"","background-repeat":"repeat","background-position":"center center","background-size":"auto","background-attachment":"scroll","background-type":"","background-media":"","overlay-type":"","overlay-color":"","overlay-gradient":""}},"_joinchat":[],"footnotes":""},"class_list":["post-1603","page","type-page","status-publish","hentry"],"yoast_head":"<!-- This site is optimized with the Yoast SEO plugin v25.9 - https:\/\/yoast.com\/wordpress\/plugins\/seo\/ -->\n<title>Mietbedingungen\/FAQ\/AGB\u00b4S\/Infos - demietservice - Anh\u00e4ngervermietung<\/title>\n<meta name=\"robots\" content=\"index, follow, max-snippet:-1, max-image-preview:large, max-video-preview:-1\" \/>\n<link rel=\"canonical\" href=\"https:\/\/demietservice.de\/index.php\/infos\/\" \/>\n<meta property=\"og:locale\" content=\"de_DE\" \/>\n<meta property=\"og:type\" content=\"article\" \/>\n<meta property=\"og:title\" content=\"Mietbedingungen\/FAQ\/AGB\u00b4S\/Infos - demietservice - Anh\u00e4ngervermietung\" \/>\n<meta property=\"og:description\" content=\"Mietbedingungen\/ Infos\/FAQ\/AGB\u00b4S Mobil: 0151\/64307513 Info 1. Was ist bei der Anmietung mitzubringen? &#8211; F\u00fchrerschein, Personalausweis (oder Reisepass, KFZ-Fahrzeugschein) &#8211; Mietpreis in bar (sofort bei Abholung) \u2013 Kaution in bar (zwischen 0\u20ac &#8211; 500\u20ac je nach Mietger\u00e4t) 2. Wie sind die Preise zu verstehen? &#8211; Der Mietpreis ist bei der Abholung des Mietger\u00e4ts in bar mitzubringen &hellip; Mietbedingungen\/FAQ\/AGB\u00b4S\/Infos Weiterlesen &raquo;\" \/>\n<meta property=\"og:url\" content=\"https:\/\/demietservice.de\/index.php\/infos\/\" \/>\n<meta property=\"og:site_name\" content=\"demietservice - Anh\u00e4ngervermietung\" \/>\n<meta property=\"article:publisher\" content=\"https:\/\/www.facebook.com\/people\/Miet-Transportservice-Ellner\/61551046441101\/\" \/>\n<meta property=\"article:modified_time\" content=\"2026-04-27T19:47:22+00:00\" \/>\n<meta property=\"og:image\" content=\"https:\/\/demietservice.de\/wp-content\/uploads\/2023\/11\/Zeichenflaeche-1-15-e1700509822883.png\" \/>\n\t<meta property=\"og:image:width\" content=\"1080\" \/>\n\t<meta property=\"og:image:height\" content=\"615\" \/>\n\t<meta property=\"og:image:type\" content=\"image\/png\" \/>\n<meta name=\"twitter:card\" content=\"summary_large_image\" \/>\n<meta name=\"twitter:label1\" content=\"Gesch\u00e4tzte Lesezeit\" \/>\n\t<meta name=\"twitter:data1\" content=\"9\u00a0Minuten\" \/>\n<script type=\"application\/ld+json\" class=\"yoast-schema-graph\">{\"@context\":\"https:\/\/schema.org\",\"@graph\":[{\"@type\":\"WebPage\",\"@id\":\"https:\/\/demietservice.de\/index.php\/infos\/\",\"url\":\"https:\/\/demietservice.de\/index.php\/infos\/\",\"name\":\"Mietbedingungen\/FAQ\/AGB\u00b4S\/Infos - demietservice - Anh\u00e4ngervermietung\",\"isPartOf\":{\"@id\":\"https:\/\/demietservice.de\/#website\"},\"primaryImageOfPage\":{\"@id\":\"https:\/\/demietservice.de\/index.php\/infos\/#primaryimage\"},\"image\":{\"@id\":\"https:\/\/demietservice.de\/index.php\/infos\/#primaryimage\"},\"thumbnailUrl\":\"http:\/\/demietservice.de\/wp-content\/uploads\/2023\/11\/Zeichenflaeche-1-15-e1700509822883-1024x583.png\",\"datePublished\":\"2023-11-20T17:01:07+00:00\",\"dateModified\":\"2026-04-27T19:47:22+00:00\",\"breadcrumb\":{\"@id\":\"https:\/\/demietservice.de\/index.php\/infos\/#breadcrumb\"},\"inLanguage\":\"de\",\"potentialAction\":[{\"@type\":\"ReadAction\",\"target\":[\"https:\/\/demietservice.de\/index.php\/infos\/\"]}]},{\"@type\":\"ImageObject\",\"inLanguage\":\"de\",\"@id\":\"https:\/\/demietservice.de\/index.php\/infos\/#primaryimage\",\"url\":\"https:\/\/demietservice.de\/wp-content\/uploads\/2023\/11\/Zeichenflaeche-1-15-e1700509822883.png\",\"contentUrl\":\"https:\/\/demietservice.de\/wp-content\/uploads\/2023\/11\/Zeichenflaeche-1-15-e1700509822883.png\",\"width\":1080,\"height\":615},{\"@type\":\"BreadcrumbList\",\"@id\":\"https:\/\/demietservice.de\/index.php\/infos\/#breadcrumb\",\"itemListElement\":[{\"@type\":\"ListItem\",\"position\":1,\"name\":\"Startseite\",\"item\":\"https:\/\/demietservice.de\/\"},{\"@type\":\"ListItem\",\"position\":2,\"name\":\"Mietbedingungen\/FAQ\/AGB\u00b4S\/Infos\"}]},{\"@type\":\"WebSite\",\"@id\":\"https:\/\/demietservice.de\/#website\",\"url\":\"https:\/\/demietservice.de\/\",\"name\":\"demietservice - Anh\u00e4ngervermietung\",\"description\":\"demietservice\",\"publisher\":{\"@id\":\"https:\/\/demietservice.de\/#organization\"},\"alternateName\":\"demietservice\",\"potentialAction\":[{\"@type\":\"SearchAction\",\"target\":{\"@type\":\"EntryPoint\",\"urlTemplate\":\"https:\/\/demietservice.de\/?s={search_term_string}\"},\"query-input\":{\"@type\":\"PropertyValueSpecification\",\"valueRequired\":true,\"valueName\":\"search_term_string\"}}],\"inLanguage\":\"de\"},{\"@type\":\"Organization\",\"@id\":\"https:\/\/demietservice.de\/#organization\",\"name\":\"demietservice - Anh\u00e4ngervermietung\",\"alternateName\":\"demietservice\",\"url\":\"https:\/\/demietservice.de\/\",\"logo\":{\"@type\":\"ImageObject\",\"inLanguage\":\"de\",\"@id\":\"https:\/\/demietservice.de\/#\/schema\/logo\/image\/\",\"url\":\"https:\/\/demietservice.de\/wp-content\/uploads\/2023\/11\/cropped-Zeichenflaeche-1-7.png\",\"contentUrl\":\"https:\/\/demietservice.de\/wp-content\/uploads\/2023\/11\/cropped-Zeichenflaeche-1-7.png\",\"width\":1080,\"height\":1080,\"caption\":\"demietservice - Anh\u00e4ngervermietung\"},\"image\":{\"@id\":\"https:\/\/demietservice.de\/#\/schema\/logo\/image\/\"},\"sameAs\":[\"https:\/\/www.facebook.com\/people\/Miet-Transportservice-Ellner\/61551046441101\/\",\"https:\/\/instagram.com\/mietundtransportservice_ellner?igshid=MmVlMjlkMTBhMg&utm_source=qr\",\"https:\/\/mail.de\/de\/miet-transportservice.ellner@mail.de\",\"https:\/\/www.kleinanzeigen.de\/s-bestandsliste.html?userId=132698944&utm_source=whatsapp&utm_campaign=socialbuttons&utm_medium=social_profil&utm_content=app_ios\"]}]}<\/script>\n<!-- \/ Yoast SEO plugin. -->","yoast_head_json":{"title":"Mietbedingungen\/FAQ\/AGB\u00b4S\/Infos - demietservice - Anh\u00e4ngervermietung","robots":{"index":"index","follow":"follow","max-snippet":"max-snippet:-1","max-image-preview":"max-image-preview:large","max-video-preview":"max-video-preview:-1"},"canonical":"https:\/\/demietservice.de\/index.php\/infos\/","og_locale":"de_DE","og_type":"article","og_title":"Mietbedingungen\/FAQ\/AGB\u00b4S\/Infos - demietservice - Anh\u00e4ngervermietung","og_description":"Mietbedingungen\/ Infos\/FAQ\/AGB\u00b4S Mobil: 0151\/64307513 Info 1. Was ist bei der Anmietung mitzubringen? &#8211; F\u00fchrerschein, Personalausweis (oder Reisepass, KFZ-Fahrzeugschein) &#8211; Mietpreis in bar (sofort bei Abholung) \u2013 Kaution in bar (zwischen 0\u20ac &#8211; 500\u20ac je nach Mietger\u00e4t) 2. Wie sind die Preise zu verstehen? &#8211; Der Mietpreis ist bei der Abholung des Mietger\u00e4ts in bar mitzubringen &hellip; Mietbedingungen\/FAQ\/AGB\u00b4S\/Infos Weiterlesen &raquo;","og_url":"https:\/\/demietservice.de\/index.php\/infos\/","og_site_name":"demietservice - Anh\u00e4ngervermietung","article_publisher":"https:\/\/www.facebook.com\/people\/Miet-Transportservice-Ellner\/61551046441101\/","article_modified_time":"2026-04-27T19:47:22+00:00","og_image":[{"width":1080,"height":615,"url":"https:\/\/demietservice.de\/wp-content\/uploads\/2023\/11\/Zeichenflaeche-1-15-e1700509822883.png","type":"image\/png"}],"twitter_card":"summary_large_image","twitter_misc":{"Gesch\u00e4tzte Lesezeit":"9\u00a0Minuten"},"schema":{"@context":"https:\/\/schema.org","@graph":[{"@type":"WebPage","@id":"https:\/\/demietservice.de\/index.php\/infos\/","url":"https:\/\/demietservice.de\/index.php\/infos\/","name":"Mietbedingungen\/FAQ\/AGB\u00b4S\/Infos - demietservice - Anh\u00e4ngervermietung","isPartOf":{"@id":"https:\/\/demietservice.de\/#website"},"primaryImageOfPage":{"@id":"https:\/\/demietservice.de\/index.php\/infos\/#primaryimage"},"image":{"@id":"https:\/\/demietservice.de\/index.php\/infos\/#primaryimage"},"thumbnailUrl":"http:\/\/demietservice.de\/wp-content\/uploads\/2023\/11\/Zeichenflaeche-1-15-e1700509822883-1024x583.png","datePublished":"2023-11-20T17:01:07+00:00","dateModified":"2026-04-27T19:47:22+00:00","breadcrumb":{"@id":"https:\/\/demietservice.de\/index.php\/infos\/#breadcrumb"},"inLanguage":"de","potentialAction":[{"@type":"ReadAction","target":["https:\/\/demietservice.de\/index.php\/infos\/"]}]},{"@type":"ImageObject","inLanguage":"de","@id":"https:\/\/demietservice.de\/index.php\/infos\/#primaryimage","url":"https:\/\/demietservice.de\/wp-content\/uploads\/2023\/11\/Zeichenflaeche-1-15-e1700509822883.png","contentUrl":"https:\/\/demietservice.de\/wp-content\/uploads\/2023\/11\/Zeichenflaeche-1-15-e1700509822883.png","width":1080,"height":615},{"@type":"BreadcrumbList","@id":"https:\/\/demietservice.de\/index.php\/infos\/#breadcrumb","itemListElement":[{"@type":"ListItem","position":1,"name":"Startseite","item":"https:\/\/demietservice.de\/"},{"@type":"ListItem","position":2,"name":"Mietbedingungen\/FAQ\/AGB\u00b4S\/Infos"}]},{"@type":"WebSite","@id":"https:\/\/demietservice.de\/#website","url":"https:\/\/demietservice.de\/","name":"demietservice - Anh\u00e4ngervermietung","description":"demietservice","publisher":{"@id":"https:\/\/demietservice.de\/#organization"},"alternateName":"demietservice","potentialAction":[{"@type":"SearchAction","target":{"@type":"EntryPoint","urlTemplate":"https:\/\/demietservice.de\/?s={search_term_string}"},"query-input":{"@type":"PropertyValueSpecification","valueRequired":true,"valueName":"search_term_string"}}],"inLanguage":"de"},{"@type":"Organization","@id":"https:\/\/demietservice.de\/#organization","name":"demietservice - Anh\u00e4ngervermietung","alternateName":"demietservice","url":"https:\/\/demietservice.de\/","logo":{"@type":"ImageObject","inLanguage":"de","@id":"https:\/\/demietservice.de\/#\/schema\/logo\/image\/","url":"https:\/\/demietservice.de\/wp-content\/uploads\/2023\/11\/cropped-Zeichenflaeche-1-7.png","contentUrl":"https:\/\/demietservice.de\/wp-content\/uploads\/2023\/11\/cropped-Zeichenflaeche-1-7.png","width":1080,"height":1080,"caption":"demietservice - Anh\u00e4ngervermietung"},"image":{"@id":"https:\/\/demietservice.de\/#\/schema\/logo\/image\/"},"sameAs":["https:\/\/www.facebook.com\/people\/Miet-Transportservice-Ellner\/61551046441101\/","https:\/\/instagram.com\/mietundtransportservice_ellner?igshid=MmVlMjlkMTBhMg&utm_source=qr","https:\/\/mail.de\/de\/miet-transportservice.ellner@mail.de","https:\/\/www.kleinanzeigen.de\/s-bestandsliste.html?userId=132698944&utm_source=whatsapp&utm_campaign=socialbuttons&utm_medium=social_profil&utm_content=app_ios"]}]}},"_links":{"self":[{"href":"https:\/\/demietservice.de\/index.php\/wp-json\/wp\/v2\/pages\/1603","targetHints":{"allow":["GET"]}}],"collection":[{"href":"https:\/\/demietservice.de\/index.php\/wp-json\/wp\/v2\/pages"}],"about":[{"href":"https:\/\/demietservice.de\/index.php\/wp-json\/wp\/v2\/types\/page"}],"author":[{"embeddable":true,"href":"https:\/\/demietservice.de\/index.php\/wp-json\/wp\/v2\/users\/2"}],"replies":[{"embeddable":true,"href":"https:\/\/demietservice.de\/index.php\/wp-json\/wp\/v2\/comments?post=1603"}],"version-history":[{"count":123,"href":"https:\/\/demietservice.de\/index.php\/wp-json\/wp\/v2\/pages\/1603\/revisions"}],"predecessor-version":[{"id":3044,"href":"https:\/\/demietservice.de\/index.php\/wp-json\/wp\/v2\/pages\/1603\/revisions\/3044"}],"wp:attachment":[{"href":"https:\/\/demietservice.de\/index.php\/wp-json\/wp\/v2\/media?parent=1603"}],"curies":[{"name":"wp","href":"https:\/\/api.w.org\/{rel}","templated":true}]}}