{"id":1803,"date":"2023-11-21T22:43:41","date_gmt":"2023-11-21T21:43:41","guid":{"rendered":"https:\/\/demietservice.de\/?page_id=1803"},"modified":"2025-11-13T12:48:36","modified_gmt":"2025-11-13T11:48:36","slug":"ueber-uns","status":"publish","type":"page","link":"https:\/\/demietservice.de\/index.php\/ueber-uns\/","title":{"rendered":"\u00dcber Uns"},"content":{"rendered":"\t\t<div data-elementor-type=\"wp-page\" data-elementor-id=\"1803\" class=\"elementor elementor-1803\">\n\t\t\t\t<div class=\"elementor-element elementor-element-98c1c7c e-flex e-con-boxed e-con e-parent\" data-id=\"98c1c7c\" data-element_type=\"container\" data-settings=\"{&quot;background_background&quot;:&quot;classic&quot;}\">\n\t\t\t\t\t<div class=\"e-con-inner\">\n\t\t<div class=\"elementor-element elementor-element-c245a61 e-con-full e-flex e-con e-child\" data-id=\"c245a61\" data-element_type=\"container\">\n\t\t\t\t<div class=\"elementor-element elementor-element-1b76748 elementor-widget elementor-widget-spacer\" data-id=\"1b76748\" data-element_type=\"widget\" data-widget_type=\"spacer.default\">\n\t\t\t\t<div class=\"elementor-widget-container\">\n\t\t\t\t\t\t\t<div class=\"elementor-spacer\">\n\t\t\t<div class=\"elementor-spacer-inner\"><\/div>\n\t\t<\/div>\n\t\t\t\t\t\t<\/div>\n\t\t\t\t<\/div>\n\t\t\t\t<div class=\"elementor-element elementor-element-0594bbb elementor-widget__width-initial elementor-widget elementor-widget-image\" data-id=\"0594bbb\" data-element_type=\"widget\" data-widget_type=\"image.default\">\n\t\t\t\t<div class=\"elementor-widget-container\">\n\t\t\t\t\t\t\t\t\t\t\t\t\t\t\t<img fetchpriority=\"high\" decoding=\"async\" width=\"1024\" height=\"583\" src=\"https:\/\/demietservice.de\/wp-content\/uploads\/2023\/11\/Zeichenflaeche-1-15-e1700509822883-1024x583.png\" class=\"attachment-large size-large wp-image-1707\" alt=\"\" srcset=\"https:\/\/demietservice.de\/wp-content\/uploads\/2023\/11\/Zeichenflaeche-1-15-e1700509822883-1024x583.png 1024w, https:\/\/demietservice.de\/wp-content\/uploads\/2023\/11\/Zeichenflaeche-1-15-e1700509822883-300x171.png 300w, https:\/\/demietservice.de\/wp-content\/uploads\/2023\/11\/Zeichenflaeche-1-15-e1700509822883-768x437.png 768w, https:\/\/demietservice.de\/wp-content\/uploads\/2023\/11\/Zeichenflaeche-1-15-e1700509822883.png 1080w\" sizes=\"(max-width: 1024px) 100vw, 1024px\" \/>\t\t\t\t\t\t\t\t\t\t\t\t\t\t\t<\/div>\n\t\t\t\t<\/div>\n\t\t\t\t<\/div>\n\t\t<div class=\"elementor-element elementor-element-1c78380 e-con-full e-flex e-con e-child\" data-id=\"1c78380\" data-element_type=\"container\">\n\t\t\t\t<div class=\"elementor-element elementor-element-63c366f elementor-widget elementor-widget-spacer\" data-id=\"63c366f\" data-element_type=\"widget\" data-widget_type=\"spacer.default\">\n\t\t\t\t<div class=\"elementor-widget-container\">\n\t\t\t\t\t\t\t<div class=\"elementor-spacer\">\n\t\t\t<div class=\"elementor-spacer-inner\"><\/div>\n\t\t<\/div>\n\t\t\t\t\t\t<\/div>\n\t\t\t\t<\/div>\n\t\t\t\t<div class=\"elementor-element elementor-element-f4d4111 elementor-widget-tablet__width-initial elementor-widget__width-initial elementor-widget elementor-widget-heading\" data-id=\"f4d4111\" data-element_type=\"widget\" data-widget_type=\"heading.default\">\n\t\t\t\t<div class=\"elementor-widget-container\">\n\t\t\t\t\t<h2 class=\"elementor-heading-title elementor-size-default\">\u00dcber Uns<\/h2>\t\t\t\t<\/div>\n\t\t\t\t<\/div>\n\t\t\t\t<div class=\"elementor-element elementor-element-e4e8f2e elementor-widget-mobile__width-initial elementor-align-center elementor-mobile-align-left elementor-widget elementor-widget-button\" data-id=\"e4e8f2e\" data-element_type=\"widget\" data-widget_type=\"button.default\">\n\t\t\t\t<div class=\"elementor-widget-container\">\n\t\t\t\t\t\t\t\t\t<div class=\"elementor-button-wrapper\">\n\t\t\t\t\t<a class=\"elementor-button elementor-button-link elementor-size-sm\" href=\"#Kontakt\">\n\t\t\t\t\t\t<span class=\"elementor-button-content-wrapper\">\n\t\t\t\t\t\t\t\t\t<span class=\"elementor-button-text\">Mobil: 0151\/64307513<\/span>\n\t\t\t\t\t<\/span>\n\t\t\t\t\t<\/a>\n\t\t\t\t<\/div>\n\t\t\t\t\t\t\t\t<\/div>\n\t\t\t\t<\/div>\n\t\t\t\t<\/div>\n\t\t\t\t\t<\/div>\n\t\t\t\t<\/div>\n\t\t\t\t<section class=\"elementor-section elementor-top-section elementor-element elementor-element-335a2c8 elementor-section-boxed elementor-section-height-default elementor-section-height-default\" data-id=\"335a2c8\" data-element_type=\"section\" data-settings=\"{&quot;background_background&quot;:&quot;classic&quot;}\">\n\t\t\t\t\t\t<div class=\"elementor-container elementor-column-gap-default\">\n\t\t\t\t\t<div class=\"elementor-column elementor-col-100 elementor-top-column elementor-element elementor-element-1ad863a\" data-id=\"1ad863a\" data-element_type=\"column\">\n\t\t\t<div class=\"elementor-widget-wrap elementor-element-populated\">\n\t\t\t\t\t\t<div class=\"elementor-element elementor-element-bffc4d5 elementor-widget elementor-widget-heading\" data-id=\"bffc4d5\" data-element_type=\"widget\" data-widget_type=\"heading.default\">\n\t\t\t\t<div class=\"elementor-widget-container\">\n\t\t\t\t\t<h2 class=\"elementor-heading-title elementor-size-default\">\u00dcber Uns<br><\/h2>\t\t\t\t<\/div>\n\t\t\t\t<\/div>\n\t\t\t\t<div class=\"elementor-element elementor-element-aaed90f elementor-widget elementor-widget-heading\" data-id=\"aaed90f\" data-element_type=\"widget\" data-widget_type=\"heading.default\">\n\t\t\t\t<div class=\"elementor-widget-container\">\n\t\t\t\t\t<h2 class=\"elementor-heading-title elementor-size-default\"><p>Seit 2023 vermieten wir Anh\u00e4nger &amp; Maschinen im Umfeld\nvon 95336 Mainleus.<\/p><p>Sie, als unser Kunde, haben die M\u00f6glichkeit die Ger\u00e4te vor\nOrt abzuholen. Selbstverst\u00e4ndlich liefern wir die Mietger\u00e4te auf Wunsch, auch\ndirekt zu Ihnen nach Hause oder zum Einsatzort.<\/p><p>Wir sind stets darauf bedacht unseren Kunden einwandfreie,\nsaubere und in einem technisch sehr guten Zustand befindliche Mietger\u00e4te zu\n\u00fcbergeben.<\/p><p>Da wir uns noch in der Wachstumsphase des Unternehmens\nbefinden, wird sich unser Leistungsspektrum mit der Zeit erweitern. Um dies auf\ndem schnellsten Weg mitzubekommen, k\u00f6nnen Sie uns hierf\u00fcr gerne auf Instagram\noder Facebook folgen.<span style=\"color: var(--ast-global-color-2);font-size: 2.5rem;font-style: inherit;background-color: var( --e-global-color-astglobalcolor5 )\"><\/span><\/p><\/h2>\t\t\t\t<\/div>\n\t\t\t\t<\/div>\n\t\t\t\t\t<\/div>\n\t\t<\/div>\n\t\t\t\t\t<\/div>\n\t\t<\/section>\n\t\t<div class=\"elementor-element elementor-element-980f172 e-flex e-con-boxed e-con e-parent\" data-id=\"980f172\" data-element_type=\"container\" data-settings=\"{&quot;background_background&quot;:&quot;classic&quot;}\">\n\t\t\t\t\t<div class=\"e-con-inner\">\n\t\t<div class=\"elementor-element elementor-element-11b0b2f e-con-full e-flex e-con e-child\" data-id=\"11b0b2f\" data-element_type=\"container\">\n\t\t\t\t<div class=\"elementor-element elementor-element-96ebde8 elementor-mobile-align-center elementor-widget elementor-widget-button\" data-id=\"96ebde8\" data-element_type=\"widget\" data-widget_type=\"button.default\">\n\t\t\t\t<div class=\"elementor-widget-container\">\n\t\t\t\t\t\t\t\t\t<div class=\"elementor-button-wrapper\">\n\t\t\t\t\t<a class=\"elementor-button elementor-button-link elementor-size-sm\" href=\"https:\/\/www.facebook.com\/people\/Miet-Transportservice-Ellner\/61551046441101\/\">\n\t\t\t\t\t\t<span class=\"elementor-button-content-wrapper\">\n\t\t\t\t\t\t\t\t\t<span class=\"elementor-button-text\">Facebook<\/span>\n\t\t\t\t\t<\/span>\n\t\t\t\t\t<\/a>\n\t\t\t\t<\/div>\n\t\t\t\t\t\t\t\t<\/div>\n\t\t\t\t<\/div>\n\t\t\t\t<\/div>\n\t\t<div class=\"elementor-element elementor-element-19d8fb2 e-con-full e-flex e-con e-child\" data-id=\"19d8fb2\" data-element_type=\"container\">\n\t\t\t\t<div class=\"elementor-element elementor-element-18a91ab elementor-mobile-align-center elementor-widget elementor-widget-button\" data-id=\"18a91ab\" data-element_type=\"widget\" data-widget_type=\"button.default\">\n\t\t\t\t<div class=\"elementor-widget-container\">\n\t\t\t\t\t\t\t\t\t<div class=\"elementor-button-wrapper\">\n\t\t\t\t\t<a class=\"elementor-button elementor-button-link elementor-size-sm\" href=\"https:\/\/instagram.com\/mietundtransportservice_ellner?igshid=MmVlMjlkMTBhMg%3D%3D&#038;utm_source=qr\">\n\t\t\t\t\t\t<span class=\"elementor-button-content-wrapper\">\n\t\t\t\t\t\t\t\t\t<span class=\"elementor-button-text\">Instagram<\/span>\n\t\t\t\t\t<\/span>\n\t\t\t\t\t<\/a>\n\t\t\t\t<\/div>\n\t\t\t\t\t\t\t\t<\/div>\n\t\t\t\t<\/div>\n\t\t\t\t<\/div>\n\t\t<div class=\"elementor-element elementor-element-39e6fc6 e-con-full e-flex e-con e-child\" data-id=\"39e6fc6\" data-element_type=\"container\">\n\t\t\t\t<div class=\"elementor-element elementor-element-65c71c9 elementor-mobile-align-center elementor-widget elementor-widget-button\" data-id=\"65c71c9\" data-element_type=\"widget\" data-widget_type=\"button.default\">\n\t\t\t\t<div class=\"elementor-widget-container\">\n\t\t\t\t\t\t\t\t\t<div class=\"elementor-button-wrapper\">\n\t\t\t\t\t<a class=\"elementor-button elementor-button-link elementor-size-sm\" href=\"https:\/\/mail.de\/de\/miet-transportservice.ellner@mail.de\">\n\t\t\t\t\t\t<span class=\"elementor-button-content-wrapper\">\n\t\t\t\t\t\t\t\t\t<span class=\"elementor-button-text\">E-Mail<\/span>\n\t\t\t\t\t<\/span>\n\t\t\t\t\t<\/a>\n\t\t\t\t<\/div>\n\t\t\t\t\t\t\t\t<\/div>\n\t\t\t\t<\/div>\n\t\t\t\t<\/div>\n\t\t<div class=\"elementor-element elementor-element-cc7bf7d e-con-full e-flex e-con e-child\" data-id=\"cc7bf7d\" data-element_type=\"container\">\n\t\t\t\t<div class=\"elementor-element elementor-element-c178391 elementor-mobile-align-center elementor-widget elementor-widget-button\" data-id=\"c178391\" data-element_type=\"widget\" data-widget_type=\"button.default\">\n\t\t\t\t<div class=\"elementor-widget-container\">\n\t\t\t\t\t\t\t\t\t<div class=\"elementor-button-wrapper\">\n\t\t\t\t\t<a class=\"elementor-button elementor-button-link elementor-size-sm\" href=\"http:\/\/Wa.me\/+49%201516%204307513\">\n\t\t\t\t\t\t<span class=\"elementor-button-content-wrapper\">\n\t\t\t\t\t\t\t\t\t<span class=\"elementor-button-text\">WhatsApp<\/span>\n\t\t\t\t\t<\/span>\n\t\t\t\t\t<\/a>\n\t\t\t\t<\/div>\n\t\t\t\t\t\t\t\t<\/div>\n\t\t\t\t<\/div>\n\t\t\t\t<\/div>\n\t\t<div class=\"elementor-element elementor-element-4160b57 e-con-full e-flex e-con e-child\" data-id=\"4160b57\" data-element_type=\"container\">\n\t\t\t\t<div class=\"elementor-element elementor-element-a7a2880 elementor-mobile-align-center elementor-widget elementor-widget-button\" data-id=\"a7a2880\" data-element_type=\"widget\" data-widget_type=\"button.default\">\n\t\t\t\t<div class=\"elementor-widget-container\">\n\t\t\t\t\t\t\t\t\t<div class=\"elementor-button-wrapper\">\n\t\t\t\t\t<a class=\"elementor-button elementor-button-link elementor-size-sm\" href=\"https:\/\/www.kleinanzeigen.de\/s-bestandsliste.html?userId=132698944&#038;utm_source=whatsapp&#038;utm_campaign=socialbuttons&#038;utm_medium=social_profil&#038;utm_content=app_ios\">\n\t\t\t\t\t\t<span class=\"elementor-button-content-wrapper\">\n\t\t\t\t\t\t\t\t\t<span class=\"elementor-button-text\">Ebay-Kleinanzeige<\/span>\n\t\t\t\t\t<\/span>\n\t\t\t\t\t<\/a>\n\t\t\t\t<\/div>\n\t\t\t\t\t\t\t\t<\/div>\n\t\t\t\t<\/div>\n\t\t\t\t<\/div>\n\t\t\t\t\t<\/div>\n\t\t\t\t<\/div>\n\t\t\t\t<section class=\"elementor-section elementor-top-section elementor-element elementor-element-59e6648 elementor-section-content-middle elementor-section-boxed elementor-section-height-default elementor-section-height-default\" data-id=\"59e6648\" data-element_type=\"section\" id=\"Kontakt\" data-settings=\"{&quot;background_background&quot;:&quot;classic&quot;}\">\n\t\t\t\t\t\t<div class=\"elementor-container elementor-column-gap-no\">\n\t\t\t\t\t<div class=\"elementor-column elementor-col-100 elementor-top-column elementor-element elementor-element-4cc744b\" data-id=\"4cc744b\" data-element_type=\"column\">\n\t\t\t<div class=\"elementor-widget-wrap elementor-element-populated\">\n\t\t\t\t\t\t<div class=\"elementor-element elementor-element-259b126 elementor-view-stacked elementor-shape-circle elementor-invisible elementor-widget elementor-widget-icon\" data-id=\"259b126\" data-element_type=\"widget\" data-settings=\"{&quot;_animation&quot;:&quot;bounceIn&quot;}\" data-widget_type=\"icon.default\">\n\t\t\t\t<div class=\"elementor-widget-container\">\n\t\t\t\t\t\t\t<div class=\"elementor-icon-wrapper\">\n\t\t\t<div class=\"elementor-icon\">\n\t\t\t<svg aria-hidden=\"true\" class=\"e-font-icon-svg e-fas-phone\" viewBox=\"0 0 512 512\" xmlns=\"http:\/\/www.w3.org\/2000\/svg\"><path d=\"M493.4 24.6l-104-24c-11.3-2.6-22.9 3.3-27.5 13.9l-48 112c-4.2 9.8-1.4 21.3 6.9 28l60.6 49.6c-36 76.7-98.9 140.5-177.2 177.2l-49.6-60.6c-6.8-8.3-18.2-11.1-28-6.9l-112 48C3.9 366.5-2 378.1.6 389.4l24 104C27.1 504.2 36.7 512 48 512c256.1 0 464-207.5 464-464 0-11.2-7.7-20.9-18.6-23.4z\"><\/path><\/svg>\t\t\t<\/div>\n\t\t<\/div>\n\t\t\t\t\t\t<\/div>\n\t\t\t\t<\/div>\n\t\t\t\t<div class=\"elementor-element elementor-element-0256b2d elementor-view-stacked elementor-shape-circle elementor-invisible elementor-widget elementor-widget-icon\" data-id=\"0256b2d\" data-element_type=\"widget\" data-settings=\"{&quot;_animation&quot;:&quot;bounceIn&quot;}\" data-widget_type=\"icon.default\">\n\t\t\t\t<div class=\"elementor-widget-container\">\n\t\t\t\t\t\t\t<div class=\"elementor-icon-wrapper\">\n\t\t\t<a class=\"elementor-icon\" href=\"http:\/\/Wa.me\/+4915164307513\">\n\t\t\t<svg aria-hidden=\"true\" class=\"e-font-icon-svg e-fab-whatsapp\" viewBox=\"0 0 448 512\" xmlns=\"http:\/\/www.w3.org\/2000\/svg\"><path d=\"M380.9 97.1C339 55.1 283.2 32 223.9 32c-122.4 0-222 99.6-222 222 0 39.1 10.2 77.3 29.6 111L0 480l117.7-30.9c32.4 17.7 68.9 27 106.1 27h.1c122.3 0 224.1-99.6 224.1-222 0-59.3-25.2-115-67.1-157zm-157 341.6c-33.2 0-65.7-8.9-94-25.7l-6.7-4-69.8 18.3L72 359.2l-4.4-7c-18.5-29.4-28.2-63.3-28.2-98.2 0-101.7 82.8-184.5 184.6-184.5 49.3 0 95.6 19.2 130.4 54.1 34.8 34.9 56.2 81.2 56.1 130.5 0 101.8-84.9 184.6-186.6 184.6zm101.2-138.2c-5.5-2.8-32.8-16.2-37.9-18-5.1-1.9-8.8-2.8-12.5 2.8-3.7 5.6-14.3 18-17.6 21.8-3.2 3.7-6.5 4.2-12 1.4-32.6-16.3-54-29.1-75.5-66-5.7-9.8 5.7-9.1 16.3-30.3 1.8-3.7.9-6.9-.5-9.7-1.4-2.8-12.5-30.1-17.1-41.2-4.5-10.8-9.1-9.3-12.5-9.5-3.2-.2-6.9-.2-10.6-.2-3.7 0-9.7 1.4-14.8 6.9-5.1 5.6-19.4 19-19.4 46.3 0 27.3 19.9 53.7 22.6 57.4 2.8 3.7 39.1 59.7 94.8 83.8 35.2 15.2 49 16.5 66.6 13.9 10.7-1.6 32.8-13.4 37.4-26.4 4.6-13 4.6-24.1 3.2-26.4-1.3-2.5-5-3.9-10.5-6.6z\"><\/path><\/svg>\t\t\t<\/a>\n\t\t<\/div>\n\t\t\t\t\t\t<\/div>\n\t\t\t\t<\/div>\n\t\t\t\t<div class=\"elementor-element elementor-element-bad7993 elementor-invisible elementor-widget elementor-widget-heading\" data-id=\"bad7993\" data-element_type=\"widget\" data-settings=\"{&quot;_animation&quot;:&quot;bounceIn&quot;}\" data-widget_type=\"heading.default\">\n\t\t\t\t<div class=\"elementor-widget-container\">\n\t\t\t\t\t<h2 class=\"elementor-heading-title elementor-size-default\">0151\/64307513<\/h2>\t\t\t\t<\/div>\n\t\t\t\t<\/div>\n\t\t\t\t<div class=\"elementor-element elementor-element-ca8adee elementor-invisible elementor-widget elementor-widget-image\" data-id=\"ca8adee\" data-element_type=\"widget\" data-settings=\"{&quot;_animation&quot;:&quot;fadeIn&quot;}\" data-widget_type=\"image.default\">\n\t\t\t\t<div class=\"elementor-widget-container\">\n\t\t\t\t\t\t\t\t\t\t\t\t\t\t\t<img decoding=\"async\" width=\"1024\" height=\"1024\" src=\"https:\/\/demietservice.de\/wp-content\/uploads\/2023\/11\/cropped-Zeichenflaeche-1-7-160x160.png\" class=\"attachment-large size-large wp-image-1482\" alt=\"\" srcset=\"https:\/\/demietservice.de\/wp-content\/uploads\/2023\/11\/cropped-Zeichenflaeche-1-7-1024x1024.png 1024w, https:\/\/demietservice.de\/wp-content\/uploads\/2023\/11\/cropped-Zeichenflaeche-1-7-300x300.png 300w, https:\/\/demietservice.de\/wp-content\/uploads\/2023\/11\/cropped-Zeichenflaeche-1-7-150x150.png 150w, https:\/\/demietservice.de\/wp-content\/uploads\/2023\/11\/cropped-Zeichenflaeche-1-7-768x768.png 768w, https:\/\/demietservice.de\/wp-content\/uploads\/2023\/11\/cropped-Zeichenflaeche-1-7-160x160.png 160w, https:\/\/demietservice.de\/wp-content\/uploads\/2023\/11\/cropped-Zeichenflaeche-1-7.png 1080w\" sizes=\"(max-width: 1024px) 100vw, 1024px\" \/>\t\t\t\t\t\t\t\t\t\t\t\t\t\t\t<\/div>\n\t\t\t\t<\/div>\n\t\t\t\t<div class=\"elementor-element elementor-element-be59979 elementor-invisible elementor-widget elementor-widget-heading\" data-id=\"be59979\" data-element_type=\"widget\" data-settings=\"{&quot;_animation&quot;:&quot;fadeIn&quot;}\" data-widget_type=\"heading.default\">\n\t\t\t\t<div class=\"elementor-widget-container\">\n\t\t\t\t\t<h2 class=\"elementor-heading-title elementor-size-default\">MIETSERVICE<\/h2>\t\t\t\t<\/div>\n\t\t\t\t<\/div>\n\t\t\t\t\t<\/div>\n\t\t<\/div>\n\t\t\t\t\t<\/div>\n\t\t<\/section>\n\t\t<div class=\"elementor-element elementor-element-0219638 e-con-full e-flex elementor-invisible e-con e-parent\" data-id=\"0219638\" data-element_type=\"container\" data-settings=\"{&quot;animation&quot;:&quot;fadeIn&quot;,&quot;background_background&quot;:&quot;classic&quot;}\">\n\t\t\t\t<div class=\"elementor-element elementor-element-b5cf2ea elementor-widget elementor-widget-google_maps\" data-id=\"b5cf2ea\" data-element_type=\"widget\" data-widget_type=\"google_maps.default\">\n\t\t\t\t<div class=\"elementor-widget-container\">\n\t\t\t\t\t\t\t<div class=\"elementor-custom-embed\">\n\t\t\t<iframe loading=\"lazy\"\n\t\t\t\t\tsrc=\"https:\/\/maps.google.com\/maps?q=Ringstra%C3%9Fe%2020%2C%2095336%20Mainleus&#038;t=m&#038;z=17&#038;output=embed&#038;iwloc=near\"\n\t\t\t\t\ttitle=\"Ringstra\u00dfe 20, 95336 Mainleus\"\n\t\t\t\t\taria-label=\"Ringstra\u00dfe 20, 95336 Mainleus\"\n\t\t\t><\/iframe>\n\t\t<\/div>\n\t\t\t\t\t\t<\/div>\n\t\t\t\t<\/div>\n\t\t\t\t<\/div>\n\t\t\t\t<\/div>\n\t\t","protected":false},"excerpt":{"rendered":"<p>\u00dcber Uns Mobil: 0151\/64307513 \u00dcber Uns Seit 2023 vermieten wir Anh\u00e4nger &amp; Maschinen im Umfeld von 95336 Mainleus. Sie, als unser Kunde, haben die M\u00f6glichkeit die Ger\u00e4te vor Ort abzuholen. Selbstverst\u00e4ndlich liefern wir die Mietger\u00e4te auf Wunsch, auch direkt zu Ihnen nach Hause oder zum Einsatzort. Wir sind stets darauf bedacht unseren Kunden einwandfreie, saubere &hellip;<\/p>\n<p class=\"read-more\"> <a class=\"\" href=\"https:\/\/demietservice.de\/index.php\/ueber-uns\/\"> <span class=\"screen-reader-text\">\u00dcber Uns<\/span> Weiterlesen &raquo;<\/a><\/p>\n","protected":false},"author":2,"featured_media":0,"parent":0,"menu_order":0,"comment_status":"closed","ping_status":"closed","template":"","meta":{"site-sidebar-layout":"no-sidebar","site-content-layout":"page-builder","ast-site-content-layout":"full-width-container","site-content-style":"unboxed","site-sidebar-style":"unboxed","ast-global-header-display":"","ast-banner-title-visibility":"","ast-main-header-display":"","ast-hfb-above-header-display":"","ast-hfb-below-header-display":"","ast-hfb-mobile-header-display":"","site-post-title":"disabled","ast-breadcrumbs-content":"","ast-featured-img":"disabled","footer-sml-layout":"","theme-transparent-header-meta":"enabled","adv-header-id-meta":"","stick-header-meta":"","header-above-stick-meta":"","header-main-stick-meta":"","header-below-stick-meta":"","astra-migrate-meta-layouts":"set","ast-page-background-enabled":"default","ast-page-background-meta":{"desktop":{"background-color":"","background-image":"","background-repeat":"repeat","background-position":"center center","background-size":"auto","background-attachment":"scroll","background-type":"","background-media":"","overlay-type":"","overlay-color":"","overlay-gradient":""},"tablet":{"background-color":"","background-image":"","background-repeat":"repeat","background-position":"center center","background-size":"auto","background-attachment":"scroll","background-type":"","background-media":"","overlay-type":"","overlay-color":"","overlay-gradient":""},"mobile":{"background-color":"","background-image":"","background-repeat":"repeat","background-position":"center center","background-size":"auto","background-attachment":"scroll","background-type":"","background-media":"","overlay-type":"","overlay-color":"","overlay-gradient":""}},"ast-content-background-meta":{"desktop":{"background-color":"var(--ast-global-color-5)","background-image":"","background-repeat":"repeat","background-position":"center center","background-size":"auto","background-attachment":"scroll","background-type":"","background-media":"","overlay-type":"","overlay-color":"","overlay-gradient":""},"tablet":{"background-color":"var(--ast-global-color-5)","background-image":"","background-repeat":"repeat","background-position":"center center","background-size":"auto","background-attachment":"scroll","background-type":"","background-media":"","overlay-type":"","overlay-color":"","overlay-gradient":""},"mobile":{"background-color":"var(--ast-global-color-5)","background-image":"","background-repeat":"repeat","background-position":"center center","background-size":"auto","background-attachment":"scroll","background-type":"","background-media":"","overlay-type":"","overlay-color":"","overlay-gradient":""}},"_joinchat":[],"footnotes":""},"class_list":["post-1803","page","type-page","status-publish","hentry"],"yoast_head":"<!-- This site is optimized with the Yoast SEO plugin v25.9 - https:\/\/yoast.com\/wordpress\/plugins\/seo\/ -->\n<title>\u00dcber Uns - demietservice - Anh\u00e4ngervermietung<\/title>\n<meta name=\"robots\" content=\"index, follow, max-snippet:-1, max-image-preview:large, max-video-preview:-1\" \/>\n<link rel=\"canonical\" href=\"https:\/\/demietservice.de\/index.php\/ueber-uns\/\" \/>\n<meta property=\"og:locale\" content=\"de_DE\" \/>\n<meta property=\"og:type\" content=\"article\" \/>\n<meta property=\"og:title\" content=\"\u00dcber Uns - demietservice - Anh\u00e4ngervermietung\" \/>\n<meta property=\"og:description\" content=\"\u00dcber Uns Mobil: 0151\/64307513 \u00dcber Uns Seit 2023 vermieten wir Anh\u00e4nger &amp; Maschinen im Umfeld von 95336 Mainleus. Sie, als unser Kunde, haben die M\u00f6glichkeit die Ger\u00e4te vor Ort abzuholen. Selbstverst\u00e4ndlich liefern wir die Mietger\u00e4te auf Wunsch, auch direkt zu Ihnen nach Hause oder zum Einsatzort. Wir sind stets darauf bedacht unseren Kunden einwandfreie, saubere &hellip; \u00dcber Uns Weiterlesen &raquo;\" \/>\n<meta property=\"og:url\" content=\"https:\/\/demietservice.de\/index.php\/ueber-uns\/\" \/>\n<meta property=\"og:site_name\" content=\"demietservice - Anh\u00e4ngervermietung\" \/>\n<meta property=\"article:publisher\" content=\"https:\/\/www.facebook.com\/people\/Miet-Transportservice-Ellner\/61551046441101\/\" \/>\n<meta property=\"article:modified_time\" content=\"2025-11-13T11:48:36+00:00\" \/>\n<meta property=\"og:image\" content=\"https:\/\/demietservice.de\/wp-content\/uploads\/2023\/11\/Zeichenflaeche-1-15-e1700509822883.png\" \/>\n\t<meta property=\"og:image:width\" content=\"1080\" \/>\n\t<meta property=\"og:image:height\" content=\"615\" \/>\n\t<meta property=\"og:image:type\" content=\"image\/png\" \/>\n<meta name=\"twitter:card\" content=\"summary_large_image\" \/>\n<meta name=\"twitter:label1\" content=\"Gesch\u00e4tzte Lesezeit\" \/>\n\t<meta name=\"twitter:data1\" content=\"1\u00a0Minute\" \/>\n<script type=\"application\/ld+json\" class=\"yoast-schema-graph\">{\"@context\":\"https:\/\/schema.org\",\"@graph\":[{\"@type\":\"WebPage\",\"@id\":\"https:\/\/demietservice.de\/index.php\/ueber-uns\/\",\"url\":\"https:\/\/demietservice.de\/index.php\/ueber-uns\/\",\"name\":\"\u00dcber Uns - demietservice - Anh\u00e4ngervermietung\",\"isPartOf\":{\"@id\":\"https:\/\/demietservice.de\/#website\"},\"primaryImageOfPage\":{\"@id\":\"https:\/\/demietservice.de\/index.php\/ueber-uns\/#primaryimage\"},\"image\":{\"@id\":\"https:\/\/demietservice.de\/index.php\/ueber-uns\/#primaryimage\"},\"thumbnailUrl\":\"http:\/\/demietservice.de\/wp-content\/uploads\/2023\/11\/Zeichenflaeche-1-15-e1700509822883-1024x583.png\",\"datePublished\":\"2023-11-21T21:43:41+00:00\",\"dateModified\":\"2025-11-13T11:48:36+00:00\",\"breadcrumb\":{\"@id\":\"https:\/\/demietservice.de\/index.php\/ueber-uns\/#breadcrumb\"},\"inLanguage\":\"de\",\"potentialAction\":[{\"@type\":\"ReadAction\",\"target\":[\"https:\/\/demietservice.de\/index.php\/ueber-uns\/\"]}]},{\"@type\":\"ImageObject\",\"inLanguage\":\"de\",\"@id\":\"https:\/\/demietservice.de\/index.php\/ueber-uns\/#primaryimage\",\"url\":\"https:\/\/demietservice.de\/wp-content\/uploads\/2023\/11\/Zeichenflaeche-1-15-e1700509822883.png\",\"contentUrl\":\"https:\/\/demietservice.de\/wp-content\/uploads\/2023\/11\/Zeichenflaeche-1-15-e1700509822883.png\",\"width\":1080,\"height\":615},{\"@type\":\"BreadcrumbList\",\"@id\":\"https:\/\/demietservice.de\/index.php\/ueber-uns\/#breadcrumb\",\"itemListElement\":[{\"@type\":\"ListItem\",\"position\":1,\"name\":\"Startseite\",\"item\":\"https:\/\/demietservice.de\/\"},{\"@type\":\"ListItem\",\"position\":2,\"name\":\"\u00dcber Uns\"}]},{\"@type\":\"WebSite\",\"@id\":\"https:\/\/demietservice.de\/#website\",\"url\":\"https:\/\/demietservice.de\/\",\"name\":\"demietservice - Anh\u00e4ngervermietung\",\"description\":\"demietservice\",\"publisher\":{\"@id\":\"https:\/\/demietservice.de\/#organization\"},\"alternateName\":\"demietservice\",\"potentialAction\":[{\"@type\":\"SearchAction\",\"target\":{\"@type\":\"EntryPoint\",\"urlTemplate\":\"https:\/\/demietservice.de\/?s={search_term_string}\"},\"query-input\":{\"@type\":\"PropertyValueSpecification\",\"valueRequired\":true,\"valueName\":\"search_term_string\"}}],\"inLanguage\":\"de\"},{\"@type\":\"Organization\",\"@id\":\"https:\/\/demietservice.de\/#organization\",\"name\":\"demietservice - Anh\u00e4ngervermietung\",\"alternateName\":\"demietservice\",\"url\":\"https:\/\/demietservice.de\/\",\"logo\":{\"@type\":\"ImageObject\",\"inLanguage\":\"de\",\"@id\":\"https:\/\/demietservice.de\/#\/schema\/logo\/image\/\",\"url\":\"https:\/\/demietservice.de\/wp-content\/uploads\/2023\/11\/cropped-Zeichenflaeche-1-7.png\",\"contentUrl\":\"https:\/\/demietservice.de\/wp-content\/uploads\/2023\/11\/cropped-Zeichenflaeche-1-7.png\",\"width\":1080,\"height\":1080,\"caption\":\"demietservice - Anh\u00e4ngervermietung\"},\"image\":{\"@id\":\"https:\/\/demietservice.de\/#\/schema\/logo\/image\/\"},\"sameAs\":[\"https:\/\/www.facebook.com\/people\/Miet-Transportservice-Ellner\/61551046441101\/\",\"https:\/\/instagram.com\/mietundtransportservice_ellner?igshid=MmVlMjlkMTBhMg&utm_source=qr\",\"https:\/\/mail.de\/de\/miet-transportservice.ellner@mail.de\",\"https:\/\/www.kleinanzeigen.de\/s-bestandsliste.html?userId=132698944&utm_source=whatsapp&utm_campaign=socialbuttons&utm_medium=social_profil&utm_content=app_ios\"]}]}<\/script>\n<!-- \/ Yoast SEO plugin. -->","yoast_head_json":{"title":"\u00dcber Uns - demietservice - Anh\u00e4ngervermietung","robots":{"index":"index","follow":"follow","max-snippet":"max-snippet:-1","max-image-preview":"max-image-preview:large","max-video-preview":"max-video-preview:-1"},"canonical":"https:\/\/demietservice.de\/index.php\/ueber-uns\/","og_locale":"de_DE","og_type":"article","og_title":"\u00dcber Uns - demietservice - Anh\u00e4ngervermietung","og_description":"\u00dcber Uns Mobil: 0151\/64307513 \u00dcber Uns Seit 2023 vermieten wir Anh\u00e4nger &amp; Maschinen im Umfeld von 95336 Mainleus. Sie, als unser Kunde, haben die M\u00f6glichkeit die Ger\u00e4te vor Ort abzuholen. Selbstverst\u00e4ndlich liefern wir die Mietger\u00e4te auf Wunsch, auch direkt zu Ihnen nach Hause oder zum Einsatzort. Wir sind stets darauf bedacht unseren Kunden einwandfreie, saubere &hellip; \u00dcber Uns Weiterlesen &raquo;","og_url":"https:\/\/demietservice.de\/index.php\/ueber-uns\/","og_site_name":"demietservice - Anh\u00e4ngervermietung","article_publisher":"https:\/\/www.facebook.com\/people\/Miet-Transportservice-Ellner\/61551046441101\/","article_modified_time":"2025-11-13T11:48:36+00:00","og_image":[{"width":1080,"height":615,"url":"https:\/\/demietservice.de\/wp-content\/uploads\/2023\/11\/Zeichenflaeche-1-15-e1700509822883.png","type":"image\/png"}],"twitter_card":"summary_large_image","twitter_misc":{"Gesch\u00e4tzte Lesezeit":"1\u00a0Minute"},"schema":{"@context":"https:\/\/schema.org","@graph":[{"@type":"WebPage","@id":"https:\/\/demietservice.de\/index.php\/ueber-uns\/","url":"https:\/\/demietservice.de\/index.php\/ueber-uns\/","name":"\u00dcber Uns - demietservice - Anh\u00e4ngervermietung","isPartOf":{"@id":"https:\/\/demietservice.de\/#website"},"primaryImageOfPage":{"@id":"https:\/\/demietservice.de\/index.php\/ueber-uns\/#primaryimage"},"image":{"@id":"https:\/\/demietservice.de\/index.php\/ueber-uns\/#primaryimage"},"thumbnailUrl":"http:\/\/demietservice.de\/wp-content\/uploads\/2023\/11\/Zeichenflaeche-1-15-e1700509822883-1024x583.png","datePublished":"2023-11-21T21:43:41+00:00","dateModified":"2025-11-13T11:48:36+00:00","breadcrumb":{"@id":"https:\/\/demietservice.de\/index.php\/ueber-uns\/#breadcrumb"},"inLanguage":"de","potentialAction":[{"@type":"ReadAction","target":["https:\/\/demietservice.de\/index.php\/ueber-uns\/"]}]},{"@type":"ImageObject","inLanguage":"de","@id":"https:\/\/demietservice.de\/index.php\/ueber-uns\/#primaryimage","url":"https:\/\/demietservice.de\/wp-content\/uploads\/2023\/11\/Zeichenflaeche-1-15-e1700509822883.png","contentUrl":"https:\/\/demietservice.de\/wp-content\/uploads\/2023\/11\/Zeichenflaeche-1-15-e1700509822883.png","width":1080,"height":615},{"@type":"BreadcrumbList","@id":"https:\/\/demietservice.de\/index.php\/ueber-uns\/#breadcrumb","itemListElement":[{"@type":"ListItem","position":1,"name":"Startseite","item":"https:\/\/demietservice.de\/"},{"@type":"ListItem","position":2,"name":"\u00dcber Uns"}]},{"@type":"WebSite","@id":"https:\/\/demietservice.de\/#website","url":"https:\/\/demietservice.de\/","name":"demietservice - Anh\u00e4ngervermietung","description":"demietservice","publisher":{"@id":"https:\/\/demietservice.de\/#organization"},"alternateName":"demietservice","potentialAction":[{"@type":"SearchAction","target":{"@type":"EntryPoint","urlTemplate":"https:\/\/demietservice.de\/?s={search_term_string}"},"query-input":{"@type":"PropertyValueSpecification","valueRequired":true,"valueName":"search_term_string"}}],"inLanguage":"de"},{"@type":"Organization","@id":"https:\/\/demietservice.de\/#organization","name":"demietservice - Anh\u00e4ngervermietung","alternateName":"demietservice","url":"https:\/\/demietservice.de\/","logo":{"@type":"ImageObject","inLanguage":"de","@id":"https:\/\/demietservice.de\/#\/schema\/logo\/image\/","url":"https:\/\/demietservice.de\/wp-content\/uploads\/2023\/11\/cropped-Zeichenflaeche-1-7.png","contentUrl":"https:\/\/demietservice.de\/wp-content\/uploads\/2023\/11\/cropped-Zeichenflaeche-1-7.png","width":1080,"height":1080,"caption":"demietservice - Anh\u00e4ngervermietung"},"image":{"@id":"https:\/\/demietservice.de\/#\/schema\/logo\/image\/"},"sameAs":["https:\/\/www.facebook.com\/people\/Miet-Transportservice-Ellner\/61551046441101\/","https:\/\/instagram.com\/mietundtransportservice_ellner?igshid=MmVlMjlkMTBhMg&utm_source=qr","https:\/\/mail.de\/de\/miet-transportservice.ellner@mail.de","https:\/\/www.kleinanzeigen.de\/s-bestandsliste.html?userId=132698944&utm_source=whatsapp&utm_campaign=socialbuttons&utm_medium=social_profil&utm_content=app_ios"]}]}},"_links":{"self":[{"href":"https:\/\/demietservice.de\/index.php\/wp-json\/wp\/v2\/pages\/1803","targetHints":{"allow":["GET"]}}],"collection":[{"href":"https:\/\/demietservice.de\/index.php\/wp-json\/wp\/v2\/pages"}],"about":[{"href":"https:\/\/demietservice.de\/index.php\/wp-json\/wp\/v2\/types\/page"}],"author":[{"embeddable":true,"href":"https:\/\/demietservice.de\/index.php\/wp-json\/wp\/v2\/users\/2"}],"replies":[{"embeddable":true,"href":"https:\/\/demietservice.de\/index.php\/wp-json\/wp\/v2\/comments?post=1803"}],"version-history":[{"count":25,"href":"https:\/\/demietservice.de\/index.php\/wp-json\/wp\/v2\/pages\/1803\/revisions"}],"predecessor-version":[{"id":2826,"href":"https:\/\/demietservice.de\/index.php\/wp-json\/wp\/v2\/pages\/1803\/revisions\/2826"}],"wp:attachment":[{"href":"https:\/\/demietservice.de\/index.php\/wp-json\/wp\/v2\/media?parent=1803"}],"curies":[{"name":"wp","href":"https:\/\/api.w.org\/{rel}","templated":true}]}}